{"id":4781,"date":"2023-10-11T13:39:48","date_gmt":"2023-10-11T11:39:48","guid":{"rendered":"https:\/\/badreljundigallery.com\/?page_id=4781"},"modified":"2023-11-13T11:10:15","modified_gmt":"2023-11-13T10:10:15","slug":"ivan-forcadell","status":"publish","type":"page","link":"https:\/\/badreljundigallery.com\/en\/artistas\/ivan-forcadell\/","title":{"rendered":"Iv\u00e1n Forcadell"},"content":{"rendered":"<div class=\"bm-builder clearfix \"><div id=\"\" class=\"module col-0 module-id-1697024500332 bm-wrap row-top row-left\" data-module-col=\"0\" data-change-color=\"off\" data-backcolor=\"transparent\" data-frontcolor=\"\" data-logocolor=\"\" data-goto-top=\"off\" data-goto-top-spacing=\"0\" data-goto-disable-m=\"off\" data-groupsameheight=\"off\"><div class=\"module-inside group-inside\" style=\"--cornerRadius:0px 0px 0px 0px ; --top-mod: 40px;--bottom-mod: 40px;--top-mod-t: 40px;--bottom-mod-t: 40px;--top-mod-m:20px;--bottom-mod-m:20px;\" ><div id=\"\" class=\"module col-12 module-id-1697024500453 col-offset-0\" data-module-col=\"12\"><div class=\"module-inside text-inside\" style=\"--top-mod: 0px;--bottom-mod: 20px;--top-mod-t: 0px;--bottom-mod-t: 20px;--top-mod-m:0px;--bottom-mod-m:20px;\" ><div class=\"text_block_out\"  data-effect=\"standard\" style=\"\"><div class=\"text_block withbg background_image\"><div class=\"bm-background-img\" style=\"\"><\/div><div class=\"text_block_inn\"><div id=\"text-1697024500453\" class=\"text_block_centered text_block_centered_enable_width\"  style=\"\"><h1 style=\"text-align: center;\">Iv\u00e1n Forcadell<\/h1><\/div><\/div><\/div><\/div><\/div><\/div><div id=\"\" class=\"module col-12 module-id-1697024500527\" data-module-col=\"12\"><div class=\"module-inside text-inside\" style=\"--top-mod: 0px;--bottom-mod: 0px;--top-mod-t: 0px;--bottom-mod-t: 0px;--top-mod-m:0px;--bottom-mod-m:0px;\" ><div class=\"text_block_out\"  data-effect=\"standard\" style=\"\"><div class=\"text_block ux-mod-nobg\"><div class=\"text_block_inn\"><div id=\"text-1697024500527\" class=\"text_block_centered text_block_centered_enable_width\"  style=\"\"><p style=\"text-align: center;\"><strong>Alcanar, Spain. 1993<\/strong><\/p><\/div><\/div><\/div><\/div><\/div><\/div><\/div><\/div><div id=\"\" class=\"module col-8 module-id-1697024500598 bm-wrap row-top row-left bm-wrap-height-auto col-offset-2\" data-module-col=\"8\" data-change-color=\"off\" data-backcolor=\"transparent\" data-frontcolor=\"\" data-logocolor=\"\" data-goto-top=\"off\" data-goto-top-spacing=\"0\" data-goto-disable-m=\"off\" data-groupsameheight=\"off\"><div class=\"module-inside group-inside\" style=\"--cornerRadius:0px 0px 0px 0px ; --top-mod: 0px;--bottom-mod: 80px;--top-mod-t: 0px;--bottom-mod-t: 80px;--top-mod-m:0px;--bottom-mod-m:40px;\" ><div id=\"expo-slider-owl\" class=\"module col-12 module-id-1697024500698\" data-module-col=\"12\"><div class=\"module-inside slider-inside post-0-2198\" style=\"--cornerRadius:0px 0px 0px 0px ; --top-mod: 0px;--bottom-mod: 40px;--top-mod-t: 0px;--bottom-mod-t: 40px;--top-mod-m:0px;--bottom-mod-m:20px;\" ><div class=\"slider-mod-wrap slider-style1 slider-height-auto slide-des-bottom-left slide-arrow-show slide-arrow-show-default \" ><div class=\"slider-arrow-left slider-arrow\"><img loading=\"lazy\" decoding=\"async\" width=\"50\" height=\"43\" src=\"https:\/\/badreljundigallery.com\/wp-content\/uploads\/2023\/08\/arrow-left.png\" class=\"\" alt=\"\" \/><\/div><div class=\"slider-arrow-right slider-arrow\"><img loading=\"lazy\" decoding=\"async\" width=\"50\" height=\"43\" src=\"https:\/\/badreljundigallery.com\/wp-content\/uploads\/2023\/08\/arrow-right.png\" class=\"\" alt=\"\" \/><\/div><div class=\"owl-carousel \" data-item=\"1\" data-mobileitem=\"1\" data-center=\"false\" data-margin=\"0\" data-marginmobile=\"0\" data-autowidth=\"false\" data-slideby=\"1\" data-showdot=\"true\" data-loop=\"true\" data-autoheight=\"true\" data-nav=\"false\" data-mousedrag=\"true\" data-mousewheel=\"false\" data-transition=\"300\" data-auto=\"false\" data-autoplayTimeout=\"5000\" data-autohide=\"false\" data-lazy=\"true\" data-random=\"false\" ><section class=\"item\" data-logocolor=\"default-logo\" data-menucolor=\"default-menu\" data-id=\"post-0-2198\"><div class=\"slide-item-wrap\"><div class=\"slide-item-des\"><div class=\"slide-item-des-wrap\"><\/div><\/div><div class=\"carousel-img-wrap ux-ajax-page-transition-link\" style=\"padding-top: 125%;\"><a href=\"#\" class=\"slider-item-link\" title=\"FOR200-image\" rel=\" \"><img decoding=\"async\" src=\"data:image\/gif;base64,R0lGODlhAQABAIAAAAAAAP\/\/\/yH5BAEAAAAALAAAAAABAAEAAAIBRAA7\" data-src=\"https:\/\/badreljundigallery.com\/wp-content\/uploads\/2023\/09\/FOR200-image.jpeg\" alt=\"\" data-srcset=\"https:\/\/badreljundigallery.com\/wp-content\/uploads\/2023\/09\/FOR200-image.jpeg 1644w, https:\/\/badreljundigallery.com\/wp-content\/uploads\/2023\/09\/FOR200-image-240x300.jpeg 240w, https:\/\/badreljundigallery.com\/wp-content\/uploads\/2023\/09\/FOR200-image-819x1024.jpeg 819w, https:\/\/badreljundigallery.com\/wp-content\/uploads\/2023\/09\/FOR200-image-768x960.jpeg 768w, https:\/\/badreljundigallery.com\/wp-content\/uploads\/2023\/09\/FOR200-image-1229x1536.jpeg 1229w, https:\/\/badreljundigallery.com\/wp-content\/uploads\/2023\/09\/FOR200-image-1638x2048.jpeg 1638w, https:\/\/badreljundigallery.com\/wp-content\/uploads\/2023\/09\/FOR200-image-350x438.jpeg 350w, https:\/\/badreljundigallery.com\/wp-content\/uploads\/2023\/09\/FOR200-image-arttheme-standard-thumb-650x813.jpeg 650w, https:\/\/badreljundigallery.com\/wp-content\/uploads\/2023\/09\/FOR200-image-arttheme-standard-thumb-medium-1000x1250.jpeg 1000w\" data-sizes=\"(max-width: 480px) 320px,(max-width: 767px) 500px,(max-width: 1644px) 100vw, 1644px\" class=\"grid-item-img owl-lazy lazy\" ><\/a><\/div><\/div><\/section><section class=\"item\" data-logocolor=\"default-logo\" data-menucolor=\"default-menu\" data-id=\"post-1-2200\"><div class=\"slide-item-wrap\"><div class=\"slide-item-des\"><div class=\"slide-item-des-wrap\"><\/div><\/div><div class=\"carousel-img-wrap ux-ajax-page-transition-link\" style=\"padding-top: 124.92012779553%;\"><a href=\"#\" class=\"slider-item-link\" title=\"FOR259-image-581&#215;750\" rel=\" \"><img decoding=\"async\" src=\"data:image\/gif;base64,R0lGODlhAQABAIAAAAAAAP\/\/\/yH5BAEAAAAALAAAAAABAAEAAAIBRAA7\" data-src=\"https:\/\/badreljundigallery.com\/wp-content\/uploads\/2023\/09\/FOR259-image-581x750-1.png\" alt=\"\" data-srcset=\"https:\/\/badreljundigallery.com\/wp-content\/uploads\/2023\/09\/FOR259-image-581x750-1.png 626w, https:\/\/badreljundigallery.com\/wp-content\/uploads\/2023\/09\/FOR259-image-581x750-1-240x300.png 240w, https:\/\/badreljundigallery.com\/wp-content\/uploads\/2023\/09\/FOR259-image-581x750-1-350x437.png 350w\" data-sizes=\"(max-width: 480px) 320px,(max-width: 767px) 500px,(max-width: 626px) 100vw, 626px\" class=\"grid-item-img owl-lazy lazy\" ><\/a><\/div><\/div><\/section><section class=\"item\" data-logocolor=\"default-logo\" data-menucolor=\"default-menu\" data-id=\"post-2-2199\"><div class=\"slide-item-wrap\"><div class=\"slide-item-des\"><div class=\"slide-item-des-wrap\"><\/div><\/div><div class=\"carousel-img-wrap ux-ajax-page-transition-link\" style=\"padding-top: 124.92012779553%;\"><a href=\"#\" class=\"slider-item-link\" title=\"FOR203-image-600&#215;679\" rel=\" \"><img decoding=\"async\" src=\"data:image\/gif;base64,R0lGODlhAQABAIAAAAAAAP\/\/\/yH5BAEAAAAALAAAAAABAAEAAAIBRAA7\" data-src=\"https:\/\/badreljundigallery.com\/wp-content\/uploads\/2023\/09\/FOR203-image-600x679-1.png\" alt=\"\" data-srcset=\"https:\/\/badreljundigallery.com\/wp-content\/uploads\/2023\/09\/FOR203-image-600x679-1.png 626w, https:\/\/badreljundigallery.com\/wp-content\/uploads\/2023\/09\/FOR203-image-600x679-1-240x300.png 240w, https:\/\/badreljundigallery.com\/wp-content\/uploads\/2023\/09\/FOR203-image-600x679-1-350x437.png 350w\" data-sizes=\"(max-width: 480px) 320px,(max-width: 767px) 500px,(max-width: 626px) 100vw, 626px\" class=\"grid-item-img owl-lazy lazy\" ><\/a><\/div><\/div><\/section><section class=\"item\" data-logocolor=\"default-logo\" data-menucolor=\"default-menu\" data-id=\"post-3-2197\"><div class=\"slide-item-wrap\"><div class=\"slide-item-des\"><div class=\"slide-item-des-wrap\"><\/div><\/div><div class=\"carousel-img-wrap ux-ajax-page-transition-link\" style=\"padding-top: 124.92012779553%;\"><a href=\"#\" class=\"slider-item-link\" title=\"FOR106-image-500&#215;750\" rel=\" \"><img decoding=\"async\" src=\"data:image\/gif;base64,R0lGODlhAQABAIAAAAAAAP\/\/\/yH5BAEAAAAALAAAAAABAAEAAAIBRAA7\" data-src=\"https:\/\/badreljundigallery.com\/wp-content\/uploads\/2023\/09\/FOR106-image-500x750-1.png\" alt=\"\" data-srcset=\"https:\/\/badreljundigallery.com\/wp-content\/uploads\/2023\/09\/FOR106-image-500x750-1.png 626w, https:\/\/badreljundigallery.com\/wp-content\/uploads\/2023\/09\/FOR106-image-500x750-1-240x300.png 240w, https:\/\/badreljundigallery.com\/wp-content\/uploads\/2023\/09\/FOR106-image-500x750-1-350x437.png 350w\" data-sizes=\"(max-width: 480px) 320px,(max-width: 767px) 500px,(max-width: 626px) 100vw, 626px\" class=\"grid-item-img owl-lazy lazy\" ><\/a><\/div><\/div><\/section><section class=\"item\" data-logocolor=\"default-logo\" data-menucolor=\"default-menu\" data-id=\"post-4-2196\"><div class=\"slide-item-wrap\"><div class=\"slide-item-des\"><div class=\"slide-item-des-wrap\"><\/div><\/div><div class=\"carousel-img-wrap ux-ajax-page-transition-link\" style=\"padding-top: 124.92012779553%;\"><a href=\"#\" class=\"slider-item-link\" title=\"FOR102-image-500&#215;750\" rel=\" \"><img decoding=\"async\" src=\"data:image\/gif;base64,R0lGODlhAQABAIAAAAAAAP\/\/\/yH5BAEAAAAALAAAAAABAAEAAAIBRAA7\" data-src=\"https:\/\/badreljundigallery.com\/wp-content\/uploads\/2023\/09\/FOR102-image-500x750-1.png\" alt=\"\" data-srcset=\"https:\/\/badreljundigallery.com\/wp-content\/uploads\/2023\/09\/FOR102-image-500x750-1.png 626w, https:\/\/badreljundigallery.com\/wp-content\/uploads\/2023\/09\/FOR102-image-500x750-1-240x300.png 240w, https:\/\/badreljundigallery.com\/wp-content\/uploads\/2023\/09\/FOR102-image-500x750-1-350x437.png 350w\" data-sizes=\"(max-width: 480px) 320px,(max-width: 767px) 500px,(max-width: 626px) 100vw, 626px\" class=\"grid-item-img owl-lazy lazy\" ><\/a><\/div><\/div><\/section><section class=\"item\" data-logocolor=\"default-logo\" data-menucolor=\"default-menu\" data-id=\"post-5-2201\"><div class=\"slide-item-wrap\"><div class=\"slide-item-des\"><div class=\"slide-item-des-wrap\"><\/div><\/div><div class=\"carousel-img-wrap ux-ajax-page-transition-link\" style=\"padding-top: 124.92012779553%;\"><a href=\"#\" class=\"slider-item-link\" title=\"manu-con-bodego\u0301n-200&#215;300\" rel=\" \"><img decoding=\"async\" src=\"data:image\/gif;base64,R0lGODlhAQABAIAAAAAAAP\/\/\/yH5BAEAAAAALAAAAAABAAEAAAIBRAA7\" data-src=\"https:\/\/badreljundigallery.com\/wp-content\/uploads\/2023\/09\/manu-con-bodegon-200x300-1.png\" alt=\"\" data-srcset=\"https:\/\/badreljundigallery.com\/wp-content\/uploads\/2023\/09\/manu-con-bodegon-200x300-1.png 626w, https:\/\/badreljundigallery.com\/wp-content\/uploads\/2023\/09\/manu-con-bodegon-200x300-1-240x300.png 240w, https:\/\/badreljundigallery.com\/wp-content\/uploads\/2023\/09\/manu-con-bodegon-200x300-1-350x437.png 350w\" data-sizes=\"(max-width: 480px) 320px,(max-width: 767px) 500px,(max-width: 626px) 100vw, 626px\" class=\"grid-item-img owl-lazy lazy\" ><\/a><\/div><\/div><\/section><section class=\"item\" data-logocolor=\"default-logo\" data-menucolor=\"default-menu\" data-id=\"post-6-2195\"><div class=\"slide-item-wrap\"><div class=\"slide-item-des\"><div class=\"slide-item-des-wrap\"><\/div><\/div><div class=\"carousel-img-wrap ux-ajax-page-transition-link\" style=\"padding-top: 124.92012779553%;\"><a href=\"#\" class=\"slider-item-link\" title=\"12.10.2021.-la-matina-496&#215;750\" rel=\" \"><img decoding=\"async\" src=\"data:image\/gif;base64,R0lGODlhAQABAIAAAAAAAP\/\/\/yH5BAEAAAAALAAAAAABAAEAAAIBRAA7\" data-src=\"https:\/\/badreljundigallery.com\/wp-content\/uploads\/2023\/09\/12.10.2021.-la-matina-496x750-1.png\" alt=\"\" data-srcset=\"https:\/\/badreljundigallery.com\/wp-content\/uploads\/2023\/09\/12.10.2021.-la-matina-496x750-1.png 626w, https:\/\/badreljundigallery.com\/wp-content\/uploads\/2023\/09\/12.10.2021.-la-matina-496x750-1-240x300.png 240w, https:\/\/badreljundigallery.com\/wp-content\/uploads\/2023\/09\/12.10.2021.-la-matina-496x750-1-350x437.png 350w\" data-sizes=\"(max-width: 480px) 320px,(max-width: 767px) 500px,(max-width: 626px) 100vw, 626px\" class=\"grid-item-img owl-lazy lazy\" ><\/a><\/div><\/div><\/section><section class=\"item\" data-logocolor=\"default-logo\" data-menucolor=\"default-menu\" data-id=\"post-7-2202\"><div class=\"slide-item-wrap\"><div class=\"slide-item-des\"><div class=\"slide-item-des-wrap\"><\/div><\/div><div class=\"carousel-img-wrap ux-ajax-page-transition-link\" style=\"padding-top: 124.92012779553%;\"><a href=\"#\" class=\"slider-item-link\" title=\"reposant-a-la-espera-587&#215;750\" rel=\" \"><img decoding=\"async\" src=\"data:image\/gif;base64,R0lGODlhAQABAIAAAAAAAP\/\/\/yH5BAEAAAAALAAAAAABAAEAAAIBRAA7\" data-src=\"https:\/\/badreljundigallery.com\/wp-content\/uploads\/2023\/09\/reposant-a-la-espera-587x750-1.png\" alt=\"\" data-srcset=\"https:\/\/badreljundigallery.com\/wp-content\/uploads\/2023\/09\/reposant-a-la-espera-587x750-1.png 626w, https:\/\/badreljundigallery.com\/wp-content\/uploads\/2023\/09\/reposant-a-la-espera-587x750-1-240x300.png 240w, https:\/\/badreljundigallery.com\/wp-content\/uploads\/2023\/09\/reposant-a-la-espera-587x750-1-350x437.png 350w\" data-sizes=\"(max-width: 480px) 320px,(max-width: 767px) 500px,(max-width: 626px) 100vw, 626px\" class=\"grid-item-img owl-lazy lazy\" ><\/a><\/div><\/div><\/section><\/div><!--End owl --><\/div><\/div><\/div><div id=\"\" class=\"module col-6 module-id-1697024500886 col-offset-1\" data-module-col=\"6\"><div class=\"module-inside text-inside\" style=\"--top-mod: 0px;--bottom-mod: 0px;--top-mod-t: 0px;--bottom-mod-t: 0px;--top-mod-m:0px;--bottom-mod-m:0px;\" ><div class=\"text_block_out\"  data-effect=\"standard\" style=\"\"><div class=\"text_block ux-mod-nobg\"><div class=\"text_block_inn\"><div id=\"text-1697024500886\" class=\"text_block_centered text_block_centered_enable_width\"  style=\"\"><p>Influenced by the avant-garde of modern art, Iv\u00e1n Forcadell (Alcanar, 1993) is a multidisciplinary artist who produces from authenticity and expressionism to create a body of work that refers to his authentic being, his roots and his gaze. The artist intertwines stories of his childhood in the countryside, folklore and irony, approaching these issues with harmony and ease; his characteristic fresh and colorful style is a forceful positioning in favor of art\u2019s ability to impress and an appeal for the constant reinvention of the artist for whom the relationship with his work is the fundamental pillar of his production. Forcadell finds in the importance of nature and human relationships, and how they relate to his own life, the basis of his works. For him, honesty in his series is as important as his originality, carrying out a constant investigation of new techniques and materials while introducing elements of proximity and found objects into his compositions.<\/p>\r\n<p>&nbsp;<\/p>\r\n<p>Forcadell graduated in Design from the EINA University of Barcelona. He has numerous national and international exhibitions, among which are: \u201cFlux Cutting\u201d, Foco Gallery, Lisbon (2019), \u201cThe beginning of the second act\u201d, Llu\u00eds Coromina Foundation, Barcelona (2019), \u201cPrimavera de Escayola\u2019\u2019, Casa de Indias Art Center, El Puerto de Santa Maria (2020) and \u201cUn beso, una ara\u00f1a y una flor ( Letters to L.B.)\u201d, Random Space, Mah\u00f3n (2021). The artist\u2019s work has been included in renowned press such as: Harper\u2019s Bazaar, El Pa\u00eds ICON, Vogue Spain, El Mundo or Architectural Digest Spain, among others.<\/p><\/div><\/div><\/div><\/div><\/div><\/div><div id=\"\" class=\"module col-6 module-id-1697024500955 col-offset-1\" data-module-col=\"6\"><div class=\"module-inside button-inside\" style=\"--top-mod: 40px;--bottom-mod: 0px;--top-mod-t: 40px;--bottom-mod-t: 0px;--top-mod-m:20px;--bottom-mod-m:0px;\" ><div class=\"btn-mod-wrap btn-1697024500955 btn-center btn-center-m ux-horizontal ux-btn-wrap-regular\" style=\"\"><a class=\"ux-btn ux-btn-a-0 ux-cb-btn-1697024500955_0 fadeInM \" style=\"--fontsizeBtn: 24px;--fontsizeBtnT: 20px;--fontsizeBtnM: 20px;--lineHeightBtn: 1.5;--letterSpacingBtn: normal;\" href=\"https:\/\/badreljundigallery.com\/wp-content\/uploads\/2023\/09\/IFORCADELL_CV.pdf\" target=\"_blank\" rel=\" noopener noreferrer \" ><span class=\"ux-btn-text-wrap\"><span class=\"ux-btn-text\">CV<\/span><\/span><\/a><\/div><\/div><\/div><\/div><\/div><div id=\"\" class=\"module col-12 module-id-16970245017 bm-wrap row-top row-left bm-wrap-height-auto\" data-module-col=\"12\" data-change-color=\"off\" data-backcolor=\"transparent\" data-frontcolor=\"\" data-logocolor=\"\" data-goto-top=\"off\" data-goto-top-spacing=\"0\" data-goto-disable-m=\"off\" data-groupsameheight=\"off\"><div class=\"module-inside group-inside\" style=\"--cornerRadius:0px 0px 0px 0px ; --top-mod: 0px;--bottom-mod: 80px;--top-mod-t: 0px;--bottom-mod-t: 80px;--top-mod-m:0px;--bottom-mod-m:40px;\" ><div id=\"\" class=\"module col-12 module-id-169702450199\" data-module-col=\"12\"><div class=\"module-inside text-inside\" style=\"--top-mod: 0px;--bottom-mod: 0px;--top-mod-t: 0px;--bottom-mod-t: 0px;--top-mod-m:0px;--bottom-mod-m:0px;\" ><div class=\"text_block_out\"  data-effect=\"standard\" style=\"\"><div class=\"text_block ux-mod-nobg\"><div class=\"text_block_inn\"><div id=\"text-169702450199\" class=\"text_block_centered text_block_centered_enable_width\"  style=\"\"><h2>Exhibitions<\/h2><\/div><\/div><\/div><\/div><\/div><\/div><div id=\"\" class=\"module col-12 module-id-1697024501163\" data-module-col=\"12\"><div class=\"module-inside grid-inside\" style=\"--cornerRadius:0px 0px 0px 0px ; --top-mod: 20px;--bottom-mod: 0px;--top-mod-t: 20px;--bottom-mod-t: 0px;--top-mod-m:10px;--bottom-mod-m:0px;\" ><div class=\"container-masonry ux-portfolio-3col  ux-portfolio-full  ux-ratio-43  \" data-ratio=\"0.75\" data-col=\"3\" data-found=\"5\" data-number=\"20\" data-mod=\"grid\"><div class=\"masonry-list grid-list clearfix grid-list-1697024501163 grid-list-tit-shown     img-zoom-in  img-fitgird-position-middle  \"  data-unique=\"1697024501163\" data-source=\"ux-portfolio\" data-spaceh=\"15\" data-spacev=\"15\" data-spaceh-m=\"15\" data-spacev-m=\"15\" data-col=\"3\" data-col-m=\"1\"><section class=\"grid-item sea-grid-item filter_2021-en filter_alexander-james-en filter_amirh-fallah-en filter_artworks-a-en filter_ivan-forcadell-en filter_jonni-cheatwood-en filter_lucia-tello-en filter_margaux-henry-thieullent-en filter_matthew-eguavoen-en  \" data-postid=\"4335\" data-tit=\"It\u2019s Not Just A Portrait\"><div class=\"grid-item-inside  \" ><div class=\"brick-content ux-lazyload-wrap  \" style=\" padding-top: 69.692307692308%;\" ><a href=\"https:\/\/badreljundigallery.com\/en\/exposicion\/its-not-just-a-portrait\/\"   class=\"grid-item-mask-link\"><\/a><img decoding=\"async\" class=\"grid-item-img ux-background-img-1st lazy\" src=\"data:image\/gif;base64,R0lGODlhAQABAIAAAAAAAP\/\/\/yH5BAEAAAAALAAAAAABAAEAAAIBRAA7\" data-src=\"https:\/\/badreljundigallery.com\/wp-content\/uploads\/2023\/10\/exhibition-portrait-650x453.jpg\" data-srcset=\"https:\/\/badreljundigallery.com\/wp-content\/uploads\/2023\/10\/exhibition-portrait-arttheme-standard-thumb-650x453.jpg 650w, https:\/\/badreljundigallery.com\/wp-content\/uploads\/2023\/10\/exhibition-portrait-300x209.jpg 300w, https:\/\/badreljundigallery.com\/wp-content\/uploads\/2023\/10\/exhibition-portrait-1024x713.jpg 1024w, https:\/\/badreljundigallery.com\/wp-content\/uploads\/2023\/10\/exhibition-portrait-768x535.jpg 768w, https:\/\/badreljundigallery.com\/wp-content\/uploads\/2023\/10\/exhibition-portrait-350x244.jpg 350w, https:\/\/badreljundigallery.com\/wp-content\/uploads\/2023\/10\/exhibition-portrait-arttheme-standard-thumb-medium-1000x696.jpg 1000w, https:\/\/badreljundigallery.com\/wp-content\/uploads\/2023\/10\/exhibition-portrait.jpg 1456w\" data-sizes=\"(max-width: 480px) 320px,(max-width: 767px) 500px,(max-width: 650px) 100vw, 650px\" alt=\"It\u2019s Not Just A Portrait\"><\/div><div class=\"grid-item-con-text-tit-shown grid-text-left standard-text-padding\"><h2 class=\"grid-item-tit\"><a href=\"https:\/\/badreljundigallery.com\/en\/exposicion\/its-not-just-a-portrait\/\" title=\"It\u2019s Not Just A Portrait\" class=\"grid-item-tit-a\" rel=\" \">It\u2019s Not Just A Portrait<\/a><\/h2><\/div><\/div><\/section><section class=\"grid-item sea-grid-item filter_2022-en filter_artworks-a-en filter_ivan-forcadell-en  \" data-postid=\"4180\" data-tit=\"Talking all Day\"><div class=\"grid-item-inside  \" ><div class=\"brick-content ux-lazyload-wrap  \" style=\" padding-top: 69.692307692308%;\" ><a href=\"https:\/\/badreljundigallery.com\/en\/exposicion\/talking-all-day\/\"   class=\"grid-item-mask-link\"><\/a><img decoding=\"async\" class=\"grid-item-img ux-background-img-1st lazy\" src=\"data:image\/gif;base64,R0lGODlhAQABAIAAAAAAAP\/\/\/yH5BAEAAAAALAAAAAABAAEAAAIBRAA7\" data-src=\"https:\/\/badreljundigallery.com\/wp-content\/uploads\/2023\/09\/talking-all-day-650x453.jpg\" data-srcset=\"https:\/\/badreljundigallery.com\/wp-content\/uploads\/2023\/09\/talking-all-day-arttheme-standard-thumb-650x453.jpg 650w, https:\/\/badreljundigallery.com\/wp-content\/uploads\/2023\/09\/talking-all-day-300x209.jpg 300w, https:\/\/badreljundigallery.com\/wp-content\/uploads\/2023\/09\/talking-all-day-1024x713.jpg 1024w, https:\/\/badreljundigallery.com\/wp-content\/uploads\/2023\/09\/talking-all-day-768x535.jpg 768w, https:\/\/badreljundigallery.com\/wp-content\/uploads\/2023\/09\/talking-all-day-350x244.jpg 350w, https:\/\/badreljundigallery.com\/wp-content\/uploads\/2023\/09\/talking-all-day-arttheme-standard-thumb-medium-1000x696.jpg 1000w, https:\/\/badreljundigallery.com\/wp-content\/uploads\/2023\/09\/talking-all-day-600x418.jpg 600w, https:\/\/badreljundigallery.com\/wp-content\/uploads\/2023\/09\/talking-all-day.jpg 1456w\" data-sizes=\"(max-width: 480px) 320px,(max-width: 767px) 500px,(max-width: 650px) 100vw, 650px\" alt=\"Talking all Day\"><\/div><div class=\"grid-item-con-text-tit-shown grid-text-left standard-text-padding\"><h2 class=\"grid-item-tit\"><a href=\"https:\/\/badreljundigallery.com\/en\/exposicion\/talking-all-day\/\" title=\"Talking all Day\" class=\"grid-item-tit-a\" rel=\" \">Talking all Day<\/a><\/h2><\/div><\/div><\/section><section class=\"grid-item sea-grid-item filter_2022-en filter_artworks-a-en filter_hannah-tilson-en filter_ivan-forcadell-en filter_lucia-tello-en filter_margaux-henry-thieullent-en filter_marilyn-sonneveld-en filter_matthew-eguavoen-en filter_tosin-kalejaye-en  \" data-postid=\"4156\" data-tit=\"One-Size-Fits-All\"><div class=\"grid-item-inside  \" ><div class=\"brick-content ux-lazyload-wrap  \" style=\" padding-top: 69.692307692308%;\" ><a href=\"https:\/\/badreljundigallery.com\/en\/exposicion\/one-size-fits-all\/\"   class=\"grid-item-mask-link\"><\/a><img decoding=\"async\" class=\"grid-item-img ux-background-img-1st lazy\" src=\"data:image\/gif;base64,R0lGODlhAQABAIAAAAAAAP\/\/\/yH5BAEAAAAALAAAAAABAAEAAAIBRAA7\" data-src=\"https:\/\/badreljundigallery.com\/wp-content\/uploads\/2023\/10\/irisbannerprincipalloop-1-650x453.jpg\" data-srcset=\"https:\/\/badreljundigallery.com\/wp-content\/uploads\/2023\/10\/irisbannerprincipalloop-1-arttheme-standard-thumb-650x453.jpg 650w, https:\/\/badreljundigallery.com\/wp-content\/uploads\/2023\/10\/irisbannerprincipalloop-1-300x209.jpg 300w, https:\/\/badreljundigallery.com\/wp-content\/uploads\/2023\/10\/irisbannerprincipalloop-1-1024x713.jpg 1024w, https:\/\/badreljundigallery.com\/wp-content\/uploads\/2023\/10\/irisbannerprincipalloop-1-768x535.jpg 768w, https:\/\/badreljundigallery.com\/wp-content\/uploads\/2023\/10\/irisbannerprincipalloop-1-350x244.jpg 350w, https:\/\/badreljundigallery.com\/wp-content\/uploads\/2023\/10\/irisbannerprincipalloop-1-arttheme-standard-thumb-medium-1000x696.jpg 1000w, https:\/\/badreljundigallery.com\/wp-content\/uploads\/2023\/10\/irisbannerprincipalloop-1.jpg 1456w\" data-sizes=\"(max-width: 480px) 320px,(max-width: 767px) 500px,(max-width: 650px) 100vw, 650px\" alt=\"One-Size-Fits-All\"><\/div><div class=\"grid-item-con-text-tit-shown grid-text-left standard-text-padding\"><h2 class=\"grid-item-tit\"><a href=\"https:\/\/badreljundigallery.com\/en\/exposicion\/one-size-fits-all\/\" title=\"One-Size-Fits-All\" class=\"grid-item-tit-a\" rel=\" \">One-Size-Fits-All<\/a><\/h2><\/div><\/div><\/section><section class=\"grid-item sea-grid-item filter_2022-en filter_artworks-a-en filter_ivan-forcadell-en  \" data-postid=\"4105\" data-tit=\"10542\"><div class=\"grid-item-inside  \" ><div class=\"brick-content ux-lazyload-wrap  \" style=\" padding-top: 69.692307692308%;\" ><a href=\"https:\/\/badreljundigallery.com\/en\/exposicion\/10542\/\"   class=\"grid-item-mask-link\"><\/a><img decoding=\"async\" class=\"grid-item-img ux-background-img-1st lazy\" src=\"data:image\/gif;base64,R0lGODlhAQABAIAAAAAAAP\/\/\/yH5BAEAAAAALAAAAAABAAEAAAIBRAA7\" data-src=\"https:\/\/badreljundigallery.com\/wp-content\/uploads\/2023\/09\/expo10542-650x453.jpg\" data-srcset=\"https:\/\/badreljundigallery.com\/wp-content\/uploads\/2023\/09\/expo10542-arttheme-standard-thumb-650x453.jpg 650w, https:\/\/badreljundigallery.com\/wp-content\/uploads\/2023\/09\/expo10542-300x209.jpg 300w, https:\/\/badreljundigallery.com\/wp-content\/uploads\/2023\/09\/expo10542-1024x713.jpg 1024w, https:\/\/badreljundigallery.com\/wp-content\/uploads\/2023\/09\/expo10542-768x535.jpg 768w, https:\/\/badreljundigallery.com\/wp-content\/uploads\/2023\/09\/expo10542-350x244.jpg 350w, https:\/\/badreljundigallery.com\/wp-content\/uploads\/2023\/09\/expo10542-arttheme-standard-thumb-medium-1000x696.jpg 1000w, https:\/\/badreljundigallery.com\/wp-content\/uploads\/2023\/09\/expo10542-600x418.jpg 600w, https:\/\/badreljundigallery.com\/wp-content\/uploads\/2023\/09\/expo10542.jpg 1456w\" data-sizes=\"(max-width: 480px) 320px,(max-width: 767px) 500px,(max-width: 650px) 100vw, 650px\" alt=\"10542\"><\/div><div class=\"grid-item-con-text-tit-shown grid-text-left standard-text-padding\"><h2 class=\"grid-item-tit\"><a href=\"https:\/\/badreljundigallery.com\/en\/exposicion\/10542\/\" title=\"10542\" class=\"grid-item-tit-a\" rel=\" \">10542<\/a><\/h2><\/div><\/div><\/section><section class=\"grid-item sea-grid-item filter_2023-en filter_artworks-a-en filter_ivan-forcadell-en  \" data-postid=\"3950\" data-tit=\"The last slice\"><div class=\"grid-item-inside  \" ><div class=\"brick-content ux-lazyload-wrap  \" style=\" padding-top: 69.846153846154%;\" ><a href=\"https:\/\/badreljundigallery.com\/en\/exposicion\/the-last-slice\/\"   class=\"grid-item-mask-link\"><\/a><img decoding=\"async\" class=\"grid-item-img ux-background-img-1st lazy\" src=\"data:image\/gif;base64,R0lGODlhAQABAIAAAAAAAP\/\/\/yH5BAEAAAAALAAAAAABAAEAAAIBRAA7\" data-src=\"https:\/\/badreljundigallery.com\/wp-content\/uploads\/2023\/10\/thelastsliceexpo-1024x715-1-650x454.jpg\" data-srcset=\"https:\/\/badreljundigallery.com\/wp-content\/uploads\/2023\/10\/thelastsliceexpo-1024x715-1-arttheme-standard-thumb-650x454.jpg 650w, https:\/\/badreljundigallery.com\/wp-content\/uploads\/2023\/10\/thelastsliceexpo-1024x715-1-300x209.jpg 300w, https:\/\/badreljundigallery.com\/wp-content\/uploads\/2023\/10\/thelastsliceexpo-1024x715-1-768x536.jpg 768w, https:\/\/badreljundigallery.com\/wp-content\/uploads\/2023\/10\/thelastsliceexpo-1024x715-1-350x244.jpg 350w, https:\/\/badreljundigallery.com\/wp-content\/uploads\/2023\/10\/thelastsliceexpo-1024x715-1-arttheme-standard-thumb-medium-1000x698.jpg 1000w, https:\/\/badreljundigallery.com\/wp-content\/uploads\/2023\/10\/thelastsliceexpo-1024x715-1.jpg 1024w\" data-sizes=\"(max-width: 480px) 320px,(max-width: 767px) 500px,(max-width: 650px) 100vw, 650px\" alt=\"The last slice\"><\/div><div class=\"grid-item-con-text-tit-shown grid-text-left standard-text-padding\"><h2 class=\"grid-item-tit\"><a href=\"https:\/\/badreljundigallery.com\/en\/exposicion\/the-last-slice\/\" title=\"The last slice\" class=\"grid-item-tit-a\" rel=\" \">The last slice<\/a><\/h2><\/div><\/div><\/section><\/div><\/div><\/div><\/div><\/div><\/div><div id=\"\" class=\"module col-12 module-id-1697024501529\" data-module-col=\"12\"><div class=\"module-inside text-inside\" style=\"--top-mod: 0px;--bottom-mod: 0px;--top-mod-t: 0px;--bottom-mod-t: 0px;--top-mod-m:0px;--bottom-mod-m:0px;\" ><div class=\"text_block_out\"  data-effect=\"standard\" style=\"\"><div class=\"text_block ux-mod-nobg\"><div class=\"text_block_inn\"><div id=\"text-1697024501529\" class=\"text_block_centered text_block_centered_enable_width\"  style=\"\"><h2>News<\/h2><\/div><\/div><\/div><\/div><\/div><\/div><div id=\"\" class=\"module col-12 module-id-1697024501594\" data-module-col=\"12\"><div class=\"module-inside grid-inside\" style=\"--cornerRadius:0px 0px 0px 0px ; --top-mod: 20px;--bottom-mod: 140px;--top-mod-t: 20px;--bottom-mod-t: 140px;--top-mod-m:10px;--bottom-mod-m:70px;\" ><div class=\"container-masonry ux-portfolio-3col  ux-portfolio-full  ux-ratio-43  \" data-ratio=\"0.75\" data-col=\"3\" data-found=\"5\" data-number=\"20\" data-mod=\"grid\"><div class=\"masonry-list grid-list clearfix grid-list-1697024501594 grid-list-tit-shown     img-zoom-in  img-fitgird-position-middle  \"  data-unique=\"1697024501594\" data-source=\"post\" data-spaceh=\"15\" data-spacev=\"15\" data-spaceh-m=\"15\" data-spacev-m=\"15\" data-col=\"3\" data-col-m=\"1\"><section class=\"grid-item sea-grid-item filter_ivan-forcadell-en filter_news  \" data-postid=\"7050\" data-tit=\"El Coleccionista event with Iv\u00e1n Forcadell\u00a0\"><div class=\"grid-item-inside  \" ><div class=\"ux-lazyload-wrap \" style=\"padding-top: 100%;\" ><a class=\"grid-item-mask-link\"   href=\"https:\/\/badreljundigallery.com\/en\/el-coleccionista-event-with-ivan-forcadell\/\" rel=\" \"><\/a><img decoding=\"async\" class=\"grid-item-img ux-background-img-1st lazy\" src=\"data:image\/gif;base64,R0lGODlhAQABAIAAAAAAAP\/\/\/yH5BAEAAAAALAAAAAABAAEAAAIBRAA7\" data-src=\"https:\/\/badreljundigallery.com\/wp-content\/uploads\/2023\/11\/IMG_0601-650x650.jpeg\" data-srcset=\"https:\/\/badreljundigallery.com\/wp-content\/uploads\/2023\/11\/IMG_0601-arttheme-thumb-11-normal-650x650.jpeg 650w, https:\/\/badreljundigallery.com\/wp-content\/uploads\/2023\/11\/IMG_0601-300x300.jpeg 300w, https:\/\/badreljundigallery.com\/wp-content\/uploads\/2023\/11\/IMG_0601-1024x1024.jpeg 1024w, https:\/\/badreljundigallery.com\/wp-content\/uploads\/2023\/11\/IMG_0601-150x150.jpeg 150w, https:\/\/badreljundigallery.com\/wp-content\/uploads\/2023\/11\/IMG_0601-768x768.jpeg 768w, https:\/\/badreljundigallery.com\/wp-content\/uploads\/2023\/11\/IMG_0601-1536x1536.jpeg 1536w, https:\/\/badreljundigallery.com\/wp-content\/uploads\/2023\/11\/IMG_0601-350x350.jpeg 350w, https:\/\/badreljundigallery.com\/wp-content\/uploads\/2023\/11\/IMG_0601-arttheme-standard-thumb-medium-1000x1000.jpeg 1000w, https:\/\/badreljundigallery.com\/wp-content\/uploads\/2023\/11\/IMG_0601.jpeg 1748w\" data-sizes=\"(max-width: 480px) 320px,(max-width: 767px) 500px,(max-width: 650px) 100vw, 650px\" alt=\"El Coleccionista event with Iv\u00e1n Forcadell\u00a0\"><\/div><div class=\"grid-blog grid-text-left standard-text-padding\"><h2 class=\"grid-item-tit \"><a href=\"https:\/\/badreljundigallery.com\/en\/el-coleccionista-event-with-ivan-forcadell\/\"  class=\"grid-item-tit-a\" title=\"El Coleccionista event with Iv\u00e1n Forcadell\u00a0\" rel=\" \">El Coleccionista event with Iv\u00e1n Forcadell\u00a0<\/a><\/h2><\/div><\/div><\/section><section class=\"grid-item sea-grid-item filter_ivan-forcadell-en filter_news  \" data-postid=\"3750\" data-tit=\"TASCHEN event with Iv\u00e1n Forcadell\"><div class=\"grid-item-inside  \" ><div class=\"ux-lazyload-wrap \" style=\"padding-top: 66.769230769231%;\" ><a class=\"grid-item-mask-link\"   href=\"https:\/\/badreljundigallery.com\/en\/hola-mundo\/\" rel=\" \"><\/a><img decoding=\"async\" class=\"grid-item-img ux-background-img-1st lazy\" src=\"data:image\/gif;base64,R0lGODlhAQABAIAAAAAAAP\/\/\/yH5BAEAAAAALAAAAAABAAEAAAIBRAA7\" data-src=\"https:\/\/badreljundigallery.com\/wp-content\/uploads\/2023\/08\/Screenshot-2ddd023-06-27-at-1.33.54-PM-750x501-1-650x434.jpg\" data-srcset=\"https:\/\/badreljundigallery.com\/wp-content\/uploads\/2023\/08\/Screenshot-2ddd023-06-27-at-1.33.54-PM-750x501-1-arttheme-standard-thumb-650x434.jpg 650w, https:\/\/badreljundigallery.com\/wp-content\/uploads\/2023\/08\/Screenshot-2ddd023-06-27-at-1.33.54-PM-750x501-1-300x200.jpg 300w, https:\/\/badreljundigallery.com\/wp-content\/uploads\/2023\/08\/Screenshot-2ddd023-06-27-at-1.33.54-PM-750x501-1-350x234.jpg 350w, https:\/\/badreljundigallery.com\/wp-content\/uploads\/2023\/08\/Screenshot-2ddd023-06-27-at-1.33.54-PM-750x501-1-600x401.jpg 600w, https:\/\/badreljundigallery.com\/wp-content\/uploads\/2023\/08\/Screenshot-2ddd023-06-27-at-1.33.54-PM-750x501-1.jpg 750w\" data-sizes=\"(max-width: 480px) 320px,(max-width: 767px) 500px,(max-width: 650px) 100vw, 650px\" alt=\"TASCHEN event with Iv\u00e1n Forcadell\"><\/div><div class=\"grid-blog grid-text-left standard-text-padding\"><h2 class=\"grid-item-tit \"><a href=\"https:\/\/badreljundigallery.com\/en\/hola-mundo\/\"  class=\"grid-item-tit-a\" title=\"TASCHEN event with Iv\u00e1n Forcadell\" rel=\" \">TASCHEN event with Iv\u00e1n Forcadell<\/a><\/h2><\/div><\/div><\/section><section class=\"grid-item sea-grid-item filter_ivan-forcadell-en filter_news  \" data-postid=\"4555\" data-tit=\"\u201cLa Coentor\u201d, the first solo show of the artist Iv\u00e1n Forcadell, curated by Gabriel Virgilio Luciani\"><div class=\"grid-item-inside  \" ><div class=\"ux-lazyload-wrap \" style=\"padding-top: 66.769230769231%;\" ><a class=\"grid-item-mask-link\"   href=\"https:\/\/badreljundigallery.com\/en\/la-coentor-primera-gran-exposicion-individual-del-artista-ivan-forcadell-comisariada-por-gabriel-virgilio-luciani\/\" rel=\" \"><\/a><img decoding=\"async\" class=\"grid-item-img ux-background-img-1st lazy\" src=\"data:image\/gif;base64,R0lGODlhAQABAIAAAAAAAP\/\/\/yH5BAEAAAAALAAAAAABAAEAAAIBRAA7\" data-src=\"https:\/\/badreljundigallery.com\/wp-content\/uploads\/2023\/09\/IForcadell_LaCoentor-750x501-1-650x434.jpeg\" data-srcset=\"https:\/\/badreljundigallery.com\/wp-content\/uploads\/2023\/09\/IForcadell_LaCoentor-750x501-1-arttheme-standard-thumb-650x434.jpeg 650w, https:\/\/badreljundigallery.com\/wp-content\/uploads\/2023\/09\/IForcadell_LaCoentor-750x501-1-300x200.jpeg 300w, https:\/\/badreljundigallery.com\/wp-content\/uploads\/2023\/09\/IForcadell_LaCoentor-750x501-1-350x234.jpeg 350w, https:\/\/badreljundigallery.com\/wp-content\/uploads\/2023\/09\/IForcadell_LaCoentor-750x501-1.jpeg 750w\" data-sizes=\"(max-width: 480px) 320px,(max-width: 767px) 500px,(max-width: 650px) 100vw, 650px\" alt=\"\u201cLa Coentor\u201d, the first solo show of the artist Iv\u00e1n Forcadell, curated by Gabriel Virgilio Luciani\"><\/div><div class=\"grid-blog grid-text-left standard-text-padding\"><h2 class=\"grid-item-tit \"><a href=\"https:\/\/badreljundigallery.com\/en\/la-coentor-primera-gran-exposicion-individual-del-artista-ivan-forcadell-comisariada-por-gabriel-virgilio-luciani\/\"  class=\"grid-item-tit-a\" title=\"\u201cLa Coentor\u201d, the first solo show of the artist Iv\u00e1n Forcadell, curated by Gabriel Virgilio Luciani\" rel=\" \">\u201cLa Coentor\u201d, the first solo show of the artist Iv\u00e1n Forcadell, curated by Gabriel Virgilio Luciani<\/a><\/h2><\/div><\/div><\/section><section class=\"grid-item sea-grid-item filter_hannah-knox-en filter_ivan-forcadell-en filter_marilyn-sonneveld-en filter_matthew-eguavoen-en filter_news  \" data-postid=\"4580\" data-tit=\"Badr El Jundi at EXPO CHICAGO 2022\"><div class=\"grid-item-inside  \" ><div class=\"ux-lazyload-wrap \" style=\"padding-top: 60.461538461538%;\" ><a class=\"grid-item-mask-link\"   href=\"https:\/\/badreljundigallery.com\/en\/badr-el-jundi-en-expo-chicago-2022\/\" rel=\" \"><\/a><img decoding=\"async\" class=\"grid-item-img ux-background-img-1st lazy\" src=\"data:image\/gif;base64,R0lGODlhAQABAIAAAAAAAP\/\/\/yH5BAEAAAAALAAAAAABAAEAAAIBRAA7\" data-src=\"https:\/\/badreljundigallery.com\/wp-content\/uploads\/2023\/09\/expo-chicago-2022-badr-750x454-1-650x393.png\" data-srcset=\"https:\/\/badreljundigallery.com\/wp-content\/uploads\/2023\/09\/expo-chicago-2022-badr-750x454-1-arttheme-standard-thumb-650x393.png 650w, https:\/\/badreljundigallery.com\/wp-content\/uploads\/2023\/09\/expo-chicago-2022-badr-750x454-1-300x182.png 300w, https:\/\/badreljundigallery.com\/wp-content\/uploads\/2023\/09\/expo-chicago-2022-badr-750x454-1-350x212.png 350w, https:\/\/badreljundigallery.com\/wp-content\/uploads\/2023\/09\/expo-chicago-2022-badr-750x454-1.png 750w\" data-sizes=\"(max-width: 480px) 320px,(max-width: 767px) 500px,(max-width: 650px) 100vw, 650px\" alt=\"Badr El Jundi at EXPO CHICAGO 2022\"><\/div><div class=\"grid-blog grid-text-left standard-text-padding\"><h2 class=\"grid-item-tit \"><a href=\"https:\/\/badreljundigallery.com\/en\/badr-el-jundi-en-expo-chicago-2022\/\"  class=\"grid-item-tit-a\" title=\"Badr El Jundi at EXPO CHICAGO 2022\" rel=\" \">Badr El Jundi at EXPO CHICAGO 2022<\/a><\/h2><\/div><\/div><\/section><section class=\"grid-item sea-grid-item filter_ivan-forcadell-en filter_margaux-henry-thieullent-en filter_news  \" data-postid=\"4606\" data-tit=\"UVNT Art Fair 2022\"><div class=\"grid-item-inside  \" ><div class=\"ux-lazyload-wrap \" style=\"padding-top: 60.461538461538%;\" ><a class=\"grid-item-mask-link\"   href=\"https:\/\/badreljundigallery.com\/en\/uvnt-art-fair-2022\/\" rel=\" \"><\/a><img decoding=\"async\" class=\"grid-item-img ux-background-img-1st lazy\" src=\"data:image\/gif;base64,R0lGODlhAQABAIAAAAAAAP\/\/\/yH5BAEAAAAALAAAAAABAAEAAAIBRAA7\" data-src=\"https:\/\/badreljundigallery.com\/wp-content\/uploads\/2023\/09\/uvnt-art-fair-2022-750x454-1-650x393.jpeg\" data-srcset=\"https:\/\/badreljundigallery.com\/wp-content\/uploads\/2023\/09\/uvnt-art-fair-2022-750x454-1-arttheme-standard-thumb-650x393.jpeg 650w, https:\/\/badreljundigallery.com\/wp-content\/uploads\/2023\/09\/uvnt-art-fair-2022-750x454-1-300x182.jpeg 300w, https:\/\/badreljundigallery.com\/wp-content\/uploads\/2023\/09\/uvnt-art-fair-2022-750x454-1-350x212.jpeg 350w, https:\/\/badreljundigallery.com\/wp-content\/uploads\/2023\/09\/uvnt-art-fair-2022-750x454-1.jpeg 750w\" data-sizes=\"(max-width: 480px) 320px,(max-width: 767px) 500px,(max-width: 650px) 100vw, 650px\" alt=\"UVNT Art Fair 2022\"><\/div><div class=\"grid-blog grid-text-left standard-text-padding\"><h2 class=\"grid-item-tit \"><a href=\"https:\/\/badreljundigallery.com\/en\/uvnt-art-fair-2022\/\"  class=\"grid-item-tit-a\" title=\"UVNT Art Fair 2022\" rel=\" \">UVNT Art Fair 2022<\/a><\/h2><\/div><\/div><\/section><\/div><\/div><\/div><\/div><div id=\"\" class=\"module col-8 module-id-1697024501954 bm-wrap row-middle row-left bm-wrap-height-auto\" data-module-col=\"8\" data-change-color=\"off\" data-backcolor=\"transparent\" data-frontcolor=\"\" data-logocolor=\"\" data-goto-top=\"off\" data-goto-top-spacing=\"0\" data-goto-disable-m=\"off\" data-groupsameheight=\"off\"><div class=\"module-inside group-inside\" style=\"--top-mod: 0px;--bottom-mod: 60px;--top-mod-t: 0px;--bottom-mod-t: 60px;--top-mod-m:0px;--bottom-mod-m:70px;\" ><div id=\"\" class=\"module col-8 module-id-169702450227\" data-module-col=\"8\"><div class=\"module-inside text-inside\" style=\"--top-mod: 0px;--bottom-mod: 40px;--top-mod-t: 0px;--bottom-mod-t: 40px;--top-mod-m:0px;--bottom-mod-m:20px;\" ><div class=\"text_block_out\"  data-effect=\"standard\" style=\"\"><div class=\"text_block ux-mod-nobg\"><div class=\"text_block_inn\"><div id=\"text-169702450227\" class=\"text_block_centered text_block_centered_enable_width\"  style=\"\"><h3><span style=\"font-size: 4vw;\">Subscribe to receive news about our exhibitions, artists<br>exhibitions, artists and events.&nbsp;<\/span><\/h3><\/div><\/div><\/div><\/div><\/div><\/div><\/div><\/div><\/div>","protected":false},"excerpt":{"rendered":"<p>Iv\u00e1n ForcadellAlcanar, Spain. 1993Influenced by the avant-garde of modern art, &hellip;<\/p>\n","protected":false},"author":1,"featured_media":3226,"parent":3945,"menu_order":0,"comment_status":"closed","ping_status":"closed","template":"","meta":{"inline_featured_image":false,"footnotes":""},"class_list":["post-4781","page","type-page","status-publish","has-post-thumbnail","hentry"],"yoast_head":"<!-- This site is optimized with the Yoast SEO plugin v26.6 - https:\/\/yoast.com\/wordpress\/plugins\/seo\/ -->\n<title>Iv\u00e1n Forcadell - Badr El Jundi | art gallery, Madrid, Espa\u00f1a<\/title>\n<meta name=\"robots\" content=\"index, follow, max-snippet:-1, max-image-preview:large, max-video-preview:-1\" \/>\n<link rel=\"canonical\" href=\"https:\/\/badreljundigallery.com\/en\/artistas\/ivan-forcadell\/\" \/>\n<meta property=\"og:locale\" content=\"en_US\" \/>\n<meta property=\"og:type\" content=\"article\" \/>\n<meta property=\"og:title\" content=\"Iv\u00e1n Forcadell - Badr El Jundi | art gallery, Madrid, Espa\u00f1a\" \/>\n<meta property=\"og:description\" content=\"Iv\u00e1n ForcadellAlcanar, Spain. 1993Influenced by the avant-garde of modern art, &hellip;\" \/>\n<meta property=\"og:url\" content=\"https:\/\/badreljundigallery.com\/en\/artistas\/ivan-forcadell\/\" \/>\n<meta property=\"og:site_name\" content=\"Badr El Jundi | art gallery, Madrid, Espa\u00f1a\" \/>\n<meta property=\"article:modified_time\" content=\"2023-11-13T10:10:15+00:00\" \/>\n<meta property=\"og:image\" content=\"https:\/\/badreljundigallery.com\/wp-content\/uploads\/2023\/09\/Ivan-Forcadell-Latitud-Francia-y-una-reunion-2023.jpg\" \/>\n\t<meta property=\"og:image:width\" content=\"813\" \/>\n\t<meta property=\"og:image:height\" content=\"1024\" \/>\n\t<meta property=\"og:image:type\" content=\"image\/jpeg\" \/>\n<meta name=\"twitter:card\" content=\"summary_large_image\" \/>\n<script type=\"application\/ld+json\" class=\"yoast-schema-graph\">{\"@context\":\"https:\/\/schema.org\",\"@graph\":[{\"@type\":\"WebPage\",\"@id\":\"https:\/\/badreljundigallery.com\/en\/artistas\/ivan-forcadell\/\",\"url\":\"https:\/\/badreljundigallery.com\/en\/artistas\/ivan-forcadell\/\",\"name\":\"Iv\u00e1n Forcadell - Badr El Jundi | art gallery, Madrid, Espa\u00f1a\",\"isPartOf\":{\"@id\":\"https:\/\/badreljundigallery.com\/en\/#website\"},\"primaryImageOfPage\":{\"@id\":\"https:\/\/badreljundigallery.com\/en\/artistas\/ivan-forcadell\/#primaryimage\"},\"image\":{\"@id\":\"https:\/\/badreljundigallery.com\/en\/artistas\/ivan-forcadell\/#primaryimage\"},\"thumbnailUrl\":\"https:\/\/badreljundigallery.com\/wp-content\/uploads\/2023\/09\/Ivan-Forcadell-Latitud-Francia-y-una-reunion-2023.jpg\",\"datePublished\":\"2023-10-11T11:39:48+00:00\",\"dateModified\":\"2023-11-13T10:10:15+00:00\",\"breadcrumb\":{\"@id\":\"https:\/\/badreljundigallery.com\/en\/artistas\/ivan-forcadell\/#breadcrumb\"},\"inLanguage\":\"en-US\",\"potentialAction\":[{\"@type\":\"ReadAction\",\"target\":[\"https:\/\/badreljundigallery.com\/en\/artistas\/ivan-forcadell\/\"]}]},{\"@type\":\"ImageObject\",\"inLanguage\":\"en-US\",\"@id\":\"https:\/\/badreljundigallery.com\/en\/artistas\/ivan-forcadell\/#primaryimage\",\"url\":\"https:\/\/badreljundigallery.com\/wp-content\/uploads\/2023\/09\/Ivan-Forcadell-Latitud-Francia-y-una-reunion-2023.jpg\",\"contentUrl\":\"https:\/\/badreljundigallery.com\/wp-content\/uploads\/2023\/09\/Ivan-Forcadell-Latitud-Francia-y-una-reunion-2023.jpg\",\"width\":813,\"height\":1024},{\"@type\":\"BreadcrumbList\",\"@id\":\"https:\/\/badreljundigallery.com\/en\/artistas\/ivan-forcadell\/#breadcrumb\",\"itemListElement\":[{\"@type\":\"ListItem\",\"position\":1,\"name\":\"Front page\",\"item\":\"https:\/\/badreljundigallery.com\/en\/\"},{\"@type\":\"ListItem\",\"position\":2,\"name\":\"Artists\",\"item\":\"https:\/\/badreljundigallery.com\/en\/artistas\/\"},{\"@type\":\"ListItem\",\"position\":3,\"name\":\"Iv\u00e1n Forcadell\"}]},{\"@type\":\"WebSite\",\"@id\":\"https:\/\/badreljundigallery.com\/en\/#website\",\"url\":\"https:\/\/badreljundigallery.com\/en\/\",\"name\":\"Badr El Jundi | art gallery, Madrid, Espa\u00f1a\",\"description\":\"Badr El Jundi | art gallery, Madrid, Espa\u00f1a\",\"potentialAction\":[{\"@type\":\"SearchAction\",\"target\":{\"@type\":\"EntryPoint\",\"urlTemplate\":\"https:\/\/badreljundigallery.com\/en\/?s={search_term_string}\"},\"query-input\":{\"@type\":\"PropertyValueSpecification\",\"valueRequired\":true,\"valueName\":\"search_term_string\"}}],\"inLanguage\":\"en-US\"}]}<\/script>\n<!-- \/ Yoast SEO plugin. -->","yoast_head_json":{"title":"Iv\u00e1n Forcadell - Badr El Jundi | art gallery, Madrid, Espa\u00f1a","robots":{"index":"index","follow":"follow","max-snippet":"max-snippet:-1","max-image-preview":"max-image-preview:large","max-video-preview":"max-video-preview:-1"},"canonical":"https:\/\/badreljundigallery.com\/en\/artistas\/ivan-forcadell\/","og_locale":"en_US","og_type":"article","og_title":"Iv\u00e1n Forcadell - Badr El Jundi | art gallery, Madrid, Espa\u00f1a","og_description":"Iv\u00e1n ForcadellAlcanar, Spain. 1993Influenced by the avant-garde of modern art, &hellip;","og_url":"https:\/\/badreljundigallery.com\/en\/artistas\/ivan-forcadell\/","og_site_name":"Badr El Jundi | art gallery, Madrid, Espa\u00f1a","article_modified_time":"2023-11-13T10:10:15+00:00","og_image":[{"width":813,"height":1024,"url":"https:\/\/badreljundigallery.com\/wp-content\/uploads\/2023\/09\/Ivan-Forcadell-Latitud-Francia-y-una-reunion-2023.jpg","type":"image\/jpeg"}],"twitter_card":"summary_large_image","schema":{"@context":"https:\/\/schema.org","@graph":[{"@type":"WebPage","@id":"https:\/\/badreljundigallery.com\/en\/artistas\/ivan-forcadell\/","url":"https:\/\/badreljundigallery.com\/en\/artistas\/ivan-forcadell\/","name":"Iv\u00e1n Forcadell - Badr El Jundi | art gallery, Madrid, Espa\u00f1a","isPartOf":{"@id":"https:\/\/badreljundigallery.com\/en\/#website"},"primaryImageOfPage":{"@id":"https:\/\/badreljundigallery.com\/en\/artistas\/ivan-forcadell\/#primaryimage"},"image":{"@id":"https:\/\/badreljundigallery.com\/en\/artistas\/ivan-forcadell\/#primaryimage"},"thumbnailUrl":"https:\/\/badreljundigallery.com\/wp-content\/uploads\/2023\/09\/Ivan-Forcadell-Latitud-Francia-y-una-reunion-2023.jpg","datePublished":"2023-10-11T11:39:48+00:00","dateModified":"2023-11-13T10:10:15+00:00","breadcrumb":{"@id":"https:\/\/badreljundigallery.com\/en\/artistas\/ivan-forcadell\/#breadcrumb"},"inLanguage":"en-US","potentialAction":[{"@type":"ReadAction","target":["https:\/\/badreljundigallery.com\/en\/artistas\/ivan-forcadell\/"]}]},{"@type":"ImageObject","inLanguage":"en-US","@id":"https:\/\/badreljundigallery.com\/en\/artistas\/ivan-forcadell\/#primaryimage","url":"https:\/\/badreljundigallery.com\/wp-content\/uploads\/2023\/09\/Ivan-Forcadell-Latitud-Francia-y-una-reunion-2023.jpg","contentUrl":"https:\/\/badreljundigallery.com\/wp-content\/uploads\/2023\/09\/Ivan-Forcadell-Latitud-Francia-y-una-reunion-2023.jpg","width":813,"height":1024},{"@type":"BreadcrumbList","@id":"https:\/\/badreljundigallery.com\/en\/artistas\/ivan-forcadell\/#breadcrumb","itemListElement":[{"@type":"ListItem","position":1,"name":"Front page","item":"https:\/\/badreljundigallery.com\/en\/"},{"@type":"ListItem","position":2,"name":"Artists","item":"https:\/\/badreljundigallery.com\/en\/artistas\/"},{"@type":"ListItem","position":3,"name":"Iv\u00e1n Forcadell"}]},{"@type":"WebSite","@id":"https:\/\/badreljundigallery.com\/en\/#website","url":"https:\/\/badreljundigallery.com\/en\/","name":"Badr El Jundi | art gallery, Madrid, Espa\u00f1a","description":"Badr El Jundi | art gallery, Madrid, Espa\u00f1a","potentialAction":[{"@type":"SearchAction","target":{"@type":"EntryPoint","urlTemplate":"https:\/\/badreljundigallery.com\/en\/?s={search_term_string}"},"query-input":{"@type":"PropertyValueSpecification","valueRequired":true,"valueName":"search_term_string"}}],"inLanguage":"en-US"}]}},"_links":{"self":[{"href":"https:\/\/badreljundigallery.com\/en\/wp-json\/wp\/v2\/pages\/4781","targetHints":{"allow":["GET"]}}],"collection":[{"href":"https:\/\/badreljundigallery.com\/en\/wp-json\/wp\/v2\/pages"}],"about":[{"href":"https:\/\/badreljundigallery.com\/en\/wp-json\/wp\/v2\/types\/page"}],"author":[{"embeddable":true,"href":"https:\/\/badreljundigallery.com\/en\/wp-json\/wp\/v2\/users\/1"}],"replies":[{"embeddable":true,"href":"https:\/\/badreljundigallery.com\/en\/wp-json\/wp\/v2\/comments?post=4781"}],"version-history":[{"count":3,"href":"https:\/\/badreljundigallery.com\/en\/wp-json\/wp\/v2\/pages\/4781\/revisions"}],"predecessor-version":[{"id":6642,"href":"https:\/\/badreljundigallery.com\/en\/wp-json\/wp\/v2\/pages\/4781\/revisions\/6642"}],"up":[{"embeddable":true,"href":"https:\/\/badreljundigallery.com\/en\/wp-json\/wp\/v2\/pages\/3945"}],"wp:featuredmedia":[{"embeddable":true,"href":"https:\/\/badreljundigallery.com\/en\/wp-json\/wp\/v2\/media\/3226"}],"wp:attachment":[{"href":"https:\/\/badreljundigallery.com\/en\/wp-json\/wp\/v2\/media?parent=4781"}],"curies":[{"name":"wp","href":"https:\/\/api.w.org\/{rel}","templated":true}]}}