{"id":4105,"date":"2023-10-09T14:38:10","date_gmt":"2023-10-09T12:38:10","guid":{"rendered":"https:\/\/badreljundigallery.com\/?post_type=ux-portfolio&#038;p=4105"},"modified":"2023-10-19T13:56:30","modified_gmt":"2023-10-19T11:56:30","slug":"10542","status":"publish","type":"ux-portfolio","link":"https:\/\/badreljundigallery.com\/en\/exposicion\/10542\/","title":{"rendered":"10542"},"content":{"rendered":"<div class=\"bm-builder clearfix \"><div id=\"\" class=\"module col-12 module-id-169685519060 bm-wrap row-top row-left bm-wrap-height-auto\" data-module-col=\"12\" data-change-color=\"off\" data-backcolor=\"transparent\" data-frontcolor=\"\" data-logocolor=\"\" data-goto-top=\"off\" data-goto-top-spacing=\"0\" data-goto-disable-m=\"off\" data-groupsameheight=\"off\"><div class=\"module-inside group-inside\" style=\"--top-mod: 40px;--bottom-mod: 40px;--top-mod-t: 40px;--bottom-mod-t: 40px;--top-mod-m:20px;--bottom-mod-m:20px;\" ><div id=\"\" class=\"module col-12 module-id-1696855190134\" data-module-col=\"12\"><div class=\"module-inside text-inside\" style=\"--top-mod: 0px;--bottom-mod: 0px;--top-mod-t: 0px;--bottom-mod-t: 0px;--top-mod-m:0px;--bottom-mod-m:0px;\" ><div class=\"text_block_out\"  data-effect=\"standard\" style=\"\"><div class=\"text_block ux-mod-nobg\"><div class=\"text_block_inn\"><div id=\"text-1696855190134\" class=\"text_block_centered text_block_centered_enable_width\"  style=\"\"><h1 style=\"text-align: center;\">10542<\/h1><\/div><\/div><\/div><\/div><\/div><\/div><div id=\"\" class=\"module col-12 module-id-1696855190201 col-offset-0\" data-module-col=\"12\"><div class=\"module-inside text-inside\" style=\"--top-mod: 0px;--bottom-mod: 0px;--top-mod-t: 0px;--bottom-mod-t: 0px;--top-mod-m:0px;--bottom-mod-m:0px;\" ><div class=\"text_block_out\"  data-effect=\"standard\" style=\"\"><div class=\"text_block ux-mod-nobg\"><div class=\"text_block_inn\"><div id=\"text-1696855190201\" class=\"text_block_centered text_block_centered_enable_width\"  style=\"\"><p style=\"text-align: center;\">November 3rd 2022 \u2013 December 5th 2022<\/p><\/div><\/div><\/div><\/div><\/div><\/div><\/div><\/div><div id=\"\" class=\"module col-8 module-id-1696855190268 bm-wrap row-top row-left bm-wrap-height-auto col-offset-2\" data-module-col=\"8\" data-change-color=\"off\" data-backcolor=\"transparent\" data-frontcolor=\"\" data-logocolor=\"\" data-goto-top=\"off\" data-goto-top-spacing=\"0\" data-goto-disable-m=\"off\" data-groupsameheight=\"off\"><div class=\"module-inside group-inside\" style=\"--cornerRadius:0px 0px 0px 0px ; --top-mod: 0px;--bottom-mod: 100px;--top-mod-t: 0px;--bottom-mod-t: 100px;--top-mod-m:0px;--bottom-mod-m:50px;\" ><div id=\"expo-slider-owl\" class=\"module col-12 module-id-1696855190370\" data-module-col=\"12\"><div class=\"module-inside slider-inside post-0-1446\" style=\"--cornerRadius:0px 0px 0px 0px ; --top-mod: 0px;--bottom-mod: 0px;--top-mod-t: 0px;--bottom-mod-t: 0px;--top-mod-m:0px;--bottom-mod-m:0px;\" ><div class=\"slider-mod-wrap slider-style1 slider-height-auto slide-des-bottom-left slide-arrow-show slide-arrow-show-default \" ><div class=\"slider-arrow-left slider-arrow\"><img loading=\"lazy\" decoding=\"async\" width=\"50\" height=\"43\" src=\"https:\/\/badreljundigallery.com\/wp-content\/uploads\/2023\/08\/arrow-left.png\" class=\"\" alt=\"\" \/><\/div><div class=\"slider-arrow-right slider-arrow\"><img loading=\"lazy\" decoding=\"async\" width=\"50\" height=\"43\" src=\"https:\/\/badreljundigallery.com\/wp-content\/uploads\/2023\/08\/arrow-right.png\" class=\"\" alt=\"\" \/><\/div><div class=\"owl-carousel \" data-item=\"1\" data-mobileitem=\"1\" data-center=\"false\" data-margin=\"0\" data-marginmobile=\"0\" data-autowidth=\"false\" data-slideby=\"1\" data-showdot=\"true\" data-loop=\"true\" data-autoheight=\"true\" data-nav=\"false\" data-mousedrag=\"true\" data-mousewheel=\"false\" data-transition=\"300\" data-auto=\"false\" data-autoplayTimeout=\"5000\" data-autohide=\"false\" data-lazy=\"true\" data-random=\"false\" ><section class=\"item\" data-logocolor=\"default-logo\" data-menucolor=\"default-menu\" data-id=\"post-0-1446\"><div class=\"slide-item-wrap\"><div class=\"slide-item-des\"><div class=\"slide-item-des-wrap\"><\/div><\/div><div class=\"carousel-img-wrap ux-ajax-page-transition-link\" style=\"padding-top: 66.6796875%;\"><a href=\"#\" class=\"slider-item-link\" title=\"IvanForcadell_BadrElJundi_PaulaCaballero_DSC09577_V2-scaled\" rel=\" \"><img decoding=\"async\" src=\"data:image\/gif;base64,R0lGODlhAQABAIAAAAAAAP\/\/\/yH5BAEAAAAALAAAAAABAAEAAAIBRAA7\" data-src=\"https:\/\/badreljundigallery.com\/wp-content\/uploads\/2023\/09\/IvanForcadell_BadrElJundi_PaulaCaballero_DSC09577_V2-scaled-1.jpg\" alt=\"\" data-srcset=\"https:\/\/badreljundigallery.com\/wp-content\/uploads\/2023\/09\/IvanForcadell_BadrElJundi_PaulaCaballero_DSC09577_V2-scaled-1.jpg 2560w, https:\/\/badreljundigallery.com\/wp-content\/uploads\/2023\/09\/IvanForcadell_BadrElJundi_PaulaCaballero_DSC09577_V2-scaled-1-300x200.jpg 300w, https:\/\/badreljundigallery.com\/wp-content\/uploads\/2023\/09\/IvanForcadell_BadrElJundi_PaulaCaballero_DSC09577_V2-scaled-1-1024x683.jpg 1024w, https:\/\/badreljundigallery.com\/wp-content\/uploads\/2023\/09\/IvanForcadell_BadrElJundi_PaulaCaballero_DSC09577_V2-scaled-1-768x512.jpg 768w, https:\/\/badreljundigallery.com\/wp-content\/uploads\/2023\/09\/IvanForcadell_BadrElJundi_PaulaCaballero_DSC09577_V2-scaled-1-1536x1024.jpg 1536w, https:\/\/badreljundigallery.com\/wp-content\/uploads\/2023\/09\/IvanForcadell_BadrElJundi_PaulaCaballero_DSC09577_V2-scaled-1-2048x1366.jpg 2048w, https:\/\/badreljundigallery.com\/wp-content\/uploads\/2023\/09\/IvanForcadell_BadrElJundi_PaulaCaballero_DSC09577_V2-scaled-1-350x233.jpg 350w, https:\/\/badreljundigallery.com\/wp-content\/uploads\/2023\/09\/IvanForcadell_BadrElJundi_PaulaCaballero_DSC09577_V2-scaled-1-650x433.jpg 650w, https:\/\/badreljundigallery.com\/wp-content\/uploads\/2023\/09\/IvanForcadell_BadrElJundi_PaulaCaballero_DSC09577_V2-scaled-1-1000x667.jpg 1000w, https:\/\/badreljundigallery.com\/wp-content\/uploads\/2023\/09\/IvanForcadell_BadrElJundi_PaulaCaballero_DSC09577_V2-scaled-1-2000x1334.jpg 2000w, https:\/\/badreljundigallery.com\/wp-content\/uploads\/2023\/09\/IvanForcadell_BadrElJundi_PaulaCaballero_DSC09577_V2-scaled-1-600x400.jpg 600w\" data-sizes=\"(max-width: 480px) 320px,(max-width: 767px) 500px,(max-width: 2560px) 100vw, 2560px\" class=\"grid-item-img owl-lazy lazy\" ><\/a><\/div><\/div><\/section><section class=\"item\" data-logocolor=\"default-logo\" data-menucolor=\"default-menu\" data-id=\"post-1-1447\"><div class=\"slide-item-wrap\"><div class=\"slide-item-des\"><div class=\"slide-item-des-wrap\"><\/div><\/div><div class=\"carousel-img-wrap ux-ajax-page-transition-link\" style=\"padding-top: 66.6796875%;\"><a href=\"#\" class=\"slider-item-link\" title=\"IvanForcadell_BadrElJundi_PaulaCaballero_021122_DSC09574-scaled\" rel=\" \"><img decoding=\"async\" src=\"data:image\/gif;base64,R0lGODlhAQABAIAAAAAAAP\/\/\/yH5BAEAAAAALAAAAAABAAEAAAIBRAA7\" data-src=\"https:\/\/badreljundigallery.com\/wp-content\/uploads\/2023\/09\/IvanForcadell_BadrElJundi_PaulaCaballero_021122_DSC09574-scaled-1.jpg\" alt=\"\" data-srcset=\"https:\/\/badreljundigallery.com\/wp-content\/uploads\/2023\/09\/IvanForcadell_BadrElJundi_PaulaCaballero_021122_DSC09574-scaled-1.jpg 2560w, https:\/\/badreljundigallery.com\/wp-content\/uploads\/2023\/09\/IvanForcadell_BadrElJundi_PaulaCaballero_021122_DSC09574-scaled-1-300x200.jpg 300w, https:\/\/badreljundigallery.com\/wp-content\/uploads\/2023\/09\/IvanForcadell_BadrElJundi_PaulaCaballero_021122_DSC09574-scaled-1-1024x683.jpg 1024w, https:\/\/badreljundigallery.com\/wp-content\/uploads\/2023\/09\/IvanForcadell_BadrElJundi_PaulaCaballero_021122_DSC09574-scaled-1-768x512.jpg 768w, https:\/\/badreljundigallery.com\/wp-content\/uploads\/2023\/09\/IvanForcadell_BadrElJundi_PaulaCaballero_021122_DSC09574-scaled-1-1536x1024.jpg 1536w, https:\/\/badreljundigallery.com\/wp-content\/uploads\/2023\/09\/IvanForcadell_BadrElJundi_PaulaCaballero_021122_DSC09574-scaled-1-2048x1366.jpg 2048w, https:\/\/badreljundigallery.com\/wp-content\/uploads\/2023\/09\/IvanForcadell_BadrElJundi_PaulaCaballero_021122_DSC09574-scaled-1-350x233.jpg 350w, https:\/\/badreljundigallery.com\/wp-content\/uploads\/2023\/09\/IvanForcadell_BadrElJundi_PaulaCaballero_021122_DSC09574-scaled-1-650x433.jpg 650w, https:\/\/badreljundigallery.com\/wp-content\/uploads\/2023\/09\/IvanForcadell_BadrElJundi_PaulaCaballero_021122_DSC09574-scaled-1-1000x667.jpg 1000w, https:\/\/badreljundigallery.com\/wp-content\/uploads\/2023\/09\/IvanForcadell_BadrElJundi_PaulaCaballero_021122_DSC09574-scaled-1-2000x1334.jpg 2000w, https:\/\/badreljundigallery.com\/wp-content\/uploads\/2023\/09\/IvanForcadell_BadrElJundi_PaulaCaballero_021122_DSC09574-scaled-1-600x400.jpg 600w\" data-sizes=\"(max-width: 480px) 320px,(max-width: 767px) 500px,(max-width: 2560px) 100vw, 2560px\" class=\"grid-item-img owl-lazy lazy\" ><\/a><\/div><\/div><\/section><section class=\"item\" data-logocolor=\"default-logo\" data-menucolor=\"default-menu\" data-id=\"post-2-1448\"><div class=\"slide-item-wrap\"><div class=\"slide-item-des\"><div class=\"slide-item-des-wrap\"><\/div><\/div><div class=\"carousel-img-wrap ux-ajax-page-transition-link\" style=\"padding-top: 149.97070884593%;\"><a href=\"#\" class=\"slider-item-link\" title=\"IvanForcadell_BadrElJundi_PaulaCaballero_DSC09578_V2-scaled\" rel=\" \"><img decoding=\"async\" src=\"data:image\/gif;base64,R0lGODlhAQABAIAAAAAAAP\/\/\/yH5BAEAAAAALAAAAAABAAEAAAIBRAA7\" data-src=\"https:\/\/badreljundigallery.com\/wp-content\/uploads\/2023\/09\/IvanForcadell_BadrElJundi_PaulaCaballero_DSC09578_V2-scaled-1.jpg\" alt=\"\" data-srcset=\"https:\/\/badreljundigallery.com\/wp-content\/uploads\/2023\/09\/IvanForcadell_BadrElJundi_PaulaCaballero_DSC09578_V2-scaled-1.jpg 1707w, https:\/\/badreljundigallery.com\/wp-content\/uploads\/2023\/09\/IvanForcadell_BadrElJundi_PaulaCaballero_DSC09578_V2-scaled-1-200x300.jpg 200w, https:\/\/badreljundigallery.com\/wp-content\/uploads\/2023\/09\/IvanForcadell_BadrElJundi_PaulaCaballero_DSC09578_V2-scaled-1-683x1024.jpg 683w, https:\/\/badreljundigallery.com\/wp-content\/uploads\/2023\/09\/IvanForcadell_BadrElJundi_PaulaCaballero_DSC09578_V2-scaled-1-768x1152.jpg 768w, https:\/\/badreljundigallery.com\/wp-content\/uploads\/2023\/09\/IvanForcadell_BadrElJundi_PaulaCaballero_DSC09578_V2-scaled-1-1024x1536.jpg 1024w, https:\/\/badreljundigallery.com\/wp-content\/uploads\/2023\/09\/IvanForcadell_BadrElJundi_PaulaCaballero_DSC09578_V2-scaled-1-1366x2048.jpg 1366w, https:\/\/badreljundigallery.com\/wp-content\/uploads\/2023\/09\/IvanForcadell_BadrElJundi_PaulaCaballero_DSC09578_V2-scaled-1-350x525.jpg 350w, https:\/\/badreljundigallery.com\/wp-content\/uploads\/2023\/09\/IvanForcadell_BadrElJundi_PaulaCaballero_DSC09578_V2-scaled-1-650x975.jpg 650w, https:\/\/badreljundigallery.com\/wp-content\/uploads\/2023\/09\/IvanForcadell_BadrElJundi_PaulaCaballero_DSC09578_V2-scaled-1-1000x1500.jpg 1000w, https:\/\/badreljundigallery.com\/wp-content\/uploads\/2023\/09\/IvanForcadell_BadrElJundi_PaulaCaballero_DSC09578_V2-scaled-1-600x900.jpg 600w\" data-sizes=\"(max-width: 480px) 320px,(max-width: 767px) 500px,(max-width: 1707px) 100vw, 1707px\" class=\"grid-item-img owl-lazy lazy\" ><\/a><\/div><\/div><\/section><\/div><!--End owl --><\/div><\/div><\/div><\/div><\/div><div id=\"expo-thumbnails\" class=\"module col-12 module-id-1696855190607 bm-wrap row-top row-left bm-wrap-height-auto col-offset-0\" data-module-col=\"12\" data-change-color=\"off\" data-backcolor=\"transparent\" data-frontcolor=\"\" data-logocolor=\"\" data-goto-top=\"off\" data-goto-top-spacing=\"0\" data-goto-disable-m=\"off\" data-groupsameheight=\"off\"><div class=\"module-inside group-inside\" style=\"--cornerRadius:0px 0px 0px 0px ; --top-mod: 0px;--bottom-mod: 139px;--top-mod-t: 0px;--bottom-mod-t: 140px;--top-mod-m:0px;--bottom-mod-m:70px;\" ><div id=\"\" class=\"module col-3 module-id-1696855190732\" data-module-col=\"3\"><div class=\"module-inside single-image-inside\" style=\"--cornerRadius:0px 0px 0px 0px ; --top-mod: 0px;--bottom-mod: 0px;--top-mod-t: 0px;--bottom-mod-t: 0px;--top-mod-m:0px;--bottom-mod-m:0px;\" ><div class=\"single-image-out  \"  ><figure class=\"single-image   single-image-full   \" no><div class=\"ux-hover-wrap anima-wrap\" style=\"padding-top: 154.44947209653%;\"><span class=\"ux-hover-wrap-a\"><img loading=\"lazy\" decoding=\"async\" alt=\"Iv\u00e1n Forcadell, Me, 1, 2022\" class=\"single-image-img img1st lazy \" src=\"data:image\/gif;base64,R0lGODlhAQABAIAAAAAAAP\/\/\/yH5BAEAAAAALAAAAAABAAEAAAIBRAA7\" data-src=\"https:\/\/badreljundigallery.com\/wp-content\/uploads\/2023\/09\/b9271b386b0567920716052496c6fd1aj-663x1024-1.jpeg\" data-srcset=\"https:\/\/badreljundigallery.com\/wp-content\/uploads\/2023\/09\/b9271b386b0567920716052496c6fd1aj-663x1024-1.jpeg 663w, https:\/\/badreljundigallery.com\/wp-content\/uploads\/2023\/09\/b9271b386b0567920716052496c6fd1aj-663x1024-1-194x300.jpeg 194w, https:\/\/badreljundigallery.com\/wp-content\/uploads\/2023\/09\/b9271b386b0567920716052496c6fd1aj-663x1024-1-350x541.jpeg 350w, https:\/\/badreljundigallery.com\/wp-content\/uploads\/2023\/09\/b9271b386b0567920716052496c6fd1aj-663x1024-1-650x1004.jpeg 650w, https:\/\/badreljundigallery.com\/wp-content\/uploads\/2023\/09\/b9271b386b0567920716052496c6fd1aj-663x1024-1-600x927.jpeg 600w\" data-sizes=\"(max-width: 480px) 320px,(max-width: 767px) 500px,(max-width: 663px) 100vw, 663px\" width=\"663\" height=\"1024\" \/><\/span><\/div><figcaption class=\"single-image-caption left-ux\"><div class=\"single-image-caption-cap\" style=\"font-family: ux-font-1692705694965, Times Roman, times, serif; --fontsizeCap: 20px;--fontsizeCapT: 20px;--fontsizeCapM: 18px;--lineHeightCap: 1.25;--letterSpacingCap: normal;--colorCap: #000000;--topSpaceCap: 10px;--topSpaceCapM: 10px;\">Iv\u00e1n Forcadell, Me, 1, 2022<\/div><div class=\"single-image-caption-des\" style=\"--fontsizeCapDes: 14px;--fontsizeCapDesT: 16px;--fontsizeCapDesM: 14px;--lineHeightCapDes: 1.5;--letterSpacingCapDes: normal;--colorCapDes: #000000;--topSpaceCapDes: 10px;\">Mixed media\r\n130 x 190 cm<\/div><\/figcaption><\/figure><\/div><\/div><\/div><div id=\"\" class=\"module col-3 module-id-1696855190868\" data-module-col=\"3\"><div class=\"module-inside single-image-inside\" style=\"--cornerRadius:0px 0px 0px 0px ; --top-mod: 0px;--bottom-mod: 40px;--top-mod-t: 0px;--bottom-mod-t: 40px;--top-mod-m:0px;--bottom-mod-m:20px;\" ><div class=\"single-image-out  \"  ><figure class=\"single-image   single-image-full   \" no><div class=\"ux-hover-wrap anima-wrap\" style=\"padding-top: 151.47928994083%;\"><span class=\"ux-hover-wrap-a\"><img loading=\"lazy\" decoding=\"async\" alt=\"Iv\u00e1n Forcadell, Brujo I, 2022\" class=\"single-image-img img1st lazy \" src=\"data:image\/gif;base64,R0lGODlhAQABAIAAAAAAAP\/\/\/yH5BAEAAAAALAAAAAABAAEAAAIBRAA7\" data-src=\"https:\/\/badreljundigallery.com\/wp-content\/uploads\/2023\/09\/44362ae9776431cab78b777b5407bf8cj-scaled.jpeg\" data-srcset=\"https:\/\/badreljundigallery.com\/wp-content\/uploads\/2023\/09\/44362ae9776431cab78b777b5407bf8cj-scaled.jpeg 1690w, https:\/\/badreljundigallery.com\/wp-content\/uploads\/2023\/09\/44362ae9776431cab78b777b5407bf8cj-198x300.jpeg 198w, https:\/\/badreljundigallery.com\/wp-content\/uploads\/2023\/09\/44362ae9776431cab78b777b5407bf8cj-676x1024.jpeg 676w, https:\/\/badreljundigallery.com\/wp-content\/uploads\/2023\/09\/44362ae9776431cab78b777b5407bf8cj-768x1163.jpeg 768w, https:\/\/badreljundigallery.com\/wp-content\/uploads\/2023\/09\/44362ae9776431cab78b777b5407bf8cj-1014x1536.jpeg 1014w, https:\/\/badreljundigallery.com\/wp-content\/uploads\/2023\/09\/44362ae9776431cab78b777b5407bf8cj-1352x2048.jpeg 1352w, https:\/\/badreljundigallery.com\/wp-content\/uploads\/2023\/09\/44362ae9776431cab78b777b5407bf8cj-350x530.jpeg 350w, https:\/\/badreljundigallery.com\/wp-content\/uploads\/2023\/09\/44362ae9776431cab78b777b5407bf8cj-650x984.jpeg 650w, https:\/\/badreljundigallery.com\/wp-content\/uploads\/2023\/09\/44362ae9776431cab78b777b5407bf8cj-1000x1515.jpeg 1000w, https:\/\/badreljundigallery.com\/wp-content\/uploads\/2023\/09\/44362ae9776431cab78b777b5407bf8cj-2000x3029.jpeg 2000w, https:\/\/badreljundigallery.com\/wp-content\/uploads\/2023\/09\/44362ae9776431cab78b777b5407bf8cj-600x909.jpeg 600w\" data-sizes=\"(max-width: 480px) 320px,(max-width: 767px) 500px,(max-width: 1690px) 100vw, 1690px\" width=\"1690\" height=\"2560\" \/><\/span><\/div><figcaption class=\"single-image-caption left-ux\"><div class=\"single-image-caption-cap\" style=\"font-family: ux-font-1692705694965, Times Roman, times, serif; --fontsizeCap: 20px;--fontsizeCapT: 20px;--fontsizeCapM: 18px;--lineHeightCap: 1.25;--letterSpacingCap: normal;--colorCap: #000000;--topSpaceCap: 10px;--topSpaceCapM: 10px;\">Iv\u00e1n Forcadell, Brujo I, 2022<\/div><div class=\"single-image-caption-des\" style=\"--fontsizeCapDes: 14px;--fontsizeCapDesT: 16px;--fontsizeCapDesM: 14px;--lineHeightCapDes: 1.5;--letterSpacingCapDes: normal;--colorCapDes: #000000;--topSpaceCapDes: 10px;\">Mixed media\r\n130 x 190 cm<\/div><\/figcaption><\/figure><\/div><\/div><\/div><div id=\"\" class=\"module col-3 module-id-16968551917\" data-module-col=\"3\"><div class=\"module-inside single-image-inside\" style=\"--cornerRadius:0px 0px 0px 0px ; --top-mod: 0px;--bottom-mod: 0px;--top-mod-t: 0px;--bottom-mod-t: 0px;--top-mod-m:0px;--bottom-mod-m:0px;\" ><div class=\"single-image-out  \"  ><figure class=\"single-image   single-image-full   \" no><div class=\"ux-hover-wrap anima-wrap\" style=\"padding-top: 154.44947209653%;\"><span class=\"ux-hover-wrap-a\"><img loading=\"lazy\" decoding=\"async\" alt=\"Iv\u00e1n Forcadell, Tibur\u00f3n \u2013 yo, 2022\" class=\"single-image-img img1st lazy \" src=\"data:image\/gif;base64,R0lGODlhAQABAIAAAAAAAP\/\/\/yH5BAEAAAAALAAAAAABAAEAAAIBRAA7\" data-src=\"https:\/\/badreljundigallery.com\/wp-content\/uploads\/2023\/09\/45aba966aa15abac2ca29e2350e4af7b-663x1024-1.jpeg\" data-srcset=\"https:\/\/badreljundigallery.com\/wp-content\/uploads\/2023\/09\/45aba966aa15abac2ca29e2350e4af7b-663x1024-1.jpeg 663w, https:\/\/badreljundigallery.com\/wp-content\/uploads\/2023\/09\/45aba966aa15abac2ca29e2350e4af7b-663x1024-1-194x300.jpeg 194w, https:\/\/badreljundigallery.com\/wp-content\/uploads\/2023\/09\/45aba966aa15abac2ca29e2350e4af7b-663x1024-1-350x541.jpeg 350w, https:\/\/badreljundigallery.com\/wp-content\/uploads\/2023\/09\/45aba966aa15abac2ca29e2350e4af7b-663x1024-1-650x1004.jpeg 650w, https:\/\/badreljundigallery.com\/wp-content\/uploads\/2023\/09\/45aba966aa15abac2ca29e2350e4af7b-663x1024-1-600x927.jpeg 600w\" data-sizes=\"(max-width: 480px) 320px,(max-width: 767px) 500px,(max-width: 663px) 100vw, 663px\" width=\"663\" height=\"1024\" \/><\/span><\/div><figcaption class=\"single-image-caption left-ux\"><div class=\"single-image-caption-cap\" style=\"font-family: ux-font-1692705694965, Times Roman, times, serif; --fontsizeCap: 20px;--fontsizeCapT: 20px;--fontsizeCapM: 18px;--lineHeightCap: 1.25;--letterSpacingCap: normal;--colorCap: #000000;--topSpaceCap: 10px;--topSpaceCapM: 10px;\">Iv\u00e1n Forcadell, Tibur\u00f3n \u2013 yo, 2022<\/div><div class=\"single-image-caption-des\" style=\"--fontsizeCapDes: 14px;--fontsizeCapDesT: 16px;--fontsizeCapDesM: 14px;--lineHeightCapDes: 1.5;--letterSpacingCapDes: normal;--colorCapDes: #000000;--topSpaceCapDes: 10px;\">Mixed media\r\n130 x 190 cm<\/div><\/figcaption><\/figure><\/div><\/div><\/div><div id=\"\" class=\"module col-3 module-id-1696855191143\" data-module-col=\"3\"><div class=\"module-inside single-image-inside\" style=\"--cornerRadius:0px 0px 0px 0px ; --top-mod: 0px;--bottom-mod: 0px;--top-mod-t: 0px;--bottom-mod-t: 0px;--top-mod-m:0px;--bottom-mod-m:0px;\" ><div class=\"single-image-out  \"  ><figure class=\"single-image   single-image-full   \" no><div class=\"ux-hover-wrap anima-wrap\" style=\"padding-top: 102.09371884347%;\"><span class=\"ux-hover-wrap-a\"><img loading=\"lazy\" decoding=\"async\" alt=\"Iv\u00e1n Forcadell, Paisaje interior, 2022\" class=\"single-image-img img1st lazy \" src=\"data:image\/gif;base64,R0lGODlhAQABAIAAAAAAAP\/\/\/yH5BAEAAAAALAAAAAABAAEAAAIBRAA7\" data-src=\"https:\/\/badreljundigallery.com\/wp-content\/uploads\/2023\/09\/0df9fc38a4ec41b33f5c6929fe009e0cj-1003x1024-1.jpeg\" data-srcset=\"https:\/\/badreljundigallery.com\/wp-content\/uploads\/2023\/09\/0df9fc38a4ec41b33f5c6929fe009e0cj-1003x1024-1.jpeg 1003w, https:\/\/badreljundigallery.com\/wp-content\/uploads\/2023\/09\/0df9fc38a4ec41b33f5c6929fe009e0cj-1003x1024-1-294x300.jpeg 294w, https:\/\/badreljundigallery.com\/wp-content\/uploads\/2023\/09\/0df9fc38a4ec41b33f5c6929fe009e0cj-1003x1024-1-768x784.jpeg 768w, https:\/\/badreljundigallery.com\/wp-content\/uploads\/2023\/09\/0df9fc38a4ec41b33f5c6929fe009e0cj-1003x1024-1-350x357.jpeg 350w, https:\/\/badreljundigallery.com\/wp-content\/uploads\/2023\/09\/0df9fc38a4ec41b33f5c6929fe009e0cj-1003x1024-1-650x664.jpeg 650w, https:\/\/badreljundigallery.com\/wp-content\/uploads\/2023\/09\/0df9fc38a4ec41b33f5c6929fe009e0cj-1003x1024-1-1000x1021.jpeg 1000w, https:\/\/badreljundigallery.com\/wp-content\/uploads\/2023\/09\/0df9fc38a4ec41b33f5c6929fe009e0cj-1003x1024-1-600x613.jpeg 600w\" data-sizes=\"(max-width: 480px) 320px,(max-width: 767px) 500px,(max-width: 1003px) 100vw, 1003px\" width=\"1003\" height=\"1024\" \/><\/span><\/div><figcaption class=\"single-image-caption left-ux\"><div class=\"single-image-caption-cap\" style=\"font-family: ux-font-1692705694965, Times Roman, times, serif; --fontsizeCap: 20px;--fontsizeCapT: 20px;--fontsizeCapM: 18px;--lineHeightCap: 1.25;--letterSpacingCap: normal;--colorCap: #000000;--topSpaceCap: 10px;--topSpaceCapM: 10px;\">Iv\u00e1n Forcadell, Paisaje interior, 2022<\/div><div class=\"single-image-caption-des\" style=\"--fontsizeCapDes: 14px;--fontsizeCapDesT: 16px;--fontsizeCapDesM: 14px;--lineHeightCapDes: 1.5;--letterSpacingCapDes: normal;--colorCapDes: #000000;--topSpaceCapDes: 10px;\">Mixed media\r\n200 x 200 cm<\/div><\/figcaption><\/figure><\/div><\/div><\/div><div id=\"\" class=\"module col-3 module-id-1696855191279\" data-module-col=\"3\"><div class=\"module-inside single-image-inside\" style=\"--cornerRadius:0px 0px 0px 0px ; --top-mod: 0px;--bottom-mod: 0px;--top-mod-t: 0px;--bottom-mod-t: 0px;--top-mod-m:0px;--bottom-mod-m:0px;\" ><div class=\"single-image-out  \"  ><figure class=\"single-image   single-image-full   \" no><div class=\"ux-hover-wrap anima-wrap\" style=\"padding-top: 129.8308559713%;\"><span class=\"ux-hover-wrap-a\"><img loading=\"lazy\" decoding=\"async\" alt=\"Iv\u00e1n Forcadell_\u00bfSer\u00e9 un payaso?_ 2022\" class=\"single-image-img img1st lazy \" src=\"data:image\/gif;base64,R0lGODlhAQABAIAAAAAAAP\/\/\/yH5BAEAAAAALAAAAAABAAEAAAIBRAA7\" data-src=\"https:\/\/badreljundigallery.com\/wp-content\/uploads\/2023\/09\/2db0d136e081df50f45f0489e663a993.jpeg\" data-srcset=\"https:\/\/badreljundigallery.com\/wp-content\/uploads\/2023\/09\/2db0d136e081df50f45f0489e663a993.jpeg 1951w, https:\/\/badreljundigallery.com\/wp-content\/uploads\/2023\/09\/2db0d136e081df50f45f0489e663a993-231x300.jpeg 231w, https:\/\/badreljundigallery.com\/wp-content\/uploads\/2023\/09\/2db0d136e081df50f45f0489e663a993-789x1024.jpeg 789w, https:\/\/badreljundigallery.com\/wp-content\/uploads\/2023\/09\/2db0d136e081df50f45f0489e663a993-768x997.jpeg 768w, https:\/\/badreljundigallery.com\/wp-content\/uploads\/2023\/09\/2db0d136e081df50f45f0489e663a993-1183x1536.jpeg 1183w, https:\/\/badreljundigallery.com\/wp-content\/uploads\/2023\/09\/2db0d136e081df50f45f0489e663a993-1577x2048.jpeg 1577w, https:\/\/badreljundigallery.com\/wp-content\/uploads\/2023\/09\/2db0d136e081df50f45f0489e663a993-350x454.jpeg 350w, https:\/\/badreljundigallery.com\/wp-content\/uploads\/2023\/09\/2db0d136e081df50f45f0489e663a993-650x844.jpeg 650w, https:\/\/badreljundigallery.com\/wp-content\/uploads\/2023\/09\/2db0d136e081df50f45f0489e663a993-1000x1298.jpeg 1000w, https:\/\/badreljundigallery.com\/wp-content\/uploads\/2023\/09\/2db0d136e081df50f45f0489e663a993-600x779.jpeg 600w\" data-sizes=\"(max-width: 480px) 320px,(max-width: 767px) 500px,(max-width: 1951px) 100vw, 1951px\" width=\"1951\" height=\"2533\" \/><\/span><\/div><figcaption class=\"single-image-caption left-ux\"><div class=\"single-image-caption-cap\" style=\"font-family: ux-font-1692705694965, Times Roman, times, serif; --fontsizeCap: 20px;--fontsizeCapT: 20px;--fontsizeCapM: 18px;--lineHeightCap: 1.25;--letterSpacingCap: normal;--colorCap: #000000;--topSpaceCap: 10px;--topSpaceCapM: 10px;\">Iv\u00e1n Forcadell_\u00bfSer\u00e9 un payaso?_ 2022<\/div><div class=\"single-image-caption-des\" style=\"--fontsizeCapDes: 14px;--fontsizeCapDesT: 16px;--fontsizeCapDesM: 14px;--lineHeightCapDes: 1.5;--letterSpacingCapDes: normal;--colorCapDes: #000000;--topSpaceCapDes: 10px;\">Mixed media\r\n130 x 97 cm<\/div><\/figcaption><\/figure><\/div><\/div><\/div><div id=\"\" class=\"module col-3 module-id-1696855191417\" data-module-col=\"3\"><div class=\"module-inside single-image-inside\" style=\"--cornerRadius:0px 0px 0px 0px ; --top-mod: 0px;--bottom-mod: 0px;--top-mod-t: 0px;--bottom-mod-t: 0px;--top-mod-m:0px;--bottom-mod-m:0px;\" ><div class=\"single-image-out  \"  ><figure class=\"single-image   single-image-full   \" no><div class=\"ux-hover-wrap anima-wrap\" style=\"padding-top: 124.57420924574%;\"><span class=\"ux-hover-wrap-a\"><img loading=\"lazy\" decoding=\"async\" alt=\"Iv\u00e1n Forcadell, Erizo-de-mar-(yo-verano), 2022\" class=\"single-image-img img1st lazy \" src=\"data:image\/gif;base64,R0lGODlhAQABAIAAAAAAAP\/\/\/yH5BAEAAAAALAAAAAABAAEAAAIBRAA7\" data-src=\"https:\/\/badreljundigallery.com\/wp-content\/uploads\/2023\/09\/Erizo-de-mar-yo-verano.jpeg\" data-srcset=\"https:\/\/badreljundigallery.com\/wp-content\/uploads\/2023\/09\/Erizo-de-mar-yo-verano.jpeg 822w, https:\/\/badreljundigallery.com\/wp-content\/uploads\/2023\/09\/Erizo-de-mar-yo-verano-241x300.jpeg 241w, https:\/\/badreljundigallery.com\/wp-content\/uploads\/2023\/09\/Erizo-de-mar-yo-verano-768x957.jpeg 768w, https:\/\/badreljundigallery.com\/wp-content\/uploads\/2023\/09\/Erizo-de-mar-yo-verano-350x436.jpeg 350w, https:\/\/badreljundigallery.com\/wp-content\/uploads\/2023\/09\/Erizo-de-mar-yo-verano-650x810.jpeg 650w, https:\/\/badreljundigallery.com\/wp-content\/uploads\/2023\/09\/Erizo-de-mar-yo-verano-600x747.jpeg 600w\" data-sizes=\"(max-width: 480px) 320px,(max-width: 767px) 500px,(max-width: 822px) 100vw, 822px\" width=\"822\" height=\"1024\" \/><\/span><\/div><figcaption class=\"single-image-caption left-ux\"><div class=\"single-image-caption-cap\" style=\"font-family: ux-font-1692705694965, Times Roman, times, serif; --fontsizeCap: 20px;--fontsizeCapT: 20px;--fontsizeCapM: 18px;--lineHeightCap: 1.25;--letterSpacingCap: normal;--colorCap: #000000;--topSpaceCap: 10px;--topSpaceCapM: 10px;\">Iv\u00e1n Forcadell, Erizo-de-mar-(yo-verano), 2022<\/div><div class=\"single-image-caption-des\" style=\"--fontsizeCapDes: 14px;--fontsizeCapDesT: 16px;--fontsizeCapDesM: 14px;--lineHeightCapDes: 1.5;--letterSpacingCapDes: normal;--colorCapDes: #000000;--topSpaceCapDes: 10px;\">Mixed media\r\n81.5 x 100 cm<\/div><\/figcaption><\/figure><\/div><\/div><\/div><div id=\"\" class=\"module col-3 module-id-1696855191536\" data-module-col=\"3\"><div class=\"module-inside single-image-inside\" style=\"--cornerRadius:0px 0px 0px 0px ; --top-mod: 0px;--bottom-mod: 0px;--top-mod-t: 0px;--bottom-mod-t: 0px;--top-mod-m:0px;--bottom-mod-m:0px;\" ><div class=\"single-image-out  \"  ><figure class=\"single-image   single-image-full   \" no><div class=\"ux-hover-wrap anima-wrap\" style=\"padding-top: 123.3734939759%;\"><span class=\"ux-hover-wrap-a\"><img loading=\"lazy\" decoding=\"async\" alt=\"La cara Girada\" class=\"single-image-img img1st lazy \" src=\"data:image\/gif;base64,R0lGODlhAQABAIAAAAAAAP\/\/\/yH5BAEAAAAALAAAAAABAAEAAAIBRAA7\" data-src=\"https:\/\/badreljundigallery.com\/wp-content\/uploads\/2023\/09\/La-cara-Girada.jpeg\" data-srcset=\"https:\/\/badreljundigallery.com\/wp-content\/uploads\/2023\/09\/La-cara-Girada.jpeg 830w, https:\/\/badreljundigallery.com\/wp-content\/uploads\/2023\/09\/La-cara-Girada-243x300.jpeg 243w, https:\/\/badreljundigallery.com\/wp-content\/uploads\/2023\/09\/La-cara-Girada-768x948.jpeg 768w, https:\/\/badreljundigallery.com\/wp-content\/uploads\/2023\/09\/La-cara-Girada-350x432.jpeg 350w, https:\/\/badreljundigallery.com\/wp-content\/uploads\/2023\/09\/La-cara-Girada-650x802.jpeg 650w, https:\/\/badreljundigallery.com\/wp-content\/uploads\/2023\/09\/La-cara-Girada-600x740.jpeg 600w\" data-sizes=\"(max-width: 480px) 320px,(max-width: 767px) 500px,(max-width: 830px) 100vw, 830px\" width=\"830\" height=\"1024\" \/><\/span><\/div><figcaption class=\"single-image-caption left-ux\"><div class=\"single-image-caption-cap\" style=\"font-family: ux-font-1692705694965, Times Roman, times, serif; --fontsizeCap: 20px;--fontsizeCapT: 20px;--fontsizeCapM: 18px;--lineHeightCap: 1.25;--letterSpacingCap: normal;--colorCap: #000000;--topSpaceCap: 10px;--topSpaceCapM: 10px;\">Iv\u00e1n Forcadell, La cara Girada, 2022<\/div><div class=\"single-image-caption-des\" style=\"--fontsizeCapDes: 14px;--fontsizeCapDesT: 16px;--fontsizeCapDesM: 14px;--lineHeightCapDes: 1.5;--letterSpacingCapDes: normal;--colorCapDes: #000000;--topSpaceCapDes: 10px;\">Mixed media\r\n65 x 81 cm<\/div><\/figcaption><\/figure><\/div><\/div><\/div><div id=\"\" class=\"module col-3 module-id-1696855191644\" data-module-col=\"3\"><div class=\"module-inside single-image-inside\" style=\"--cornerRadius:0px 0px 0px 0px ; --top-mod: 0px;--bottom-mod: 0px;--top-mod-t: 0px;--bottom-mod-t: 0px;--top-mod-m:0px;--bottom-mod-m:0px;\" ><div class=\"single-image-out  \"  ><figure class=\"single-image   single-image-full   \" no><div class=\"ux-hover-wrap anima-wrap\" style=\"padding-top: 120.0468933177%;\"><span class=\"ux-hover-wrap-a\"><img loading=\"lazy\" decoding=\"async\" alt=\"Y que esperas el oto\u00f1o\" class=\"single-image-img img1st lazy \" src=\"data:image\/gif;base64,R0lGODlhAQABAIAAAAAAAP\/\/\/yH5BAEAAAAALAAAAAABAAEAAAIBRAA7\" data-src=\"https:\/\/badreljundigallery.com\/wp-content\/uploads\/2023\/09\/Y-que-esperas-el-otono.jpeg\" data-srcset=\"https:\/\/badreljundigallery.com\/wp-content\/uploads\/2023\/09\/Y-que-esperas-el-otono.jpeg 853w, https:\/\/badreljundigallery.com\/wp-content\/uploads\/2023\/09\/Y-que-esperas-el-otono-250x300.jpeg 250w, https:\/\/badreljundigallery.com\/wp-content\/uploads\/2023\/09\/Y-que-esperas-el-otono-768x922.jpeg 768w, https:\/\/badreljundigallery.com\/wp-content\/uploads\/2023\/09\/Y-que-esperas-el-otono-350x420.jpeg 350w, https:\/\/badreljundigallery.com\/wp-content\/uploads\/2023\/09\/Y-que-esperas-el-otono-650x780.jpeg 650w, https:\/\/badreljundigallery.com\/wp-content\/uploads\/2023\/09\/Y-que-esperas-el-otono-600x720.jpeg 600w\" data-sizes=\"(max-width: 480px) 320px,(max-width: 767px) 500px,(max-width: 853px) 100vw, 853px\" width=\"853\" height=\"1024\" \/><\/span><\/div><figcaption class=\"single-image-caption left-ux\"><div class=\"single-image-caption-cap\" style=\"font-family: ux-font-1692705694965, Times Roman, times, serif; --fontsizeCap: 20px;--fontsizeCapT: 20px;--fontsizeCapM: 18px;--lineHeightCap: 1.25;--letterSpacingCap: normal;--colorCap: #000000;--topSpaceCap: 10px;--topSpaceCapM: 10px;\">Iv\u00e1n Forcadell, Y que esperas el oto\u00f1o, 2022<\/div><div class=\"single-image-caption-des\" style=\"--fontsizeCapDes: 14px;--fontsizeCapDesT: 16px;--fontsizeCapDesM: 14px;--lineHeightCapDes: 1.5;--letterSpacingCapDes: normal;--colorCapDes: #000000;--topSpaceCapDes: 10px;\">Mixed media\r\n60 x 73 cm<\/div><\/figcaption><\/figure><\/div><\/div><\/div><div id=\"\" class=\"module col-3 module-id-1696855191747\" data-module-col=\"3\"><div class=\"module-inside single-image-inside\" style=\"--cornerRadius:0px 0px 0px 0px ; --top-mod: 0px;--bottom-mod: 0px;--top-mod-t: 0px;--bottom-mod-t: 0px;--top-mod-m:0px;--bottom-mod-m:0px;\" ><div class=\"single-image-out  \"  ><figure class=\"single-image   single-image-full   \" no><div class=\"ux-hover-wrap anima-wrap\" style=\"padding-top: 118.8486536676%;\"><span class=\"ux-hover-wrap-a\"><img loading=\"lazy\" decoding=\"async\" alt=\"Iv\u00e1n Forcadell, Yo sin t\u00edtulo, 2022\" class=\"single-image-img img1st lazy \" src=\"data:image\/gif;base64,R0lGODlhAQABAIAAAAAAAP\/\/\/yH5BAEAAAAALAAAAAABAAEAAAIBRAA7\" data-src=\"https:\/\/badreljundigallery.com\/wp-content\/uploads\/2023\/09\/Yo-sin-titulo-scaled.jpeg\" data-srcset=\"https:\/\/badreljundigallery.com\/wp-content\/uploads\/2023\/09\/Yo-sin-titulo-scaled.jpeg 2154w, https:\/\/badreljundigallery.com\/wp-content\/uploads\/2023\/09\/Yo-sin-titulo-252x300.jpeg 252w, https:\/\/badreljundigallery.com\/wp-content\/uploads\/2023\/09\/Yo-sin-titulo-861x1024.jpeg 861w, https:\/\/badreljundigallery.com\/wp-content\/uploads\/2023\/09\/Yo-sin-titulo-768x913.jpeg 768w, https:\/\/badreljundigallery.com\/wp-content\/uploads\/2023\/09\/Yo-sin-titulo-1292x1536.jpeg 1292w, https:\/\/badreljundigallery.com\/wp-content\/uploads\/2023\/09\/Yo-sin-titulo-1723x2048.jpeg 1723w, https:\/\/badreljundigallery.com\/wp-content\/uploads\/2023\/09\/Yo-sin-titulo-350x416.jpeg 350w, https:\/\/badreljundigallery.com\/wp-content\/uploads\/2023\/09\/Yo-sin-titulo-650x773.jpeg 650w, https:\/\/badreljundigallery.com\/wp-content\/uploads\/2023\/09\/Yo-sin-titulo-1000x1189.jpeg 1000w, https:\/\/badreljundigallery.com\/wp-content\/uploads\/2023\/09\/Yo-sin-titulo-2000x2377.jpeg 2000w, https:\/\/badreljundigallery.com\/wp-content\/uploads\/2023\/09\/Yo-sin-titulo-600x713.jpeg 600w\" data-sizes=\"(max-width: 480px) 320px,(max-width: 767px) 500px,(max-width: 2154px) 100vw, 2154px\" width=\"2154\" height=\"2560\" \/><\/span><\/div><figcaption class=\"single-image-caption left-ux\"><div class=\"single-image-caption-cap\" style=\"font-family: ux-font-1692705694965, Times Roman, times, serif; --fontsizeCap: 20px;--fontsizeCapT: 20px;--fontsizeCapM: 18px;--lineHeightCap: 1.25;--letterSpacingCap: normal;--colorCap: #000000;--topSpaceCap: 10px;--topSpaceCapM: 10px;\">Iv\u00e1n Forcadell, Yo sin t\u00edtulo, 2022<\/div><div class=\"single-image-caption-des\" style=\"--fontsizeCapDes: 14px;--fontsizeCapDesT: 16px;--fontsizeCapDesM: 14px;--lineHeightCapDes: 1.5;--letterSpacingCapDes: normal;--colorCapDes: #000000;--topSpaceCapDes: 10px;\">Mixed media\r\n60 x 73 cm<\/div><\/figcaption><\/figure><\/div><\/div><\/div><div id=\"\" class=\"module col-3 module-id-1696855191851\" data-module-col=\"3\"><div class=\"module-inside single-image-inside\" style=\"--cornerRadius:0px 0px 0px 0px ; --top-mod: 0px;--bottom-mod: 0px;--top-mod-t: 0px;--bottom-mod-t: 0px;--top-mod-m:0px;--bottom-mod-m:0px;\" ><div class=\"single-image-out  \"  ><figure class=\"single-image   single-image-full   \" no><div class=\"ux-hover-wrap anima-wrap\" style=\"padding-top: 119.06976744186%;\"><span class=\"ux-hover-wrap-a\"><img loading=\"lazy\" decoding=\"async\" alt=\"Iv\u00e1n Forcadell, De blue Forcadell, 2022\" class=\"single-image-img img1st lazy \" src=\"data:image\/gif;base64,R0lGODlhAQABAIAAAAAAAP\/\/\/yH5BAEAAAAALAAAAAABAAEAAAIBRAA7\" data-src=\"https:\/\/badreljundigallery.com\/wp-content\/uploads\/2023\/09\/De-blue-Forcadell.jpeg\" data-srcset=\"https:\/\/badreljundigallery.com\/wp-content\/uploads\/2023\/09\/De-blue-Forcadell.jpeg 860w, https:\/\/badreljundigallery.com\/wp-content\/uploads\/2023\/09\/De-blue-Forcadell-252x300.jpeg 252w, https:\/\/badreljundigallery.com\/wp-content\/uploads\/2023\/09\/De-blue-Forcadell-768x914.jpeg 768w, https:\/\/badreljundigallery.com\/wp-content\/uploads\/2023\/09\/De-blue-Forcadell-350x417.jpeg 350w, https:\/\/badreljundigallery.com\/wp-content\/uploads\/2023\/09\/De-blue-Forcadell-650x774.jpeg 650w, https:\/\/badreljundigallery.com\/wp-content\/uploads\/2023\/09\/De-blue-Forcadell-600x714.jpeg 600w\" data-sizes=\"(max-width: 480px) 320px,(max-width: 767px) 500px,(max-width: 860px) 100vw, 860px\" width=\"860\" height=\"1024\" \/><\/span><\/div><figcaption class=\"single-image-caption left-ux\"><div class=\"single-image-caption-cap\" style=\"font-family: ux-font-1692705694965, Times Roman, times, serif; --fontsizeCap: 20px;--fontsizeCapT: 20px;--fontsizeCapM: 18px;--lineHeightCap: 1.25;--letterSpacingCap: normal;--colorCap: #000000;--topSpaceCap: 10px;--topSpaceCapM: 10px;\">Iv\u00e1n Forcadell, De blue Forcadell, 2022<\/div><div class=\"single-image-caption-des\" style=\"--fontsizeCapDes: 14px;--fontsizeCapDesT: 16px;--fontsizeCapDesM: 14px;--lineHeightCapDes: 1.5;--letterSpacingCapDes: normal;--colorCapDes: #000000;--topSpaceCapDes: 10px;\">Mixed media\r\n60 x 73 cm<\/div><\/figcaption><\/figure><\/div><\/div><\/div><div id=\"\" class=\"module col-3 module-id-1696855191954\" data-module-col=\"3\"><div class=\"module-inside single-image-inside\" style=\"--cornerRadius:0px 0px 0px 0px ; --top-mod: 0px;--bottom-mod: 0px;--top-mod-t: 0px;--bottom-mod-t: 0px;--top-mod-m:0px;--bottom-mod-m:0px;\" ><div class=\"single-image-out  \"  ><figure class=\"single-image   single-image-full   \" no><div class=\"ux-hover-wrap anima-wrap\" style=\"padding-top: 120.18779342723%;\"><span class=\"ux-hover-wrap-a\"><img loading=\"lazy\" decoding=\"async\" alt=\"Me like a blue ape\" class=\"single-image-img img1st lazy \" src=\"data:image\/gif;base64,R0lGODlhAQABAIAAAAAAAP\/\/\/yH5BAEAAAAALAAAAAABAAEAAAIBRAA7\" data-src=\"https:\/\/badreljundigallery.com\/wp-content\/uploads\/2023\/09\/Me-like-a-blue-ape.jpeg\" data-srcset=\"https:\/\/badreljundigallery.com\/wp-content\/uploads\/2023\/09\/Me-like-a-blue-ape.jpeg 852w, https:\/\/badreljundigallery.com\/wp-content\/uploads\/2023\/09\/Me-like-a-blue-ape-250x300.jpeg 250w, https:\/\/badreljundigallery.com\/wp-content\/uploads\/2023\/09\/Me-like-a-blue-ape-768x923.jpeg 768w, https:\/\/badreljundigallery.com\/wp-content\/uploads\/2023\/09\/Me-like-a-blue-ape-350x421.jpeg 350w, https:\/\/badreljundigallery.com\/wp-content\/uploads\/2023\/09\/Me-like-a-blue-ape-650x781.jpeg 650w, https:\/\/badreljundigallery.com\/wp-content\/uploads\/2023\/09\/Me-like-a-blue-ape-600x721.jpeg 600w\" data-sizes=\"(max-width: 480px) 320px,(max-width: 767px) 500px,(max-width: 852px) 100vw, 852px\" width=\"852\" height=\"1024\" \/><\/span><\/div><figcaption class=\"single-image-caption left-ux\"><div class=\"single-image-caption-cap\" style=\"font-family: ux-font-1692705694965, Times Roman, times, serif; --fontsizeCap: 20px;--fontsizeCapT: 20px;--fontsizeCapM: 18px;--lineHeightCap: 1.25;--letterSpacingCap: normal;--colorCap: #000000;--topSpaceCap: 10px;--topSpaceCapM: 10px;\">Iv\u00e1n Forcadell, Me like a blue ape, 2022<\/div><div class=\"single-image-caption-des\" style=\"--fontsizeCapDes: 14px;--fontsizeCapDesT: 16px;--fontsizeCapDesM: 14px;--lineHeightCapDes: 1.5;--letterSpacingCapDes: normal;--colorCapDes: #000000;--topSpaceCapDes: 10px;\">Mixed media\r\n60 x 73 cm<\/div><\/figcaption><\/figure><\/div><\/div><\/div><div id=\"\" class=\"module col-3 module-id-169685519261\" data-module-col=\"3\"><div class=\"module-inside single-image-inside\" style=\"--cornerRadius:0px 0px 0px 0px ; --top-mod: 0px;--bottom-mod: 0px;--top-mod-t: 0px;--bottom-mod-t: 0px;--top-mod-m:0px;--bottom-mod-m:0px;\" ><div class=\"single-image-out  \"  ><figure class=\"single-image   single-image-full   \" no><div class=\"ux-hover-wrap anima-wrap\" style=\"padding-top: 121.4709371293%;\"><span class=\"ux-hover-wrap-a\"><img loading=\"lazy\" decoding=\"async\" alt=\"Iv\u00e1n Forcadell, Cosmicu, 2022\" class=\"single-image-img img1st lazy \" src=\"data:image\/gif;base64,R0lGODlhAQABAIAAAAAAAP\/\/\/yH5BAEAAAAALAAAAAABAAEAAAIBRAA7\" data-src=\"https:\/\/badreljundigallery.com\/wp-content\/uploads\/2023\/09\/Cosmicu.jpeg\" data-srcset=\"https:\/\/badreljundigallery.com\/wp-content\/uploads\/2023\/09\/Cosmicu.jpeg 843w, https:\/\/badreljundigallery.com\/wp-content\/uploads\/2023\/09\/Cosmicu-247x300.jpeg 247w, https:\/\/badreljundigallery.com\/wp-content\/uploads\/2023\/09\/Cosmicu-768x933.jpeg 768w, https:\/\/badreljundigallery.com\/wp-content\/uploads\/2023\/09\/Cosmicu-350x425.jpeg 350w, https:\/\/badreljundigallery.com\/wp-content\/uploads\/2023\/09\/Cosmicu-650x790.jpeg 650w, https:\/\/badreljundigallery.com\/wp-content\/uploads\/2023\/09\/Cosmicu-600x729.jpeg 600w\" data-sizes=\"(max-width: 480px) 320px,(max-width: 767px) 500px,(max-width: 843px) 100vw, 843px\" width=\"843\" height=\"1024\" \/><\/span><\/div><figcaption class=\"single-image-caption left-ux\"><div class=\"single-image-caption-cap\" style=\"font-family: ux-font-1692705694965, Times Roman, times, serif; --fontsizeCap: 20px;--fontsizeCapT: 20px;--fontsizeCapM: 18px;--lineHeightCap: 1.25;--letterSpacingCap: normal;--colorCap: #000000;--topSpaceCap: 10px;--topSpaceCapM: 10px;\">Iv\u00e1n Forcadell, Cosmicu, 2022<\/div><div class=\"single-image-caption-des\" style=\"--fontsizeCapDes: 14px;--fontsizeCapDesT: 16px;--fontsizeCapDesM: 14px;--lineHeightCapDes: 1.5;--letterSpacingCapDes: normal;--colorCapDes: #000000;--topSpaceCapDes: 10px;\">Mixed media\r\n60 x 73 cm<\/div><\/figcaption><\/figure><\/div><\/div><\/div><div id=\"\" class=\"module col-3 module-id-1696855192164\" data-module-col=\"3\"><div class=\"module-inside single-image-inside\" style=\"--cornerRadius:0px 0px 0px 0px ; --top-mod: 0px;--bottom-mod: 0px;--top-mod-t: 0px;--bottom-mod-t: 0px;--top-mod-m:0px;--bottom-mod-m:0px;\" ><div class=\"single-image-out  \"  ><figure class=\"single-image   single-image-full   \" no><div class=\"ux-hover-wrap anima-wrap\" style=\"padding-top: 120.18779342723%;\"><span class=\"ux-hover-wrap-a\"><img loading=\"lazy\" decoding=\"async\" alt=\"Iv\u00e1n Forcadell, Yo, gambusi,\" class=\"single-image-img img1st lazy \" src=\"data:image\/gif;base64,R0lGODlhAQABAIAAAAAAAP\/\/\/yH5BAEAAAAALAAAAAABAAEAAAIBRAA7\" data-src=\"https:\/\/badreljundigallery.com\/wp-content\/uploads\/2023\/09\/Ivan-Forcadell-Yo-gambusi.jpeg\" data-srcset=\"https:\/\/badreljundigallery.com\/wp-content\/uploads\/2023\/09\/Ivan-Forcadell-Yo-gambusi.jpeg 852w, https:\/\/badreljundigallery.com\/wp-content\/uploads\/2023\/09\/Ivan-Forcadell-Yo-gambusi-250x300.jpeg 250w, https:\/\/badreljundigallery.com\/wp-content\/uploads\/2023\/09\/Ivan-Forcadell-Yo-gambusi-768x923.jpeg 768w, https:\/\/badreljundigallery.com\/wp-content\/uploads\/2023\/09\/Ivan-Forcadell-Yo-gambusi-350x421.jpeg 350w, https:\/\/badreljundigallery.com\/wp-content\/uploads\/2023\/09\/Ivan-Forcadell-Yo-gambusi-650x781.jpeg 650w\" data-sizes=\"(max-width: 480px) 320px,(max-width: 767px) 500px,(max-width: 852px) 100vw, 852px\" width=\"852\" height=\"1024\" \/><\/span><\/div><figcaption class=\"single-image-caption left-ux\"><div class=\"single-image-caption-cap\" style=\"font-family: ux-font-1692705694965, Times Roman, times, serif; --fontsizeCap: 20px;--fontsizeCapT: 20px;--fontsizeCapM: 18px;--lineHeightCap: 1.25;--letterSpacingCap: normal;--colorCap: #000000;--topSpaceCap: 10px;--topSpaceCapM: 10px;\">Iv\u00e1n Forcadell, Yo, gambusi,<\/div><div class=\"single-image-caption-des\" style=\"--fontsizeCapDes: 14px;--fontsizeCapDesT: 16px;--fontsizeCapDesM: 14px;--lineHeightCapDes: 1.5;--letterSpacingCapDes: normal;--colorCapDes: #000000;--topSpaceCapDes: 10px;\">Mixed media\r\n60 x 73 cm<\/div><\/figcaption><\/figure><\/div><\/div><\/div><div id=\"\" class=\"module col-3 module-id-1696855192268\" data-module-col=\"3\"><div class=\"module-inside single-image-inside\" style=\"--cornerRadius:0px 0px 0px 0px ; --top-mod: 0px;--bottom-mod: 0px;--top-mod-t: 0px;--bottom-mod-t: 0px;--top-mod-m:0px;--bottom-mod-m:0px;\" ><div class=\"single-image-out  \"  ><figure class=\"single-image   single-image-full   \" no><div class=\"ux-hover-wrap anima-wrap\" style=\"padding-top: 123.82103990326%;\"><span class=\"ux-hover-wrap-a\"><img loading=\"lazy\" decoding=\"async\" alt=\"Iv\u00e1n Forcadell, Empanado, plantado a las 12,\" class=\"single-image-img img1st lazy \" src=\"data:image\/gif;base64,R0lGODlhAQABAIAAAAAAAP\/\/\/yH5BAEAAAAALAAAAAABAAEAAAIBRAA7\" data-src=\"https:\/\/badreljundigallery.com\/wp-content\/uploads\/2023\/09\/Ivan-Forcadell-Empanado-plantado-a-las-12.jpeg\" data-srcset=\"https:\/\/badreljundigallery.com\/wp-content\/uploads\/2023\/09\/Ivan-Forcadell-Empanado-plantado-a-las-12.jpeg 827w, https:\/\/badreljundigallery.com\/wp-content\/uploads\/2023\/09\/Ivan-Forcadell-Empanado-plantado-a-las-12-242x300.jpeg 242w, https:\/\/badreljundigallery.com\/wp-content\/uploads\/2023\/09\/Ivan-Forcadell-Empanado-plantado-a-las-12-768x951.jpeg 768w, https:\/\/badreljundigallery.com\/wp-content\/uploads\/2023\/09\/Ivan-Forcadell-Empanado-plantado-a-las-12-350x433.jpeg 350w, https:\/\/badreljundigallery.com\/wp-content\/uploads\/2023\/09\/Ivan-Forcadell-Empanado-plantado-a-las-12-650x805.jpeg 650w\" data-sizes=\"(max-width: 480px) 320px,(max-width: 767px) 500px,(max-width: 827px) 100vw, 827px\" width=\"827\" height=\"1024\" \/><\/span><\/div><figcaption class=\"single-image-caption left-ux\"><div class=\"single-image-caption-cap\" style=\"font-family: ux-font-1692705694965, Times Roman, times, serif; --fontsizeCap: 20px;--fontsizeCapT: 20px;--fontsizeCapM: 18px;--lineHeightCap: 1.25;--letterSpacingCap: normal;--colorCap: #000000;--topSpaceCap: 10px;--topSpaceCapM: 10px;\">Iv\u00e1n Forcadell, Empanado, plantado a las 12, 2022<\/div><div class=\"single-image-caption-des\" style=\"--fontsizeCapDes: 14px;--fontsizeCapDesT: 16px;--fontsizeCapDesM: 14px;--lineHeightCapDes: 1.5;--letterSpacingCapDes: normal;--colorCapDes: #000000;--topSpaceCapDes: 10px;\">Mixed media\r\n60 x 73 cm<\/div><\/figcaption><\/figure><\/div><\/div><\/div><div id=\"\" class=\"module col-3 module-id-1696855192371\" data-module-col=\"3\"><div class=\"module-inside single-image-inside\" style=\"--cornerRadius:0px 0px 0px 0px ; --top-mod: 0px;--bottom-mod: 0px;--top-mod-t: 0px;--bottom-mod-t: 0px;--top-mod-m:0px;--bottom-mod-m:0px;\" ><div class=\"single-image-out  \"  ><figure class=\"single-image   single-image-full   \" no><div class=\"ux-hover-wrap anima-wrap\" style=\"padding-top: 121.61520190024%;\"><span class=\"ux-hover-wrap-a\"><img loading=\"lazy\" decoding=\"async\" alt=\"Iv\u00e1n Forcadell, Esperando a los de telefonica,\" class=\"single-image-img img1st lazy \" src=\"data:image\/gif;base64,R0lGODlhAQABAIAAAAAAAP\/\/\/yH5BAEAAAAALAAAAAABAAEAAAIBRAA7\" data-src=\"https:\/\/badreljundigallery.com\/wp-content\/uploads\/2023\/09\/Ivan-Forcadell-Esperando-a-los-de-telefonica.jpeg\" data-srcset=\"https:\/\/badreljundigallery.com\/wp-content\/uploads\/2023\/09\/Ivan-Forcadell-Esperando-a-los-de-telefonica.jpeg 842w, https:\/\/badreljundigallery.com\/wp-content\/uploads\/2023\/09\/Ivan-Forcadell-Esperando-a-los-de-telefonica-247x300.jpeg 247w, https:\/\/badreljundigallery.com\/wp-content\/uploads\/2023\/09\/Ivan-Forcadell-Esperando-a-los-de-telefonica-768x934.jpeg 768w, https:\/\/badreljundigallery.com\/wp-content\/uploads\/2023\/09\/Ivan-Forcadell-Esperando-a-los-de-telefonica-350x426.jpeg 350w, https:\/\/badreljundigallery.com\/wp-content\/uploads\/2023\/09\/Ivan-Forcadell-Esperando-a-los-de-telefonica-650x790.jpeg 650w\" data-sizes=\"(max-width: 480px) 320px,(max-width: 767px) 500px,(max-width: 842px) 100vw, 842px\" width=\"842\" height=\"1024\" \/><\/span><\/div><figcaption class=\"single-image-caption left-ux\"><div class=\"single-image-caption-cap\" style=\"font-family: ux-font-1692705694965, Times Roman, times, serif; --fontsizeCap: 20px;--fontsizeCapT: 20px;--fontsizeCapM: 18px;--lineHeightCap: 1.25;--letterSpacingCap: normal;--colorCap: #000000;--topSpaceCap: 10px;--topSpaceCapM: 10px;\">Iv\u00e1n Forcadell, Esperando a los de telefonica,2022<\/div><div class=\"single-image-caption-des\" style=\"--fontsizeCapDes: 14px;--fontsizeCapDesT: 16px;--fontsizeCapDesM: 14px;--lineHeightCapDes: 1.5;--letterSpacingCapDes: normal;--colorCapDes: #000000;--topSpaceCapDes: 10px;\">Mixed media\r\n60 x 73 cm<\/div><\/figcaption><\/figure><\/div><\/div><\/div><div id=\"\" class=\"module col-3 module-id-1696855192475\" data-module-col=\"3\"><div class=\"module-inside single-image-inside\" style=\"--cornerRadius:0px 0px 0px 0px ; --top-mod: 0px;--bottom-mod: 0px;--top-mod-t: 0px;--bottom-mod-t: 0px;--top-mod-m:0px;--bottom-mod-m:0px;\" ><div class=\"single-image-out  \"  ><figure class=\"single-image   single-image-full   \" no><div class=\"ux-hover-wrap anima-wrap\" style=\"padding-top: 121.90476190476%;\"><span class=\"ux-hover-wrap-a\"><img loading=\"lazy\" decoding=\"async\" alt=\"Iv\u00e1n Forcadell, Yo como una gamba el 3 de agosto, 2022\" class=\"single-image-img img1st lazy \" src=\"data:image\/gif;base64,R0lGODlhAQABAIAAAAAAAP\/\/\/yH5BAEAAAAALAAAAAABAAEAAAIBRAA7\" data-src=\"https:\/\/badreljundigallery.com\/wp-content\/uploads\/2023\/09\/Ivan-Forcadell-Yo-como-una-gamba-el-3-de-agosto-2022.jpeg\" data-srcset=\"https:\/\/badreljundigallery.com\/wp-content\/uploads\/2023\/09\/Ivan-Forcadell-Yo-como-una-gamba-el-3-de-agosto-2022.jpeg 840w, https:\/\/badreljundigallery.com\/wp-content\/uploads\/2023\/09\/Ivan-Forcadell-Yo-como-una-gamba-el-3-de-agosto-2022-246x300.jpeg 246w, https:\/\/badreljundigallery.com\/wp-content\/uploads\/2023\/09\/Ivan-Forcadell-Yo-como-una-gamba-el-3-de-agosto-2022-768x936.jpeg 768w, https:\/\/badreljundigallery.com\/wp-content\/uploads\/2023\/09\/Ivan-Forcadell-Yo-como-una-gamba-el-3-de-agosto-2022-350x427.jpeg 350w, https:\/\/badreljundigallery.com\/wp-content\/uploads\/2023\/09\/Ivan-Forcadell-Yo-como-una-gamba-el-3-de-agosto-2022-650x792.jpeg 650w\" data-sizes=\"(max-width: 480px) 320px,(max-width: 767px) 500px,(max-width: 840px) 100vw, 840px\" width=\"840\" height=\"1024\" \/><\/span><\/div><figcaption class=\"single-image-caption left-ux\"><div class=\"single-image-caption-cap\" style=\"font-family: ux-font-1692705694965, Times Roman, times, serif; --fontsizeCap: 20px;--fontsizeCapT: 20px;--fontsizeCapM: 18px;--lineHeightCap: 1.25;--letterSpacingCap: normal;--colorCap: #000000;--topSpaceCap: 10px;--topSpaceCapM: 10px;\">Iv\u00e1n Forcadell, Yo como una gamba el 3 de agosto, 2022<\/div><div class=\"single-image-caption-des\" style=\"--fontsizeCapDes: 14px;--fontsizeCapDesT: 16px;--fontsizeCapDesM: 14px;--lineHeightCapDes: 1.5;--letterSpacingCapDes: normal;--colorCapDes: #000000;--topSpaceCapDes: 10px;\">Mixed media\r\n60 x 73 cm<\/div><\/figcaption><\/figure><\/div><\/div><\/div><div id=\"\" class=\"module col-3 module-id-1696855192579\" data-module-col=\"3\"><div class=\"module-inside single-image-inside\" style=\"--cornerRadius:0px 0px 0px 0px ; --top-mod: 0px;--bottom-mod: 0px;--top-mod-t: 0px;--bottom-mod-t: 0px;--top-mod-m:0px;--bottom-mod-m:0px;\" ><div class=\"single-image-out  \"  ><figure class=\"single-image   single-image-full   \" no><div class=\"ux-hover-wrap anima-wrap\" style=\"padding-top: 120.5840791333%;\"><span class=\"ux-hover-wrap-a\"><img loading=\"lazy\" decoding=\"async\" alt=\"Iv\u00e1n Forcadell, Mi como un condor helado, 2022\" class=\"single-image-img img1st lazy \" src=\"data:image\/gif;base64,R0lGODlhAQABAIAAAAAAAP\/\/\/yH5BAEAAAAALAAAAAABAAEAAAIBRAA7\" data-src=\"https:\/\/badreljundigallery.com\/wp-content\/uploads\/2023\/09\/Ivan-Forcadell-Mi-como-un-condor-helado-2022-scaled.jpeg\" data-srcset=\"https:\/\/badreljundigallery.com\/wp-content\/uploads\/2023\/09\/Ivan-Forcadell-Mi-como-un-condor-helado-2022-scaled.jpeg 2123w, https:\/\/badreljundigallery.com\/wp-content\/uploads\/2023\/09\/Ivan-Forcadell-Mi-como-un-condor-helado-2022-249x300.jpeg 249w, https:\/\/badreljundigallery.com\/wp-content\/uploads\/2023\/09\/Ivan-Forcadell-Mi-como-un-condor-helado-2022-849x1024.jpeg 849w, https:\/\/badreljundigallery.com\/wp-content\/uploads\/2023\/09\/Ivan-Forcadell-Mi-como-un-condor-helado-2022-768x926.jpeg 768w, https:\/\/badreljundigallery.com\/wp-content\/uploads\/2023\/09\/Ivan-Forcadell-Mi-como-un-condor-helado-2022-1274x1536.jpeg 1274w, https:\/\/badreljundigallery.com\/wp-content\/uploads\/2023\/09\/Ivan-Forcadell-Mi-como-un-condor-helado-2022-1699x2048.jpeg 1699w, https:\/\/badreljundigallery.com\/wp-content\/uploads\/2023\/09\/Ivan-Forcadell-Mi-como-un-condor-helado-2022-350x422.jpeg 350w, https:\/\/badreljundigallery.com\/wp-content\/uploads\/2023\/09\/Ivan-Forcadell-Mi-como-un-condor-helado-2022-650x784.jpeg 650w, https:\/\/badreljundigallery.com\/wp-content\/uploads\/2023\/09\/Ivan-Forcadell-Mi-como-un-condor-helado-2022-1000x1206.jpeg 1000w, https:\/\/badreljundigallery.com\/wp-content\/uploads\/2023\/09\/Ivan-Forcadell-Mi-como-un-condor-helado-2022-2000x2411.jpeg 2000w\" data-sizes=\"(max-width: 480px) 320px,(max-width: 767px) 500px,(max-width: 2123px) 100vw, 2123px\" width=\"2123\" height=\"2560\" \/><\/span><\/div><figcaption class=\"single-image-caption left-ux\"><div class=\"single-image-caption-cap\" style=\"font-family: ux-font-1692705694965, Times Roman, times, serif; --fontsizeCap: 20px;--fontsizeCapT: 20px;--fontsizeCapM: 18px;--lineHeightCap: 1.25;--letterSpacingCap: normal;--colorCap: #000000;--topSpaceCap: 10px;--topSpaceCapM: 10px;\">Iv\u00e1n Forcadell, Mi como un condor helado, 2022<\/div><div class=\"single-image-caption-des\" style=\"--fontsizeCapDes: 14px;--fontsizeCapDesT: 16px;--fontsizeCapDesM: 14px;--lineHeightCapDes: 1.5;--letterSpacingCapDes: normal;--colorCapDes: #000000;--topSpaceCapDes: 10px;\">Mixed media\r\n60 x 73 cm<\/div><\/figcaption><\/figure><\/div><\/div><\/div><div id=\"\" class=\"module col-3 module-id-1696855192683\" data-module-col=\"3\"><div class=\"module-inside single-image-inside\" style=\"--cornerRadius:0px 0px 0px 0px ; --top-mod: 0px;--bottom-mod: 0px;--top-mod-t: 0px;--bottom-mod-t: 0px;--top-mod-m:0px;--bottom-mod-m:0px;\" ><div class=\"single-image-out  \"  ><figure class=\"single-image   single-image-full   \" no><div class=\"ux-hover-wrap anima-wrap\" style=\"padding-top: 123.3734939759%;\"><span class=\"ux-hover-wrap-a\"><img loading=\"lazy\" decoding=\"async\" alt=\"Iv\u00e1n Forcadell, Me like a plant man, 2022\" class=\"single-image-img img1st lazy \" src=\"data:image\/gif;base64,R0lGODlhAQABAIAAAAAAAP\/\/\/yH5BAEAAAAALAAAAAABAAEAAAIBRAA7\" data-src=\"https:\/\/badreljundigallery.com\/wp-content\/uploads\/2023\/09\/Ivan-Forcadell-Me-like-a-plant-man-2022.jpeg\" data-srcset=\"https:\/\/badreljundigallery.com\/wp-content\/uploads\/2023\/09\/Ivan-Forcadell-Me-like-a-plant-man-2022.jpeg 830w, https:\/\/badreljundigallery.com\/wp-content\/uploads\/2023\/09\/Ivan-Forcadell-Me-like-a-plant-man-2022-243x300.jpeg 243w, https:\/\/badreljundigallery.com\/wp-content\/uploads\/2023\/09\/Ivan-Forcadell-Me-like-a-plant-man-2022-768x948.jpeg 768w, https:\/\/badreljundigallery.com\/wp-content\/uploads\/2023\/09\/Ivan-Forcadell-Me-like-a-plant-man-2022-350x432.jpeg 350w, https:\/\/badreljundigallery.com\/wp-content\/uploads\/2023\/09\/Ivan-Forcadell-Me-like-a-plant-man-2022-650x802.jpeg 650w\" data-sizes=\"(max-width: 480px) 320px,(max-width: 767px) 500px,(max-width: 830px) 100vw, 830px\" width=\"830\" height=\"1024\" \/><\/span><\/div><figcaption class=\"single-image-caption left-ux\"><div class=\"single-image-caption-cap\" style=\"font-family: ux-font-1692705694965, Times Roman, times, serif; --fontsizeCap: 20px;--fontsizeCapT: 20px;--fontsizeCapM: 18px;--lineHeightCap: 1.25;--letterSpacingCap: normal;--colorCap: #000000;--topSpaceCap: 10px;--topSpaceCapM: 10px;\">Iv\u00e1n Forcadell, Me like a plant man, 2022<\/div><div class=\"single-image-caption-des\" style=\"--fontsizeCapDes: 14px;--fontsizeCapDesT: 16px;--fontsizeCapDesM: 14px;--lineHeightCapDes: 1.5;--letterSpacingCapDes: normal;--colorCapDes: #000000;--topSpaceCapDes: 10px;\">Mixed media\r\n60 x 73 cm<\/div><\/figcaption><\/figure><\/div><\/div><\/div><div id=\"\" class=\"module col-3 module-id-1696855192788\" data-module-col=\"3\"><div class=\"module-inside single-image-inside\" style=\"--cornerRadius:0px 0px 0px 0px ; --top-mod: 0px;--bottom-mod: 0px;--top-mod-t: 0px;--bottom-mod-t: 0px;--top-mod-m:0px;--bottom-mod-m:0px;\" ><div class=\"single-image-out  \"  ><figure class=\"single-image   single-image-full   \" no><div class=\"ux-hover-wrap anima-wrap\" style=\"padding-top: 121.32701421801%;\"><span class=\"ux-hover-wrap-a\"><img loading=\"lazy\" decoding=\"async\" alt=\"Iv\u00e1n Forcadell, En EUU perdido pero feliz, 2022\" class=\"single-image-img img1st lazy \" src=\"data:image\/gif;base64,R0lGODlhAQABAIAAAAAAAP\/\/\/yH5BAEAAAAALAAAAAABAAEAAAIBRAA7\" data-src=\"https:\/\/badreljundigallery.com\/wp-content\/uploads\/2023\/09\/Ivan-Forcadell-En-EUU-perdido-pero-feliz-2022.jpeg\" data-srcset=\"https:\/\/badreljundigallery.com\/wp-content\/uploads\/2023\/09\/Ivan-Forcadell-En-EUU-perdido-pero-feliz-2022.jpeg 844w, https:\/\/badreljundigallery.com\/wp-content\/uploads\/2023\/09\/Ivan-Forcadell-En-EUU-perdido-pero-feliz-2022-247x300.jpeg 247w, https:\/\/badreljundigallery.com\/wp-content\/uploads\/2023\/09\/Ivan-Forcadell-En-EUU-perdido-pero-feliz-2022-768x932.jpeg 768w, https:\/\/badreljundigallery.com\/wp-content\/uploads\/2023\/09\/Ivan-Forcadell-En-EUU-perdido-pero-feliz-2022-350x425.jpeg 350w, https:\/\/badreljundigallery.com\/wp-content\/uploads\/2023\/09\/Ivan-Forcadell-En-EUU-perdido-pero-feliz-2022-650x789.jpeg 650w\" data-sizes=\"(max-width: 480px) 320px,(max-width: 767px) 500px,(max-width: 844px) 100vw, 844px\" width=\"844\" height=\"1024\" \/><\/span><\/div><figcaption class=\"single-image-caption left-ux\"><div class=\"single-image-caption-cap\" style=\"font-family: ux-font-1692705694965, Times Roman, times, serif; --fontsizeCap: 20px;--fontsizeCapT: 20px;--fontsizeCapM: 18px;--lineHeightCap: 1.25;--letterSpacingCap: normal;--colorCap: #000000;--topSpaceCap: 10px;--topSpaceCapM: 10px;\">Iv\u00e1n Forcadell, En EUU perdido pero feliz, 2022<\/div><div class=\"single-image-caption-des\" style=\"--fontsizeCapDes: 14px;--fontsizeCapDesT: 16px;--fontsizeCapDesM: 14px;--lineHeightCapDes: 1.5;--letterSpacingCapDes: normal;--colorCapDes: #000000;--topSpaceCapDes: 10px;\">Mixed media\r\n60 x 73 cm<\/div><\/figcaption><\/figure><\/div><\/div><\/div><div id=\"\" class=\"module col-3 module-id-1696855192892\" data-module-col=\"3\"><div class=\"module-inside single-image-inside\" style=\"--cornerRadius:0px 0px 0px 0px ; --top-mod: 0px;--bottom-mod: 0px;--top-mod-t: 0px;--bottom-mod-t: 0px;--top-mod-m:0px;--bottom-mod-m:0px;\" ><div class=\"single-image-out  \"  ><figure class=\"single-image   single-image-full   \" no><div class=\"ux-hover-wrap anima-wrap\" style=\"padding-top: 122.63473053892%;\"><span class=\"ux-hover-wrap-a\"><img loading=\"lazy\" decoding=\"async\" alt=\"Iv\u00e1n Forcadell, Yo como un goya negro pero ok,\" class=\"single-image-img img1st lazy \" src=\"data:image\/gif;base64,R0lGODlhAQABAIAAAAAAAP\/\/\/yH5BAEAAAAALAAAAAABAAEAAAIBRAA7\" data-src=\"https:\/\/badreljundigallery.com\/wp-content\/uploads\/2023\/09\/Ivan-Forcadell-Yo-como-un-goya-negro-pero-ok-1.jpeg\" data-srcset=\"https:\/\/badreljundigallery.com\/wp-content\/uploads\/2023\/09\/Ivan-Forcadell-Yo-como-un-goya-negro-pero-ok-1.jpeg 835w, https:\/\/badreljundigallery.com\/wp-content\/uploads\/2023\/09\/Ivan-Forcadell-Yo-como-un-goya-negro-pero-ok-1-245x300.jpeg 245w, https:\/\/badreljundigallery.com\/wp-content\/uploads\/2023\/09\/Ivan-Forcadell-Yo-como-un-goya-negro-pero-ok-1-768x942.jpeg 768w, https:\/\/badreljundigallery.com\/wp-content\/uploads\/2023\/09\/Ivan-Forcadell-Yo-como-un-goya-negro-pero-ok-1-350x429.jpeg 350w, https:\/\/badreljundigallery.com\/wp-content\/uploads\/2023\/09\/Ivan-Forcadell-Yo-como-un-goya-negro-pero-ok-1-650x797.jpeg 650w\" data-sizes=\"(max-width: 480px) 320px,(max-width: 767px) 500px,(max-width: 835px) 100vw, 835px\" width=\"835\" height=\"1024\" \/><\/span><\/div><figcaption class=\"single-image-caption left-ux\"><div class=\"single-image-caption-cap\" style=\"font-family: ux-font-1692705694965, Times Roman, times, serif; --fontsizeCap: 20px;--fontsizeCapT: 20px;--fontsizeCapM: 18px;--lineHeightCap: 1.25;--letterSpacingCap: normal;--colorCap: #000000;--topSpaceCap: 10px;--topSpaceCapM: 10px;\">Iv\u00e1n Forcadell, Yo como un goya negro pero ok,<\/div><div class=\"single-image-caption-des\" style=\"--fontsizeCapDes: 14px;--fontsizeCapDesT: 16px;--fontsizeCapDesM: 14px;--lineHeightCapDes: 1.5;--letterSpacingCapDes: normal;--colorCapDes: #000000;--topSpaceCapDes: 10px;\">Mixed media\r\n60 x 73 cm<\/div><\/figcaption><\/figure><\/div><\/div><\/div><div id=\"\" class=\"module col-3 module-id-1696855192996\" data-module-col=\"3\"><div class=\"module-inside single-image-inside\" style=\"--cornerRadius:0px 0px 0px 0px ; --top-mod: 0px;--bottom-mod: 0px;--top-mod-t: 0px;--bottom-mod-t: 0px;--top-mod-m:0px;--bottom-mod-m:0px;\" ><div class=\"single-image-out  \"  ><figure class=\"single-image   single-image-full   \" no><div class=\"ux-hover-wrap anima-wrap\" style=\"padding-top: 120.98298676749%;\"><span class=\"ux-hover-wrap-a\"><img loading=\"lazy\" decoding=\"async\" alt=\"Iv\u00e1n Forcadell, Yo monstruo malisimo, 2022\" class=\"single-image-img img1st lazy \" src=\"data:image\/gif;base64,R0lGODlhAQABAIAAAAAAAP\/\/\/yH5BAEAAAAALAAAAAABAAEAAAIBRAA7\" data-src=\"https:\/\/badreljundigallery.com\/wp-content\/uploads\/2023\/09\/Ivan-Forcadell-Yo-monstruo-malisimo-2022-scaled.jpeg\" data-srcset=\"https:\/\/badreljundigallery.com\/wp-content\/uploads\/2023\/09\/Ivan-Forcadell-Yo-monstruo-malisimo-2022-scaled.jpeg 2116w, https:\/\/badreljundigallery.com\/wp-content\/uploads\/2023\/09\/Ivan-Forcadell-Yo-monstruo-malisimo-2022-248x300.jpeg 248w, https:\/\/badreljundigallery.com\/wp-content\/uploads\/2023\/09\/Ivan-Forcadell-Yo-monstruo-malisimo-2022-847x1024.jpeg 847w, https:\/\/badreljundigallery.com\/wp-content\/uploads\/2023\/09\/Ivan-Forcadell-Yo-monstruo-malisimo-2022-768x929.jpeg 768w, https:\/\/badreljundigallery.com\/wp-content\/uploads\/2023\/09\/Ivan-Forcadell-Yo-monstruo-malisimo-2022-1270x1536.jpeg 1270w, https:\/\/badreljundigallery.com\/wp-content\/uploads\/2023\/09\/Ivan-Forcadell-Yo-monstruo-malisimo-2022-1693x2048.jpeg 1693w, https:\/\/badreljundigallery.com\/wp-content\/uploads\/2023\/09\/Ivan-Forcadell-Yo-monstruo-malisimo-2022-350x423.jpeg 350w, https:\/\/badreljundigallery.com\/wp-content\/uploads\/2023\/09\/Ivan-Forcadell-Yo-monstruo-malisimo-2022-650x786.jpeg 650w, https:\/\/badreljundigallery.com\/wp-content\/uploads\/2023\/09\/Ivan-Forcadell-Yo-monstruo-malisimo-2022-1000x1210.jpeg 1000w, https:\/\/badreljundigallery.com\/wp-content\/uploads\/2023\/09\/Ivan-Forcadell-Yo-monstruo-malisimo-2022-2000x2419.jpeg 2000w\" data-sizes=\"(max-width: 480px) 320px,(max-width: 767px) 500px,(max-width: 2116px) 100vw, 2116px\" width=\"2116\" height=\"2560\" \/><\/span><\/div><figcaption class=\"single-image-caption left-ux\"><div class=\"single-image-caption-cap\" style=\"font-family: ux-font-1692705694965, Times Roman, times, serif; --fontsizeCap: 20px;--fontsizeCapT: 20px;--fontsizeCapM: 18px;--lineHeightCap: 1.25;--letterSpacingCap: normal;--colorCap: #000000;--topSpaceCap: 10px;--topSpaceCapM: 10px;\">Iv\u00e1n Forcadell, Yo monstruo malisimo, 2022<\/div><div class=\"single-image-caption-des\" style=\"--fontsizeCapDes: 14px;--fontsizeCapDesT: 16px;--fontsizeCapDesM: 14px;--lineHeightCapDes: 1.5;--letterSpacingCapDes: normal;--colorCapDes: #000000;--topSpaceCapDes: 10px;\">Mixed media\r\n60 x 73 cm<\/div><\/figcaption><\/figure><\/div><\/div><\/div><div id=\"\" class=\"module col-3 module-id-1696855193100\" data-module-col=\"3\"><div class=\"module-inside single-image-inside\" style=\"--cornerRadius:0px 0px 0px 0px ; --top-mod: 0px;--bottom-mod: 0px;--top-mod-t: 0px;--bottom-mod-t: 0px;--top-mod-m:0px;--bottom-mod-m:0px;\" ><div class=\"single-image-out  \"  ><figure class=\"single-image   single-image-full   \" no><div class=\"ux-hover-wrap anima-wrap\" style=\"padding-top: 122.48803827751%;\"><span class=\"ux-hover-wrap-a\"><img loading=\"lazy\" decoding=\"async\" alt=\"Iv\u00e1n Forcadell, Como una mona, 2022\" class=\"single-image-img img1st lazy \" src=\"data:image\/gif;base64,R0lGODlhAQABAIAAAAAAAP\/\/\/yH5BAEAAAAALAAAAAABAAEAAAIBRAA7\" data-src=\"https:\/\/badreljundigallery.com\/wp-content\/uploads\/2023\/09\/Ivan-Forcadell-Como-una-mona-2022.jpeg\" data-srcset=\"https:\/\/badreljundigallery.com\/wp-content\/uploads\/2023\/09\/Ivan-Forcadell-Como-una-mona-2022.jpeg 836w, https:\/\/badreljundigallery.com\/wp-content\/uploads\/2023\/09\/Ivan-Forcadell-Como-una-mona-2022-245x300.jpeg 245w, https:\/\/badreljundigallery.com\/wp-content\/uploads\/2023\/09\/Ivan-Forcadell-Como-una-mona-2022-768x941.jpeg 768w, https:\/\/badreljundigallery.com\/wp-content\/uploads\/2023\/09\/Ivan-Forcadell-Como-una-mona-2022-350x429.jpeg 350w, https:\/\/badreljundigallery.com\/wp-content\/uploads\/2023\/09\/Ivan-Forcadell-Como-una-mona-2022-650x796.jpeg 650w\" data-sizes=\"(max-width: 480px) 320px,(max-width: 767px) 500px,(max-width: 836px) 100vw, 836px\" width=\"836\" height=\"1024\" \/><\/span><\/div><figcaption class=\"single-image-caption left-ux\"><div class=\"single-image-caption-cap\" style=\"font-family: ux-font-1692705694965, Times Roman, times, serif; --fontsizeCap: 20px;--fontsizeCapT: 20px;--fontsizeCapM: 18px;--lineHeightCap: 1.25;--letterSpacingCap: normal;--colorCap: #000000;--topSpaceCap: 10px;--topSpaceCapM: 10px;\">Iv\u00e1n Forcadell, Como una mona, 2022<\/div><div class=\"single-image-caption-des\" style=\"--fontsizeCapDes: 14px;--fontsizeCapDesT: 16px;--fontsizeCapDesM: 14px;--lineHeightCapDes: 1.5;--letterSpacingCapDes: normal;--colorCapDes: #000000;--topSpaceCapDes: 10px;\">Mixed media\r\n60 x 73 cm<\/div><\/figcaption><\/figure><\/div><\/div><\/div><div id=\"\" class=\"module col-3 module-id-1696855193203\" data-module-col=\"3\"><div class=\"module-inside single-image-inside\" style=\"--cornerRadius:0px 0px 0px 0px ; --top-mod: 0px;--bottom-mod: 0px;--top-mod-t: 0px;--bottom-mod-t: 0px;--top-mod-m:0px;--bottom-mod-m:0px;\" ><div class=\"single-image-out  \"  ><figure class=\"single-image   single-image-full   \" no><div class=\"ux-hover-wrap anima-wrap\" style=\"padding-top: 122.05005959476%;\"><span class=\"ux-hover-wrap-a\"><img loading=\"lazy\" decoding=\"async\" alt=\"Iv\u00e1n Forcadell, Yo como el fruto del ficus, 2022\" class=\"single-image-img img1st lazy \" src=\"data:image\/gif;base64,R0lGODlhAQABAIAAAAAAAP\/\/\/yH5BAEAAAAALAAAAAABAAEAAAIBRAA7\" data-src=\"https:\/\/badreljundigallery.com\/wp-content\/uploads\/2023\/09\/Ivan-Forcadell-Yo-como-el-fruto-del-ficus-2022.jpeg\" data-srcset=\"https:\/\/badreljundigallery.com\/wp-content\/uploads\/2023\/09\/Ivan-Forcadell-Yo-como-el-fruto-del-ficus-2022.jpeg 839w, https:\/\/badreljundigallery.com\/wp-content\/uploads\/2023\/09\/Ivan-Forcadell-Yo-como-el-fruto-del-ficus-2022-246x300.jpeg 246w, https:\/\/badreljundigallery.com\/wp-content\/uploads\/2023\/09\/Ivan-Forcadell-Yo-como-el-fruto-del-ficus-2022-768x937.jpeg 768w, https:\/\/badreljundigallery.com\/wp-content\/uploads\/2023\/09\/Ivan-Forcadell-Yo-como-el-fruto-del-ficus-2022-350x427.jpeg 350w, https:\/\/badreljundigallery.com\/wp-content\/uploads\/2023\/09\/Ivan-Forcadell-Yo-como-el-fruto-del-ficus-2022-650x793.jpeg 650w\" data-sizes=\"(max-width: 480px) 320px,(max-width: 767px) 500px,(max-width: 839px) 100vw, 839px\" width=\"839\" height=\"1024\" \/><\/span><\/div><figcaption class=\"single-image-caption left-ux\"><div class=\"single-image-caption-cap\" style=\"font-family: ux-font-1692705694965, Times Roman, times, serif; --fontsizeCap: 20px;--fontsizeCapT: 20px;--fontsizeCapM: 18px;--lineHeightCap: 1.25;--letterSpacingCap: normal;--colorCap: #000000;--topSpaceCap: 10px;--topSpaceCapM: 10px;\">Iv\u00e1n Forcadell, Yo como el fruto del ficus, 2022<\/div><div class=\"single-image-caption-des\" style=\"--fontsizeCapDes: 14px;--fontsizeCapDesT: 16px;--fontsizeCapDesM: 14px;--lineHeightCapDes: 1.5;--letterSpacingCapDes: normal;--colorCapDes: #000000;--topSpaceCapDes: 10px;\">Mixed media\r\n60 x 73 cm<\/div><\/figcaption><\/figure><\/div><\/div><\/div><div id=\"\" class=\"module col-3 module-id-1696855193307\" data-module-col=\"3\"><div class=\"module-inside single-image-inside\" style=\"--cornerRadius:0px 0px 0px 0px ; --top-mod: 0px;--bottom-mod: 0px;--top-mod-t: 0px;--bottom-mod-t: 0px;--top-mod-m:0px;--bottom-mod-m:0px;\" ><div class=\"single-image-out  \"  ><figure class=\"single-image   single-image-full   \" no><div class=\"ux-hover-wrap anima-wrap\" style=\"padding-top: 121.18343195266%;\"><span class=\"ux-hover-wrap-a\"><img loading=\"lazy\" decoding=\"async\" alt=\"Iv\u00e1n Forcadell, Creo que esto ser\u00e1 mi \u00faltimo\" class=\"single-image-img img1st lazy \" src=\"data:image\/gif;base64,R0lGODlhAQABAIAAAAAAAP\/\/\/yH5BAEAAAAALAAAAAABAAEAAAIBRAA7\" data-src=\"https:\/\/badreljundigallery.com\/wp-content\/uploads\/2023\/09\/Ivan-Forcadell-Creo-que-esto-sera-mi-ultimo.jpeg\" data-srcset=\"https:\/\/badreljundigallery.com\/wp-content\/uploads\/2023\/09\/Ivan-Forcadell-Creo-que-esto-sera-mi-ultimo.jpeg 845w, https:\/\/badreljundigallery.com\/wp-content\/uploads\/2023\/09\/Ivan-Forcadell-Creo-que-esto-sera-mi-ultimo-248x300.jpeg 248w, https:\/\/badreljundigallery.com\/wp-content\/uploads\/2023\/09\/Ivan-Forcadell-Creo-que-esto-sera-mi-ultimo-768x931.jpeg 768w, https:\/\/badreljundigallery.com\/wp-content\/uploads\/2023\/09\/Ivan-Forcadell-Creo-que-esto-sera-mi-ultimo-350x424.jpeg 350w, https:\/\/badreljundigallery.com\/wp-content\/uploads\/2023\/09\/Ivan-Forcadell-Creo-que-esto-sera-mi-ultimo-650x788.jpeg 650w\" data-sizes=\"(max-width: 480px) 320px,(max-width: 767px) 500px,(max-width: 845px) 100vw, 845px\" width=\"845\" height=\"1024\" \/><\/span><\/div><figcaption class=\"single-image-caption left-ux\"><div class=\"single-image-caption-cap\" style=\"font-family: ux-font-1692705694965, Times Roman, times, serif; --fontsizeCap: 20px;--fontsizeCapT: 20px;--fontsizeCapM: 18px;--lineHeightCap: 1.25;--letterSpacingCap: normal;--colorCap: #000000;--topSpaceCap: 10px;--topSpaceCapM: 10px;\">Iv\u00e1n Forcadell, Creo que esto ser\u00e1 mi \u00faltimo<\/div><div class=\"single-image-caption-des\" style=\"--fontsizeCapDes: 14px;--fontsizeCapDesT: 16px;--fontsizeCapDesM: 14px;--lineHeightCapDes: 1.5;--letterSpacingCapDes: normal;--colorCapDes: #000000;--topSpaceCapDes: 10px;\">Mixed media\r\n60 x 73 cm<\/div><\/figcaption><\/figure><\/div><\/div><\/div><div id=\"\" class=\"module col-3 module-id-1696855193411\" data-module-col=\"3\"><div class=\"module-inside single-image-inside\" style=\"--cornerRadius:0px 0px 0px 0px ; --top-mod: 0px;--bottom-mod: 0px;--top-mod-t: 0px;--bottom-mod-t: 0px;--top-mod-m:0px;--bottom-mod-m:0px;\" ><div class=\"single-image-out  \"  ><figure class=\"single-image   single-image-full   \" no><div class=\"ux-hover-wrap anima-wrap\" style=\"padding-top: 119.96251171509%;\"><span class=\"ux-hover-wrap-a\"><img loading=\"lazy\" decoding=\"async\" alt=\"Iv\u00e1n Forcadell, Yo, Forcadell, 2022\" class=\"single-image-img img1st lazy \" src=\"data:image\/gif;base64,R0lGODlhAQABAIAAAAAAAP\/\/\/yH5BAEAAAAALAAAAAABAAEAAAIBRAA7\" data-src=\"https:\/\/badreljundigallery.com\/wp-content\/uploads\/2023\/09\/Ivan-Forcadell-Yo-Forcadell-2022-scaled.jpeg\" data-srcset=\"https:\/\/badreljundigallery.com\/wp-content\/uploads\/2023\/09\/Ivan-Forcadell-Yo-Forcadell-2022-scaled.jpeg 2134w, https:\/\/badreljundigallery.com\/wp-content\/uploads\/2023\/09\/Ivan-Forcadell-Yo-Forcadell-2022-250x300.jpeg 250w, https:\/\/badreljundigallery.com\/wp-content\/uploads\/2023\/09\/Ivan-Forcadell-Yo-Forcadell-2022-853x1024.jpeg 853w, https:\/\/badreljundigallery.com\/wp-content\/uploads\/2023\/09\/Ivan-Forcadell-Yo-Forcadell-2022-768x921.jpeg 768w, https:\/\/badreljundigallery.com\/wp-content\/uploads\/2023\/09\/Ivan-Forcadell-Yo-Forcadell-2022-1280x1536.jpeg 1280w, https:\/\/badreljundigallery.com\/wp-content\/uploads\/2023\/09\/Ivan-Forcadell-Yo-Forcadell-2022-1707x2048.jpeg 1707w, https:\/\/badreljundigallery.com\/wp-content\/uploads\/2023\/09\/Ivan-Forcadell-Yo-Forcadell-2022-350x420.jpeg 350w, https:\/\/badreljundigallery.com\/wp-content\/uploads\/2023\/09\/Ivan-Forcadell-Yo-Forcadell-2022-650x780.jpeg 650w, https:\/\/badreljundigallery.com\/wp-content\/uploads\/2023\/09\/Ivan-Forcadell-Yo-Forcadell-2022-1000x1200.jpeg 1000w, https:\/\/badreljundigallery.com\/wp-content\/uploads\/2023\/09\/Ivan-Forcadell-Yo-Forcadell-2022-2000x2400.jpeg 2000w\" data-sizes=\"(max-width: 480px) 320px,(max-width: 767px) 500px,(max-width: 2134px) 100vw, 2134px\" width=\"2134\" height=\"2560\" \/><\/span><\/div><figcaption class=\"single-image-caption left-ux\"><div class=\"single-image-caption-cap\" style=\"font-family: ux-font-1692705694965, Times Roman, times, serif; --fontsizeCap: 20px;--fontsizeCapT: 20px;--fontsizeCapM: 18px;--lineHeightCap: 1.25;--letterSpacingCap: normal;--colorCap: #000000;--topSpaceCap: 10px;--topSpaceCapM: 10px;\">Iv\u00e1n Forcadell, Yo, Forcadell, 2022<\/div><div class=\"single-image-caption-des\" style=\"--fontsizeCapDes: 14px;--fontsizeCapDesT: 16px;--fontsizeCapDesM: 14px;--lineHeightCapDes: 1.5;--letterSpacingCapDes: normal;--colorCapDes: #000000;--topSpaceCapDes: 10px;\">Mixed media\r\n60 x 73 cm<\/div><\/figcaption><\/figure><\/div><\/div><\/div><div id=\"\" class=\"module col-3 module-id-1696855193515\" data-module-col=\"3\"><div class=\"module-inside single-image-inside\" style=\"--cornerRadius:0px 0px 0px 0px ; --top-mod: 0px;--bottom-mod: 0px;--top-mod-t: 0px;--bottom-mod-t: 0px;--top-mod-m:0px;--bottom-mod-m:0px;\" ><div class=\"single-image-out  \"  ><figure class=\"single-image   single-image-full   \" no><div class=\"ux-hover-wrap anima-wrap\" style=\"padding-top: 122.63473053892%;\"><span class=\"ux-hover-wrap-a\"><img loading=\"lazy\" decoding=\"async\" alt=\"Iv\u00e1n Forcadell, Yo cuando estoy a punto de colapsar, 2022\" class=\"single-image-img img1st lazy \" src=\"data:image\/gif;base64,R0lGODlhAQABAIAAAAAAAP\/\/\/yH5BAEAAAAALAAAAAABAAEAAAIBRAA7\" data-src=\"https:\/\/badreljundigallery.com\/wp-content\/uploads\/2023\/09\/Ivan-Forcadell-Yo-cuando-estoy-a-punto-de-colapsar-2022.jpeg\" data-srcset=\"https:\/\/badreljundigallery.com\/wp-content\/uploads\/2023\/09\/Ivan-Forcadell-Yo-cuando-estoy-a-punto-de-colapsar-2022.jpeg 835w, https:\/\/badreljundigallery.com\/wp-content\/uploads\/2023\/09\/Ivan-Forcadell-Yo-cuando-estoy-a-punto-de-colapsar-2022-245x300.jpeg 245w, https:\/\/badreljundigallery.com\/wp-content\/uploads\/2023\/09\/Ivan-Forcadell-Yo-cuando-estoy-a-punto-de-colapsar-2022-768x942.jpeg 768w, https:\/\/badreljundigallery.com\/wp-content\/uploads\/2023\/09\/Ivan-Forcadell-Yo-cuando-estoy-a-punto-de-colapsar-2022-350x429.jpeg 350w, https:\/\/badreljundigallery.com\/wp-content\/uploads\/2023\/09\/Ivan-Forcadell-Yo-cuando-estoy-a-punto-de-colapsar-2022-650x797.jpeg 650w\" data-sizes=\"(max-width: 480px) 320px,(max-width: 767px) 500px,(max-width: 835px) 100vw, 835px\" width=\"835\" height=\"1024\" \/><\/span><\/div><figcaption class=\"single-image-caption left-ux\"><div class=\"single-image-caption-cap\" style=\"font-family: ux-font-1692705694965, Times Roman, times, serif; --fontsizeCap: 20px;--fontsizeCapT: 20px;--fontsizeCapM: 18px;--lineHeightCap: 1.25;--letterSpacingCap: normal;--colorCap: #000000;--topSpaceCap: 10px;--topSpaceCapM: 10px;\">Iv\u00e1n Forcadell, Yo cuando estoy a punto de colapsar, 2022<\/div><div class=\"single-image-caption-des\" style=\"--fontsizeCapDes: 14px;--fontsizeCapDesT: 16px;--fontsizeCapDesM: 14px;--lineHeightCapDes: 1.5;--letterSpacingCapDes: normal;--colorCapDes: #000000;--topSpaceCapDes: 10px;\">Mixed media\r\n60 x 73 cm<\/div><\/figcaption><\/figure><\/div><\/div><\/div><div id=\"\" class=\"module col-3 module-id-1696855193619\" data-module-col=\"3\"><div class=\"module-inside single-image-inside\" style=\"--cornerRadius:0px 0px 0px 0px ; --top-mod: 0px;--bottom-mod: 0px;--top-mod-t: 0px;--bottom-mod-t: 0px;--top-mod-m:0px;--bottom-mod-m:0px;\" ><div class=\"single-image-out  \"  ><figure class=\"single-image   single-image-full   \" no><div class=\"ux-hover-wrap anima-wrap\" style=\"padding-top: 120.32902467685%;\"><span class=\"ux-hover-wrap-a\"><img loading=\"lazy\" decoding=\"async\" alt=\"Iv\u00e1n Forcadell, yo-como-un-inicio-de-santo, 2022\" class=\"single-image-img img1st lazy \" src=\"data:image\/gif;base64,R0lGODlhAQABAIAAAAAAAP\/\/\/yH5BAEAAAAALAAAAAABAAEAAAIBRAA7\" data-src=\"https:\/\/badreljundigallery.com\/wp-content\/uploads\/2023\/09\/Ivan-Forcadell-yo-como-un-inicio-de-santo-2022.jpeg\" data-srcset=\"https:\/\/badreljundigallery.com\/wp-content\/uploads\/2023\/09\/Ivan-Forcadell-yo-como-un-inicio-de-santo-2022.jpeg 851w, https:\/\/badreljundigallery.com\/wp-content\/uploads\/2023\/09\/Ivan-Forcadell-yo-como-un-inicio-de-santo-2022-249x300.jpeg 249w, https:\/\/badreljundigallery.com\/wp-content\/uploads\/2023\/09\/Ivan-Forcadell-yo-como-un-inicio-de-santo-2022-768x924.jpeg 768w, https:\/\/badreljundigallery.com\/wp-content\/uploads\/2023\/09\/Ivan-Forcadell-yo-como-un-inicio-de-santo-2022-350x421.jpeg 350w, https:\/\/badreljundigallery.com\/wp-content\/uploads\/2023\/09\/Ivan-Forcadell-yo-como-un-inicio-de-santo-2022-650x782.jpeg 650w\" data-sizes=\"(max-width: 480px) 320px,(max-width: 767px) 500px,(max-width: 851px) 100vw, 851px\" width=\"851\" height=\"1024\" \/><\/span><\/div><figcaption class=\"single-image-caption left-ux\"><div class=\"single-image-caption-cap\" style=\"font-family: ux-font-1692705694965, Times Roman, times, serif; --fontsizeCap: 20px;--fontsizeCapT: 20px;--fontsizeCapM: 18px;--lineHeightCap: 1.25;--letterSpacingCap: normal;--colorCap: #000000;--topSpaceCap: 10px;--topSpaceCapM: 10px;\">Iv\u00e1n Forcadell, yo-como-un-inicio-de-santo, 2022<\/div><div class=\"single-image-caption-des\" style=\"--fontsizeCapDes: 14px;--fontsizeCapDesT: 16px;--fontsizeCapDesM: 14px;--lineHeightCapDes: 1.5;--letterSpacingCapDes: normal;--colorCapDes: #000000;--topSpaceCapDes: 10px;\">Mixed media\r\n60 x 73 cm<\/div><\/figcaption><\/figure><\/div><\/div><\/div><div id=\"\" class=\"module col-3 module-id-1696855193723\" data-module-col=\"3\"><div class=\"module-inside single-image-inside\" style=\"--cornerRadius:0px 0px 0px 0px ; --top-mod: 0px;--bottom-mod: 0px;--top-mod-t: 0px;--bottom-mod-t: 0px;--top-mod-m:0px;--bottom-mod-m:0px;\" ><div class=\"single-image-out  \"  ><figure class=\"single-image   single-image-full   \" no><div class=\"ux-hover-wrap anima-wrap\" style=\"padding-top: 117.43119266055%;\"><span class=\"ux-hover-wrap-a\"><img loading=\"lazy\" decoding=\"async\" alt=\"Iv\u00e1n Forcadell, self-portrait-fantasma, 2022\" class=\"single-image-img img1st lazy \" src=\"data:image\/gif;base64,R0lGODlhAQABAIAAAAAAAP\/\/\/yH5BAEAAAAALAAAAAABAAEAAAIBRAA7\" data-src=\"https:\/\/badreljundigallery.com\/wp-content\/uploads\/2023\/09\/Ivan-Forcadell-self-portrait-fantasma-2022.jpeg\" data-srcset=\"https:\/\/badreljundigallery.com\/wp-content\/uploads\/2023\/09\/Ivan-Forcadell-self-portrait-fantasma-2022.jpeg 872w, https:\/\/badreljundigallery.com\/wp-content\/uploads\/2023\/09\/Ivan-Forcadell-self-portrait-fantasma-2022-255x300.jpeg 255w, https:\/\/badreljundigallery.com\/wp-content\/uploads\/2023\/09\/Ivan-Forcadell-self-portrait-fantasma-2022-768x902.jpeg 768w, https:\/\/badreljundigallery.com\/wp-content\/uploads\/2023\/09\/Ivan-Forcadell-self-portrait-fantasma-2022-350x411.jpeg 350w, https:\/\/badreljundigallery.com\/wp-content\/uploads\/2023\/09\/Ivan-Forcadell-self-portrait-fantasma-2022-650x763.jpeg 650w\" data-sizes=\"(max-width: 480px) 320px,(max-width: 767px) 500px,(max-width: 872px) 100vw, 872px\" width=\"872\" height=\"1024\" \/><\/span><\/div><figcaption class=\"single-image-caption left-ux\"><div class=\"single-image-caption-cap\" style=\"font-family: ux-font-1692705694965, Times Roman, times, serif; --fontsizeCap: 20px;--fontsizeCapT: 20px;--fontsizeCapM: 18px;--lineHeightCap: 1.25;--letterSpacingCap: normal;--colorCap: #000000;--topSpaceCap: 10px;--topSpaceCapM: 10px;\">Iv\u00e1n Forcadell, self-portrait-fantasma, 2022<\/div><div class=\"single-image-caption-des\" style=\"--fontsizeCapDes: 14px;--fontsizeCapDesT: 16px;--fontsizeCapDesM: 14px;--lineHeightCapDes: 1.5;--letterSpacingCapDes: normal;--colorCapDes: #000000;--topSpaceCapDes: 10px;\">Mixed media\r\n60 x 73 cm<\/div><\/figcaption><\/figure><\/div><\/div><\/div><div id=\"\" class=\"module col-3 module-id-1696855193832\" data-module-col=\"3\"><div class=\"module-inside single-image-inside\" style=\"--cornerRadius:0px 0px 0px 0px ; --top-mod: 0px;--bottom-mod: 0px;--top-mod-t: 0px;--bottom-mod-t: 0px;--top-mod-m:0px;--bottom-mod-m:0px;\" ><div class=\"single-image-out  \"  ><figure class=\"single-image   single-image-full   \" no><div class=\"ux-hover-wrap anima-wrap\" style=\"padding-top: 126.48221343874%;\"><span class=\"ux-hover-wrap-a\"><img loading=\"lazy\" decoding=\"async\" alt=\"Iv\u00e1n Forcadell, Al final somos bestias, 2022\" class=\"single-image-img img1st lazy \" src=\"data:image\/gif;base64,R0lGODlhAQABAIAAAAAAAP\/\/\/yH5BAEAAAAALAAAAAABAAEAAAIBRAA7\" data-src=\"https:\/\/badreljundigallery.com\/wp-content\/uploads\/2023\/09\/Ivan-Forcadell-Al-final-somos-bestias-2022-scaled.jpeg\" data-srcset=\"https:\/\/badreljundigallery.com\/wp-content\/uploads\/2023\/09\/Ivan-Forcadell-Al-final-somos-bestias-2022-scaled.jpeg 2024w, https:\/\/badreljundigallery.com\/wp-content\/uploads\/2023\/09\/Ivan-Forcadell-Al-final-somos-bestias-2022-237x300.jpeg 237w, https:\/\/badreljundigallery.com\/wp-content\/uploads\/2023\/09\/Ivan-Forcadell-Al-final-somos-bestias-2022-810x1024.jpeg 810w, https:\/\/badreljundigallery.com\/wp-content\/uploads\/2023\/09\/Ivan-Forcadell-Al-final-somos-bestias-2022-768x972.jpeg 768w, https:\/\/badreljundigallery.com\/wp-content\/uploads\/2023\/09\/Ivan-Forcadell-Al-final-somos-bestias-2022-1214x1536.jpeg 1214w, https:\/\/badreljundigallery.com\/wp-content\/uploads\/2023\/09\/Ivan-Forcadell-Al-final-somos-bestias-2022-1619x2048.jpeg 1619w, https:\/\/badreljundigallery.com\/wp-content\/uploads\/2023\/09\/Ivan-Forcadell-Al-final-somos-bestias-2022-350x443.jpeg 350w, https:\/\/badreljundigallery.com\/wp-content\/uploads\/2023\/09\/Ivan-Forcadell-Al-final-somos-bestias-2022-650x822.jpeg 650w, https:\/\/badreljundigallery.com\/wp-content\/uploads\/2023\/09\/Ivan-Forcadell-Al-final-somos-bestias-2022-1000x1265.jpeg 1000w, https:\/\/badreljundigallery.com\/wp-content\/uploads\/2023\/09\/Ivan-Forcadell-Al-final-somos-bestias-2022-2000x2530.jpeg 2000w\" data-sizes=\"(max-width: 480px) 320px,(max-width: 767px) 500px,(max-width: 2024px) 100vw, 2024px\" width=\"2024\" height=\"2560\" \/><\/span><\/div><figcaption class=\"single-image-caption left-ux\"><div class=\"single-image-caption-cap\" style=\"font-family: ux-font-1692705694965, Times Roman, times, serif; --fontsizeCap: 20px;--fontsizeCapT: 20px;--fontsizeCapM: 18px;--lineHeightCap: 1.25;--letterSpacingCap: normal;--colorCap: #000000;--topSpaceCap: 10px;--topSpaceCapM: 10px;\">Iv\u00e1n Forcadell, Al final somos bestias, 2022<\/div><div class=\"single-image-caption-des\" style=\"--fontsizeCapDes: 14px;--fontsizeCapDesT: 16px;--fontsizeCapDesM: 14px;--lineHeightCapDes: 1.5;--letterSpacingCapDes: normal;--colorCapDes: #000000;--topSpaceCapDes: 10px;\">Mixed media\r\n130 x 162 x 17 cm<\/div><\/figcaption><\/figure><\/div><\/div><\/div><div id=\"\" class=\"module col-3 module-id-1696855193935\" data-module-col=\"3\"><div class=\"module-inside single-image-inside\" style=\"--cornerRadius:0px 0px 0px 0px ; --top-mod: 0px;--bottom-mod: 0px;--top-mod-t: 0px;--bottom-mod-t: 0px;--top-mod-m:0px;--bottom-mod-m:0px;\" ><div class=\"single-image-out  \"  ><figure class=\"single-image   single-image-full   \" no><div class=\"ux-hover-wrap anima-wrap\" style=\"padding-top: 123.22503008424%;\"><span class=\"ux-hover-wrap-a\"><img loading=\"lazy\" decoding=\"async\" alt=\"Iv\u00e1n Forcadell, Lunar 1, 2022\" class=\"single-image-img img1st lazy \" src=\"data:image\/gif;base64,R0lGODlhAQABAIAAAAAAAP\/\/\/yH5BAEAAAAALAAAAAABAAEAAAIBRAA7\" data-src=\"https:\/\/badreljundigallery.com\/wp-content\/uploads\/2023\/09\/Ivan-Forcadell-Lunar-1-2022.jpeg\" data-srcset=\"https:\/\/badreljundigallery.com\/wp-content\/uploads\/2023\/09\/Ivan-Forcadell-Lunar-1-2022.jpeg 831w, https:\/\/badreljundigallery.com\/wp-content\/uploads\/2023\/09\/Ivan-Forcadell-Lunar-1-2022-243x300.jpeg 243w, https:\/\/badreljundigallery.com\/wp-content\/uploads\/2023\/09\/Ivan-Forcadell-Lunar-1-2022-768x946.jpeg 768w, https:\/\/badreljundigallery.com\/wp-content\/uploads\/2023\/09\/Ivan-Forcadell-Lunar-1-2022-350x431.jpeg 350w, https:\/\/badreljundigallery.com\/wp-content\/uploads\/2023\/09\/Ivan-Forcadell-Lunar-1-2022-650x801.jpeg 650w\" data-sizes=\"(max-width: 480px) 320px,(max-width: 767px) 500px,(max-width: 831px) 100vw, 831px\" width=\"831\" height=\"1024\" \/><\/span><\/div><figcaption class=\"single-image-caption left-ux\"><div class=\"single-image-caption-cap\" style=\"font-family: ux-font-1692705694965, Times Roman, times, serif; --fontsizeCap: 20px;--fontsizeCapT: 20px;--fontsizeCapM: 18px;--lineHeightCap: 1.25;--letterSpacingCap: normal;--colorCap: #000000;--topSpaceCap: 10px;--topSpaceCapM: 10px;\">Iv\u00e1n Forcadell, Lunar 1, 2022<\/div><div class=\"single-image-caption-des\" style=\"--fontsizeCapDes: 14px;--fontsizeCapDesT: 16px;--fontsizeCapDesM: 14px;--lineHeightCapDes: 1.5;--letterSpacingCapDes: normal;--colorCapDes: #000000;--topSpaceCapDes: 10px;\">Mixed media\r\n130 x 162 cm<\/div><\/figcaption><\/figure><\/div><\/div><\/div><div id=\"\" class=\"module col-3 module-id-169685519439\" data-module-col=\"3\"><div class=\"module-inside single-image-inside\" style=\"--cornerRadius:0px 0px 0px 0px ; --top-mod: 0px;--bottom-mod: 0px;--top-mod-t: 0px;--bottom-mod-t: 0px;--top-mod-m:0px;--bottom-mod-m:0px;\" ><div class=\"single-image-out  \"  ><figure class=\"single-image   single-image-full   \" no><div class=\"ux-hover-wrap anima-wrap\" style=\"padding-top: 133.33333333333%;\"><span class=\"ux-hover-wrap-a\"><img loading=\"lazy\" decoding=\"async\" alt=\"Iv\u00e1n Forcadell, Desesperada paciencia, 2022\" class=\"single-image-img img1st lazy \" src=\"data:image\/gif;base64,R0lGODlhAQABAIAAAAAAAP\/\/\/yH5BAEAAAAALAAAAAABAAEAAAIBRAA7\" data-src=\"https:\/\/badreljundigallery.com\/wp-content\/uploads\/2023\/09\/Ivan-Forcadell-Desesperada-paciencia-2022.jpeg\" data-srcset=\"https:\/\/badreljundigallery.com\/wp-content\/uploads\/2023\/09\/Ivan-Forcadell-Desesperada-paciencia-2022.jpeg 768w, https:\/\/badreljundigallery.com\/wp-content\/uploads\/2023\/09\/Ivan-Forcadell-Desesperada-paciencia-2022-225x300.jpeg 225w, https:\/\/badreljundigallery.com\/wp-content\/uploads\/2023\/09\/Ivan-Forcadell-Desesperada-paciencia-2022-350x467.jpeg 350w, https:\/\/badreljundigallery.com\/wp-content\/uploads\/2023\/09\/Ivan-Forcadell-Desesperada-paciencia-2022-650x867.jpeg 650w\" data-sizes=\"(max-width: 480px) 320px,(max-width: 767px) 500px,(max-width: 768px) 100vw, 768px\" width=\"768\" height=\"1024\" \/><\/span><\/div><figcaption class=\"single-image-caption left-ux\"><div class=\"single-image-caption-cap\" style=\"font-family: ux-font-1692705694965, Times Roman, times, serif; --fontsizeCap: 20px;--fontsizeCapT: 20px;--fontsizeCapM: 18px;--lineHeightCap: 1.25;--letterSpacingCap: normal;--colorCap: #000000;--topSpaceCap: 10px;--topSpaceCapM: 10px;\">Iv\u00e1n Forcadell, Desesperada paciencia, 2022<\/div><div class=\"single-image-caption-des\" style=\"--fontsizeCapDes: 14px;--fontsizeCapDesT: 16px;--fontsizeCapDesM: 14px;--lineHeightCapDes: 1.5;--letterSpacingCapDes: normal;--colorCapDes: #000000;--topSpaceCapDes: 10px;\">White clay and slip, engraved, glazed\r\n30 x 17 cm<\/div><\/figcaption><\/figure><\/div><\/div><\/div><div id=\"\" class=\"module col-3 module-id-1696855194144\" data-module-col=\"3\"><div class=\"module-inside single-image-inside\" style=\"--cornerRadius:0px 0px 0px 0px ; --top-mod: 0px;--bottom-mod: 0px;--top-mod-t: 0px;--bottom-mod-t: 0px;--top-mod-m:0px;--bottom-mod-m:0px;\" ><div class=\"single-image-out  \"  ><figure class=\"single-image   single-image-full   \" no><div class=\"ux-hover-wrap anima-wrap\" style=\"padding-top: 108.58960763521%;\"><span class=\"ux-hover-wrap-a\"><img loading=\"lazy\" decoding=\"async\" alt=\"Iv\u00e1n Forcadell, Margarita, 2021\" class=\"single-image-img img1st lazy \" src=\"data:image\/gif;base64,R0lGODlhAQABAIAAAAAAAP\/\/\/yH5BAEAAAAALAAAAAABAAEAAAIBRAA7\" data-src=\"https:\/\/badreljundigallery.com\/wp-content\/uploads\/2023\/09\/Ivan-Forcadell-Margarita-2021.jpeg\" data-srcset=\"https:\/\/badreljundigallery.com\/wp-content\/uploads\/2023\/09\/Ivan-Forcadell-Margarita-2021.jpeg 943w, https:\/\/badreljundigallery.com\/wp-content\/uploads\/2023\/09\/Ivan-Forcadell-Margarita-2021-276x300.jpeg 276w, https:\/\/badreljundigallery.com\/wp-content\/uploads\/2023\/09\/Ivan-Forcadell-Margarita-2021-768x834.jpeg 768w, https:\/\/badreljundigallery.com\/wp-content\/uploads\/2023\/09\/Ivan-Forcadell-Margarita-2021-350x380.jpeg 350w, https:\/\/badreljundigallery.com\/wp-content\/uploads\/2023\/09\/Ivan-Forcadell-Margarita-2021-650x706.jpeg 650w\" data-sizes=\"(max-width: 480px) 320px,(max-width: 767px) 500px,(max-width: 943px) 100vw, 943px\" width=\"943\" height=\"1024\" \/><\/span><\/div><figcaption class=\"single-image-caption left-ux\"><div class=\"single-image-caption-cap\" style=\"font-family: ux-font-1692705694965, Times Roman, times, serif; --fontsizeCap: 20px;--fontsizeCapT: 20px;--fontsizeCapM: 18px;--lineHeightCap: 1.25;--letterSpacingCap: normal;--colorCap: #000000;--topSpaceCap: 10px;--topSpaceCapM: 10px;\">Iv\u00e1n Forcadell, Margarita, 2021<\/div><div class=\"single-image-caption-des\" style=\"--fontsizeCapDes: 14px;--fontsizeCapDesT: 16px;--fontsizeCapDesM: 14px;--lineHeightCapDes: 1.5;--letterSpacingCapDes: normal;--colorCapDes: #000000;--topSpaceCapDes: 10px;\">White clay and slip, glazed\r\n42 x 28 cm<\/div><\/figcaption><\/figure><\/div><\/div><\/div><div id=\"\" class=\"module col-3 module-id-1696855194249\" data-module-col=\"3\"><div class=\"module-inside single-image-inside\" style=\"--cornerRadius:0px 0px 0px 0px ; --top-mod: 0px;--bottom-mod: 0px;--top-mod-t: 0px;--bottom-mod-t: 0px;--top-mod-m:0px;--bottom-mod-m:0px;\" ><div class=\"single-image-out  \"  ><figure class=\"single-image   single-image-full   \" no><div class=\"ux-hover-wrap anima-wrap\" style=\"padding-top: 133.33333333333%;\"><span class=\"ux-hover-wrap-a\"><img loading=\"lazy\" decoding=\"async\" alt=\"Iv\u00e1n Forcadell, cap de bou, 2022\" class=\"single-image-img img1st lazy \" src=\"data:image\/gif;base64,R0lGODlhAQABAIAAAAAAAP\/\/\/yH5BAEAAAAALAAAAAABAAEAAAIBRAA7\" data-src=\"https:\/\/badreljundigallery.com\/wp-content\/uploads\/2023\/09\/Ivan-Forcadell-cap-de-bou-2022.jpeg\" data-srcset=\"https:\/\/badreljundigallery.com\/wp-content\/uploads\/2023\/09\/Ivan-Forcadell-cap-de-bou-2022.jpeg 960w, https:\/\/badreljundigallery.com\/wp-content\/uploads\/2023\/09\/Ivan-Forcadell-cap-de-bou-2022-225x300.jpeg 225w, https:\/\/badreljundigallery.com\/wp-content\/uploads\/2023\/09\/Ivan-Forcadell-cap-de-bou-2022-768x1024.jpeg 768w, https:\/\/badreljundigallery.com\/wp-content\/uploads\/2023\/09\/Ivan-Forcadell-cap-de-bou-2022-350x467.jpeg 350w, https:\/\/badreljundigallery.com\/wp-content\/uploads\/2023\/09\/Ivan-Forcadell-cap-de-bou-2022-650x867.jpeg 650w\" data-sizes=\"(max-width: 480px) 320px,(max-width: 767px) 500px,(max-width: 960px) 100vw, 960px\" width=\"960\" height=\"1280\" \/><\/span><\/div><figcaption class=\"single-image-caption left-ux\"><div class=\"single-image-caption-cap\" style=\"font-family: ux-font-1692705694965, Times Roman, times, serif; --fontsizeCap: 20px;--fontsizeCapT: 20px;--fontsizeCapM: 18px;--lineHeightCap: 1.25;--letterSpacingCap: normal;--colorCap: #000000;--topSpaceCap: 10px;--topSpaceCapM: 10px;\">Iv\u00e1n Forcadell, cap de bou, 2022<\/div><div class=\"single-image-caption-des\" style=\"--fontsizeCapDes: 14px;--fontsizeCapDesT: 16px;--fontsizeCapDesM: 14px;--lineHeightCapDes: 1.5;--letterSpacingCapDes: normal;--colorCapDes: #000000;--topSpaceCapDes: 10px;\">White clay and slip, glazed\r\n30 x 15 x 15 cm<\/div><\/figcaption><\/figure><\/div><\/div><\/div><div id=\"\" class=\"module col-3 module-id-1696855194353\" data-module-col=\"3\"><div class=\"module-inside single-image-inside\" style=\"--cornerRadius:0px 0px 0px 0px ; --top-mod: 0px;--bottom-mod: 0px;--top-mod-t: 0px;--bottom-mod-t: 0px;--top-mod-m:0px;--bottom-mod-m:0px;\" ><div class=\"single-image-out  \"  ><figure class=\"single-image   single-image-full   \" no><div class=\"ux-hover-wrap anima-wrap\" style=\"padding-top: 145.86894586895%;\"><span class=\"ux-hover-wrap-a\"><img loading=\"lazy\" decoding=\"async\" alt=\"Iv\u00e1n Forcadell, moixons i cap, 2022\" class=\"single-image-img img1st lazy \" src=\"data:image\/gif;base64,R0lGODlhAQABAIAAAAAAAP\/\/\/yH5BAEAAAAALAAAAAABAAEAAAIBRAA7\" data-src=\"https:\/\/badreljundigallery.com\/wp-content\/uploads\/2023\/09\/Ivan-Forcadell-moixons-i-cap-2022.jpeg\" data-srcset=\"https:\/\/badreljundigallery.com\/wp-content\/uploads\/2023\/09\/Ivan-Forcadell-moixons-i-cap-2022.jpeg 702w, https:\/\/badreljundigallery.com\/wp-content\/uploads\/2023\/09\/Ivan-Forcadell-moixons-i-cap-2022-206x300.jpeg 206w, https:\/\/badreljundigallery.com\/wp-content\/uploads\/2023\/09\/Ivan-Forcadell-moixons-i-cap-2022-350x511.jpeg 350w, https:\/\/badreljundigallery.com\/wp-content\/uploads\/2023\/09\/Ivan-Forcadell-moixons-i-cap-2022-650x948.jpeg 650w\" data-sizes=\"(max-width: 480px) 320px,(max-width: 767px) 500px,(max-width: 702px) 100vw, 702px\" width=\"702\" height=\"1024\" \/><\/span><\/div><figcaption class=\"single-image-caption left-ux\"><div class=\"single-image-caption-cap\" style=\"font-family: ux-font-1692705694965, Times Roman, times, serif; --fontsizeCap: 20px;--fontsizeCapT: 20px;--fontsizeCapM: 18px;--lineHeightCap: 1.25;--letterSpacingCap: normal;--colorCap: #000000;--topSpaceCap: 10px;--topSpaceCapM: 10px;\">Iv\u00e1n Forcadell, moixons i cap, 2022<\/div><div class=\"single-image-caption-des\" style=\"--fontsizeCapDes: 14px;--fontsizeCapDesT: 16px;--fontsizeCapDesM: 14px;--lineHeightCapDes: 1.5;--letterSpacingCapDes: normal;--colorCapDes: #000000;--topSpaceCapDes: 10px;\">White clay and slip, glazed\r\n30 x 15 x 15 cm<\/div><\/figcaption><\/figure><\/div><\/div><\/div><div id=\"\" class=\"module col-3 module-id-1696855194456\" data-module-col=\"3\"><div class=\"module-inside single-image-inside\" style=\"--cornerRadius:0px 0px 0px 0px ; --top-mod: 0px;--bottom-mod: 0px;--top-mod-t: 0px;--bottom-mod-t: 0px;--top-mod-m:0px;--bottom-mod-m:0px;\" ><div class=\"single-image-out  \"  ><figure class=\"single-image   single-image-full   \" no><div class=\"ux-hover-wrap anima-wrap\" style=\"padding-top: 151.25553914328%;\"><span class=\"ux-hover-wrap-a\"><img loading=\"lazy\" decoding=\"async\" alt=\"Iv\u00e1n Forcadell, A la espera, equilibrio, 2022\" class=\"single-image-img img1st lazy \" src=\"data:image\/gif;base64,R0lGODlhAQABAIAAAAAAAP\/\/\/yH5BAEAAAAALAAAAAABAAEAAAIBRAA7\" data-src=\"https:\/\/badreljundigallery.com\/wp-content\/uploads\/2023\/09\/Ivan-Forcadell-A-la-espera-equilibrio-2022.jpeg\" data-srcset=\"https:\/\/badreljundigallery.com\/wp-content\/uploads\/2023\/09\/Ivan-Forcadell-A-la-espera-equilibrio-2022.jpeg 677w, https:\/\/badreljundigallery.com\/wp-content\/uploads\/2023\/09\/Ivan-Forcadell-A-la-espera-equilibrio-2022-198x300.jpeg 198w, https:\/\/badreljundigallery.com\/wp-content\/uploads\/2023\/09\/Ivan-Forcadell-A-la-espera-equilibrio-2022-350x529.jpeg 350w, https:\/\/badreljundigallery.com\/wp-content\/uploads\/2023\/09\/Ivan-Forcadell-A-la-espera-equilibrio-2022-650x983.jpeg 650w\" data-sizes=\"(max-width: 480px) 320px,(max-width: 767px) 500px,(max-width: 677px) 100vw, 677px\" width=\"677\" height=\"1024\" \/><\/span><\/div><figcaption class=\"single-image-caption left-ux\"><div class=\"single-image-caption-cap\" style=\"font-family: ux-font-1692705694965, Times Roman, times, serif; --fontsizeCap: 20px;--fontsizeCapT: 20px;--fontsizeCapM: 18px;--lineHeightCap: 1.25;--letterSpacingCap: normal;--colorCap: #000000;--topSpaceCap: 10px;--topSpaceCapM: 10px;\">Iv\u00e1n Forcadell, A la espera, equilibrio, 2022<\/div><div class=\"single-image-caption-des\" style=\"--fontsizeCapDes: 14px;--fontsizeCapDesT: 16px;--fontsizeCapDesM: 14px;--lineHeightCapDes: 1.5;--letterSpacingCapDes: normal;--colorCapDes: #000000;--topSpaceCapDes: 10px;\">White clay and slip, glazed\r\n30 x 15 x 15 cm<\/div><\/figcaption><\/figure><\/div><\/div><\/div><div id=\"\" class=\"module col-3 module-id-1696855194561\" data-module-col=\"3\"><div class=\"module-inside single-image-inside\" style=\"--cornerRadius:0px 0px 0px 0px ; --top-mod: 0px;--bottom-mod: 0px;--top-mod-t: 0px;--bottom-mod-t: 0px;--top-mod-m:0px;--bottom-mod-m:0px;\" ><div class=\"single-image-out  \"  ><figure class=\"single-image   single-image-full   \" no><div class=\"ux-hover-wrap anima-wrap\" style=\"padding-top: 133.33333333333%;\"><span class=\"ux-hover-wrap-a\"><img loading=\"lazy\" decoding=\"async\" alt=\"Iv\u00e1n Forcadell, Margarita, 2021\" class=\"single-image-img img1st lazy \" src=\"data:image\/gif;base64,R0lGODlhAQABAIAAAAAAAP\/\/\/yH5BAEAAAAALAAAAAABAAEAAAIBRAA7\" data-src=\"https:\/\/badreljundigallery.com\/wp-content\/uploads\/2023\/09\/Ivan-Forcadell-Margarita-2021-1.jpeg\" data-srcset=\"https:\/\/badreljundigallery.com\/wp-content\/uploads\/2023\/09\/Ivan-Forcadell-Margarita-2021-1.jpeg 768w, https:\/\/badreljundigallery.com\/wp-content\/uploads\/2023\/09\/Ivan-Forcadell-Margarita-2021-1-225x300.jpeg 225w, https:\/\/badreljundigallery.com\/wp-content\/uploads\/2023\/09\/Ivan-Forcadell-Margarita-2021-1-350x467.jpeg 350w, https:\/\/badreljundigallery.com\/wp-content\/uploads\/2023\/09\/Ivan-Forcadell-Margarita-2021-1-650x867.jpeg 650w\" data-sizes=\"(max-width: 480px) 320px,(max-width: 767px) 500px,(max-width: 768px) 100vw, 768px\" width=\"768\" height=\"1024\" \/><\/span><\/div><figcaption class=\"single-image-caption left-ux\"><div class=\"single-image-caption-cap\" style=\"font-family: ux-font-1692705694965, Times Roman, times, serif; --fontsizeCap: 20px;--fontsizeCapT: 20px;--fontsizeCapM: 18px;--lineHeightCap: 1.25;--letterSpacingCap: normal;--colorCap: #000000;--topSpaceCap: 10px;--topSpaceCapM: 10px;\">Iv\u00e1n Forcadell, Margarita, 2021<\/div><div class=\"single-image-caption-des\" style=\"--fontsizeCapDes: 14px;--fontsizeCapDesT: 16px;--fontsizeCapDesM: 14px;--lineHeightCapDes: 1.5;--letterSpacingCapDes: normal;--colorCapDes: #000000;--topSpaceCapDes: 10px;\">White clay and slip, glazed\r\n30 x 15 x 15 cm<\/div><\/figcaption><\/figure><\/div><\/div><\/div><div id=\"\" class=\"module col-3 module-id-1696855194665\" data-module-col=\"3\"><div class=\"module-inside single-image-inside\" style=\"--cornerRadius:0px 0px 0px 0px ; --top-mod: 0px;--bottom-mod: 0px;--top-mod-t: 0px;--bottom-mod-t: 0px;--top-mod-m:0px;--bottom-mod-m:0px;\" ><div class=\"single-image-out  \"  ><figure class=\"single-image   single-image-full   \" no><div class=\"ux-hover-wrap anima-wrap\" style=\"padding-top: 133.33333333333%;\"><span class=\"ux-hover-wrap-a\"><img loading=\"lazy\" decoding=\"async\" alt=\"Iv\u00e1n Forcadell, dos de m\u00ed, 2022\" class=\"single-image-img img1st lazy \" src=\"data:image\/gif;base64,R0lGODlhAQABAIAAAAAAAP\/\/\/yH5BAEAAAAALAAAAAABAAEAAAIBRAA7\" data-src=\"https:\/\/badreljundigallery.com\/wp-content\/uploads\/2023\/09\/Ivan-Forcadell-dos-de-mi-2022-scaled.jpeg\" data-srcset=\"https:\/\/badreljundigallery.com\/wp-content\/uploads\/2023\/09\/Ivan-Forcadell-dos-de-mi-2022-scaled.jpeg 1920w, https:\/\/badreljundigallery.com\/wp-content\/uploads\/2023\/09\/Ivan-Forcadell-dos-de-mi-2022-225x300.jpeg 225w, https:\/\/badreljundigallery.com\/wp-content\/uploads\/2023\/09\/Ivan-Forcadell-dos-de-mi-2022-768x1024.jpeg 768w, https:\/\/badreljundigallery.com\/wp-content\/uploads\/2023\/09\/Ivan-Forcadell-dos-de-mi-2022-1152x1536.jpeg 1152w, https:\/\/badreljundigallery.com\/wp-content\/uploads\/2023\/09\/Ivan-Forcadell-dos-de-mi-2022-1536x2048.jpeg 1536w, https:\/\/badreljundigallery.com\/wp-content\/uploads\/2023\/09\/Ivan-Forcadell-dos-de-mi-2022-350x467.jpeg 350w, https:\/\/badreljundigallery.com\/wp-content\/uploads\/2023\/09\/Ivan-Forcadell-dos-de-mi-2022-650x867.jpeg 650w, https:\/\/badreljundigallery.com\/wp-content\/uploads\/2023\/09\/Ivan-Forcadell-dos-de-mi-2022-1000x1333.jpeg 1000w, https:\/\/badreljundigallery.com\/wp-content\/uploads\/2023\/09\/Ivan-Forcadell-dos-de-mi-2022-2000x2667.jpeg 2000w\" data-sizes=\"(max-width: 480px) 320px,(max-width: 767px) 500px,(max-width: 1920px) 100vw, 1920px\" width=\"1920\" height=\"2560\" \/><\/span><\/div><figcaption class=\"single-image-caption left-ux\"><div class=\"single-image-caption-cap\" style=\"font-family: ux-font-1692705694965, Times Roman, times, serif; --fontsizeCap: 20px;--fontsizeCapT: 20px;--fontsizeCapM: 18px;--lineHeightCap: 1.25;--letterSpacingCap: normal;--colorCap: #000000;--topSpaceCap: 10px;--topSpaceCapM: 10px;\">Iv\u00e1n Forcadell, dos de m\u00ed, 2022<\/div><div class=\"single-image-caption-des\" style=\"--fontsizeCapDes: 14px;--fontsizeCapDesT: 16px;--fontsizeCapDesM: 14px;--lineHeightCapDes: 1.5;--letterSpacingCapDes: normal;--colorCapDes: #000000;--topSpaceCapDes: 10px;\">White clay and slip, glazed\r\n30 x 15 x 15 cm<\/div><\/figcaption><\/figure><\/div><\/div><\/div><div id=\"\" class=\"module col-3 module-id-1696855194769\" data-module-col=\"3\"><div class=\"module-inside single-image-inside\" style=\"--cornerRadius:0px 0px 0px 0px ; --top-mod: 0px;--bottom-mod: 0px;--top-mod-t: 0px;--bottom-mod-t: 0px;--top-mod-m:0px;--bottom-mod-m:0px;\" ><div class=\"single-image-out  \"  ><figure class=\"single-image   single-image-full   \" no><div class=\"ux-hover-wrap anima-wrap\" style=\"padding-top: 149.92679355783%;\"><span class=\"ux-hover-wrap-a\"><img loading=\"lazy\" decoding=\"async\" alt=\"Iv\u00e1n Forcadell, S.Ella, 2022\" class=\"single-image-img img1st lazy \" src=\"data:image\/gif;base64,R0lGODlhAQABAIAAAAAAAP\/\/\/yH5BAEAAAAALAAAAAABAAEAAAIBRAA7\" data-src=\"https:\/\/badreljundigallery.com\/wp-content\/uploads\/2023\/09\/Ivan-Forcadell-S.Ella-2022.jpeg\" data-srcset=\"https:\/\/badreljundigallery.com\/wp-content\/uploads\/2023\/09\/Ivan-Forcadell-S.Ella-2022.jpeg 683w, https:\/\/badreljundigallery.com\/wp-content\/uploads\/2023\/09\/Ivan-Forcadell-S.Ella-2022-200x300.jpeg 200w, https:\/\/badreljundigallery.com\/wp-content\/uploads\/2023\/09\/Ivan-Forcadell-S.Ella-2022-350x525.jpeg 350w, https:\/\/badreljundigallery.com\/wp-content\/uploads\/2023\/09\/Ivan-Forcadell-S.Ella-2022-650x975.jpeg 650w\" data-sizes=\"(max-width: 480px) 320px,(max-width: 767px) 500px,(max-width: 683px) 100vw, 683px\" width=\"683\" height=\"1024\" \/><\/span><\/div><figcaption class=\"single-image-caption left-ux\"><div class=\"single-image-caption-cap\" style=\"font-family: ux-font-1692705694965, Times Roman, times, serif; --fontsizeCap: 20px;--fontsizeCapT: 20px;--fontsizeCapM: 18px;--lineHeightCap: 1.25;--letterSpacingCap: normal;--colorCap: #000000;--topSpaceCap: 10px;--topSpaceCapM: 10px;\">Iv\u00e1n Forcadell, S.Ella, 2022<\/div><div class=\"single-image-caption-des\" style=\"--fontsizeCapDes: 14px;--fontsizeCapDesT: 16px;--fontsizeCapDesM: 14px;--lineHeightCapDes: 1.5;--letterSpacingCapDes: normal;--colorCapDes: #000000;--topSpaceCapDes: 10px;\">White clay and slip, glazed\r\n42 x 28 cm<\/div><\/figcaption><\/figure><\/div><\/div><\/div><div id=\"\" class=\"module col-3 module-id-1696855194872\" data-module-col=\"3\"><div class=\"module-inside single-image-inside\" style=\"--cornerRadius:0px 0px 0px 0px ; --top-mod: 0px;--bottom-mod: 0px;--top-mod-t: 0px;--bottom-mod-t: 0px;--top-mod-m:0px;--bottom-mod-m:0px;\" ><div class=\"single-image-out  \"  ><figure class=\"single-image   single-image-full   \" no><div class=\"ux-hover-wrap anima-wrap\" style=\"padding-top: 149.92679355783%;\"><span class=\"ux-hover-wrap-a\"><img loading=\"lazy\" decoding=\"async\" alt=\"Iv\u00e1n Forcadell, Aulivero 1, 2022\" class=\"single-image-img img1st lazy \" src=\"data:image\/gif;base64,R0lGODlhAQABAIAAAAAAAP\/\/\/yH5BAEAAAAALAAAAAABAAEAAAIBRAA7\" data-src=\"https:\/\/badreljundigallery.com\/wp-content\/uploads\/2023\/09\/Ivan-Forcadell-Aulivero-1-2022.jpeg\" data-srcset=\"https:\/\/badreljundigallery.com\/wp-content\/uploads\/2023\/09\/Ivan-Forcadell-Aulivero-1-2022.jpeg 683w, https:\/\/badreljundigallery.com\/wp-content\/uploads\/2023\/09\/Ivan-Forcadell-Aulivero-1-2022-200x300.jpeg 200w, https:\/\/badreljundigallery.com\/wp-content\/uploads\/2023\/09\/Ivan-Forcadell-Aulivero-1-2022-350x525.jpeg 350w, https:\/\/badreljundigallery.com\/wp-content\/uploads\/2023\/09\/Ivan-Forcadell-Aulivero-1-2022-650x975.jpeg 650w\" data-sizes=\"(max-width: 480px) 320px,(max-width: 767px) 500px,(max-width: 683px) 100vw, 683px\" width=\"683\" height=\"1024\" \/><\/span><\/div><figcaption class=\"single-image-caption left-ux\"><div class=\"single-image-caption-cap\" style=\"font-family: ux-font-1692705694965, Times Roman, times, serif; --fontsizeCap: 20px;--fontsizeCapT: 20px;--fontsizeCapM: 18px;--lineHeightCap: 1.25;--letterSpacingCap: normal;--colorCap: #000000;--topSpaceCap: 10px;--topSpaceCapM: 10px;\">Iv\u00e1n Forcadell, Aulivero 1, 2022<\/div><div class=\"single-image-caption-des\" style=\"--fontsizeCapDes: 14px;--fontsizeCapDesT: 16px;--fontsizeCapDesM: 14px;--lineHeightCapDes: 1.5;--letterSpacingCapDes: normal;--colorCapDes: #000000;--topSpaceCapDes: 10px;\">White clay and slip, glazed\r\n52 x 24 cm<\/div><\/figcaption><\/figure><\/div><\/div><\/div><div id=\"\" class=\"module col-3 module-id-1696855194975\" data-module-col=\"3\"><div class=\"module-inside single-image-inside\" style=\"--cornerRadius:0px 0px 0px 0px ; --top-mod: 0px;--bottom-mod: 0px;--top-mod-t: 0px;--bottom-mod-t: 0px;--top-mod-m:0px;--bottom-mod-m:0px;\" ><div class=\"single-image-out  \"  ><figure class=\"single-image   single-image-full   \" no><div class=\"ux-hover-wrap anima-wrap\" style=\"padding-top: 149.97070884593%;\"><span class=\"ux-hover-wrap-a\"><img loading=\"lazy\" decoding=\"async\" alt=\"Iv\u00e1n Forcadell, Aulivero 2, 2022\" class=\"single-image-img img1st lazy \" src=\"data:image\/gif;base64,R0lGODlhAQABAIAAAAAAAP\/\/\/yH5BAEAAAAALAAAAAABAAEAAAIBRAA7\" data-src=\"https:\/\/badreljundigallery.com\/wp-content\/uploads\/2023\/09\/Ivan-Forcadell-Aulivero-2-2022-scaled.jpeg\" data-srcset=\"https:\/\/badreljundigallery.com\/wp-content\/uploads\/2023\/09\/Ivan-Forcadell-Aulivero-2-2022-scaled.jpeg 1707w, https:\/\/badreljundigallery.com\/wp-content\/uploads\/2023\/09\/Ivan-Forcadell-Aulivero-2-2022-200x300.jpeg 200w, https:\/\/badreljundigallery.com\/wp-content\/uploads\/2023\/09\/Ivan-Forcadell-Aulivero-2-2022-683x1024.jpeg 683w, https:\/\/badreljundigallery.com\/wp-content\/uploads\/2023\/09\/Ivan-Forcadell-Aulivero-2-2022-768x1152.jpeg 768w, https:\/\/badreljundigallery.com\/wp-content\/uploads\/2023\/09\/Ivan-Forcadell-Aulivero-2-2022-1024x1536.jpeg 1024w, https:\/\/badreljundigallery.com\/wp-content\/uploads\/2023\/09\/Ivan-Forcadell-Aulivero-2-2022-1366x2048.jpeg 1366w, https:\/\/badreljundigallery.com\/wp-content\/uploads\/2023\/09\/Ivan-Forcadell-Aulivero-2-2022-350x525.jpeg 350w, https:\/\/badreljundigallery.com\/wp-content\/uploads\/2023\/09\/Ivan-Forcadell-Aulivero-2-2022-650x975.jpeg 650w, https:\/\/badreljundigallery.com\/wp-content\/uploads\/2023\/09\/Ivan-Forcadell-Aulivero-2-2022-1000x1500.jpeg 1000w, https:\/\/badreljundigallery.com\/wp-content\/uploads\/2023\/09\/Ivan-Forcadell-Aulivero-2-2022-2000x3000.jpeg 2000w\" data-sizes=\"(max-width: 480px) 320px,(max-width: 767px) 500px,(max-width: 1707px) 100vw, 1707px\" width=\"1707\" height=\"2560\" \/><\/span><\/div><figcaption class=\"single-image-caption left-ux\"><div class=\"single-image-caption-cap\" style=\"font-family: ux-font-1692705694965, Times Roman, times, serif; --fontsizeCap: 20px;--fontsizeCapT: 20px;--fontsizeCapM: 18px;--lineHeightCap: 1.25;--letterSpacingCap: normal;--colorCap: #000000;--topSpaceCap: 10px;--topSpaceCapM: 10px;\">Iv\u00e1n Forcadell, Aulivero 2, 2022<\/div><div class=\"single-image-caption-des\" style=\"--fontsizeCapDes: 14px;--fontsizeCapDesT: 16px;--fontsizeCapDesM: 14px;--lineHeightCapDes: 1.5;--letterSpacingCapDes: normal;--colorCapDes: #000000;--topSpaceCapDes: 10px;\">White clay and slip, glazed\r\n52 x 24 cm<\/div><\/figcaption><\/figure><\/div><\/div><\/div><div id=\"\" class=\"module col-3 module-id-169685519579\" data-module-col=\"3\"><div class=\"module-inside single-image-inside\" style=\"--cornerRadius:0px 0px 0px 0px ; --top-mod: 0px;--bottom-mod: 0px;--top-mod-t: 0px;--bottom-mod-t: 0px;--top-mod-m:0px;--bottom-mod-m:0px;\" ><div class=\"single-image-out  \"  ><figure class=\"single-image   single-image-full   \" no><div class=\"ux-hover-wrap anima-wrap\" style=\"padding-top: 150.14662756598%;\"><span class=\"ux-hover-wrap-a\"><img loading=\"lazy\" decoding=\"async\" alt=\"Iv\u00e1n Forcadell, Jo en gota, 2022\" class=\"single-image-img img1st lazy \" src=\"data:image\/gif;base64,R0lGODlhAQABAIAAAAAAAP\/\/\/yH5BAEAAAAALAAAAAABAAEAAAIBRAA7\" data-src=\"https:\/\/badreljundigallery.com\/wp-content\/uploads\/2023\/09\/Ivan-Forcadell-Jo-en-gota-2022.jpeg\" data-srcset=\"https:\/\/badreljundigallery.com\/wp-content\/uploads\/2023\/09\/Ivan-Forcadell-Jo-en-gota-2022.jpeg 682w, https:\/\/badreljundigallery.com\/wp-content\/uploads\/2023\/09\/Ivan-Forcadell-Jo-en-gota-2022-200x300.jpeg 200w, https:\/\/badreljundigallery.com\/wp-content\/uploads\/2023\/09\/Ivan-Forcadell-Jo-en-gota-2022-350x526.jpeg 350w, https:\/\/badreljundigallery.com\/wp-content\/uploads\/2023\/09\/Ivan-Forcadell-Jo-en-gota-2022-650x976.jpeg 650w\" data-sizes=\"(max-width: 480px) 320px,(max-width: 767px) 500px,(max-width: 682px) 100vw, 682px\" width=\"682\" height=\"1024\" \/><\/span><\/div><figcaption class=\"single-image-caption left-ux\"><div class=\"single-image-caption-cap\" style=\"font-family: ux-font-1692705694965, Times Roman, times, serif; --fontsizeCap: 20px;--fontsizeCapT: 20px;--fontsizeCapM: 18px;--lineHeightCap: 1.25;--letterSpacingCap: normal;--colorCap: #000000;--topSpaceCap: 10px;--topSpaceCapM: 10px;\">Iv\u00e1n Forcadell, Jo en gota, 2022<\/div><div class=\"single-image-caption-des\" style=\"--fontsizeCapDes: 14px;--fontsizeCapDesT: 16px;--fontsizeCapDesM: 14px;--lineHeightCapDes: 1.5;--letterSpacingCapDes: normal;--colorCapDes: #000000;--topSpaceCapDes: 10px;\">White clay and slip, glazed\r\n42 x 28 cm<\/div><\/figcaption><\/figure><\/div><\/div><\/div><div id=\"\" class=\"module col-3 module-id-1696855195181\" data-module-col=\"3\"><div class=\"module-inside single-image-inside\" style=\"--cornerRadius:0px 0px 0px 0px ; --top-mod: 0px;--bottom-mod: 0px;--top-mod-t: 0px;--bottom-mod-t: 0px;--top-mod-m:0px;--bottom-mod-m:0px;\" ><div class=\"single-image-out  \"  ><figure class=\"single-image   single-image-full   \" no><div class=\"ux-hover-wrap anima-wrap\" style=\"padding-top: 133.33333333333%;\"><span class=\"ux-hover-wrap-a\"><img loading=\"lazy\" decoding=\"async\" alt=\"Iv\u00e1n Forcadell, L\u2019inici o no, 2022\" class=\"single-image-img img1st lazy \" src=\"data:image\/gif;base64,R0lGODlhAQABAIAAAAAAAP\/\/\/yH5BAEAAAAALAAAAAABAAEAAAIBRAA7\" data-src=\"https:\/\/badreljundigallery.com\/wp-content\/uploads\/2023\/09\/Ivan-Forcadell-Linici-o-no-2022.jpeg\" data-srcset=\"https:\/\/badreljundigallery.com\/wp-content\/uploads\/2023\/09\/Ivan-Forcadell-Linici-o-no-2022.jpeg 768w, https:\/\/badreljundigallery.com\/wp-content\/uploads\/2023\/09\/Ivan-Forcadell-Linici-o-no-2022-225x300.jpeg 225w, https:\/\/badreljundigallery.com\/wp-content\/uploads\/2023\/09\/Ivan-Forcadell-Linici-o-no-2022-350x467.jpeg 350w, https:\/\/badreljundigallery.com\/wp-content\/uploads\/2023\/09\/Ivan-Forcadell-Linici-o-no-2022-650x867.jpeg 650w\" data-sizes=\"(max-width: 480px) 320px,(max-width: 767px) 500px,(max-width: 768px) 100vw, 768px\" width=\"768\" height=\"1024\" \/><\/span><\/div><figcaption class=\"single-image-caption left-ux\"><div class=\"single-image-caption-cap\" style=\"font-family: ux-font-1692705694965, Times Roman, times, serif; --fontsizeCap: 20px;--fontsizeCapT: 20px;--fontsizeCapM: 18px;--lineHeightCap: 1.25;--letterSpacingCap: normal;--colorCap: #000000;--topSpaceCap: 10px;--topSpaceCapM: 10px;\">Iv\u00e1n Forcadell, L\u2019inici o no, 2022<\/div><div class=\"single-image-caption-des\" style=\"--fontsizeCapDes: 14px;--fontsizeCapDesT: 16px;--fontsizeCapDesM: 14px;--lineHeightCapDes: 1.5;--letterSpacingCapDes: normal;--colorCapDes: #000000;--topSpaceCapDes: 10px;\">White clay and slip, glazed\r\n68 x 30 cm<\/div><\/figcaption><\/figure><\/div><\/div><\/div><div id=\"\" class=\"module col-3 module-id-1696855195284\" data-module-col=\"3\"><div class=\"module-inside single-image-inside\" style=\"--cornerRadius:0px 0px 0px 0px ; --top-mod: 0px;--bottom-mod: 0px;--top-mod-t: 0px;--bottom-mod-t: 0px;--top-mod-m:0px;--bottom-mod-m:0px;\" ><div class=\"single-image-out  \"  ><figure class=\"single-image   single-image-full   \" no><div class=\"ux-hover-wrap anima-wrap\" style=\"padding-top: 149.92679355783%;\"><span class=\"ux-hover-wrap-a\"><img loading=\"lazy\" decoding=\"async\" alt=\"Iv\u00e1n Forcadell, Ignasi, 2022\" class=\"single-image-img img1st lazy \" src=\"data:image\/gif;base64,R0lGODlhAQABAIAAAAAAAP\/\/\/yH5BAEAAAAALAAAAAABAAEAAAIBRAA7\" data-src=\"https:\/\/badreljundigallery.com\/wp-content\/uploads\/2023\/09\/Ivan-Forcadell-Ignasi-2022.jpeg\" data-srcset=\"https:\/\/badreljundigallery.com\/wp-content\/uploads\/2023\/09\/Ivan-Forcadell-Ignasi-2022.jpeg 683w, https:\/\/badreljundigallery.com\/wp-content\/uploads\/2023\/09\/Ivan-Forcadell-Ignasi-2022-200x300.jpeg 200w, https:\/\/badreljundigallery.com\/wp-content\/uploads\/2023\/09\/Ivan-Forcadell-Ignasi-2022-350x525.jpeg 350w, https:\/\/badreljundigallery.com\/wp-content\/uploads\/2023\/09\/Ivan-Forcadell-Ignasi-2022-650x975.jpeg 650w\" data-sizes=\"(max-width: 480px) 320px,(max-width: 767px) 500px,(max-width: 683px) 100vw, 683px\" width=\"683\" height=\"1024\" \/><\/span><\/div><figcaption class=\"single-image-caption left-ux\"><div class=\"single-image-caption-cap\" style=\"font-family: ux-font-1692705694965, Times Roman, times, serif; --fontsizeCap: 20px;--fontsizeCapT: 20px;--fontsizeCapM: 18px;--lineHeightCap: 1.25;--letterSpacingCap: normal;--colorCap: #000000;--topSpaceCap: 10px;--topSpaceCapM: 10px;\">Iv\u00e1n Forcadell, Ignasi, 2022<\/div><div class=\"single-image-caption-des\" style=\"--fontsizeCapDes: 14px;--fontsizeCapDesT: 16px;--fontsizeCapDesM: 14px;--lineHeightCapDes: 1.5;--letterSpacingCapDes: normal;--colorCapDes: #000000;--topSpaceCapDes: 10px;\">White clay and slip, glazed\r\n42 x 28 cm<\/div><\/figcaption><\/figure><\/div><\/div><\/div><div id=\"\" class=\"module col-3 module-id-1696855195388\" data-module-col=\"3\"><div class=\"module-inside single-image-inside\" style=\"--cornerRadius:0px 0px 0px 0px ; --top-mod: 0px;--bottom-mod: 0px;--top-mod-t: 0px;--bottom-mod-t: 0px;--top-mod-m:0px;--bottom-mod-m:0px;\" ><div class=\"single-image-out  \"  ><figure class=\"single-image   single-image-full   \" no><div class=\"ux-hover-wrap anima-wrap\" style=\"padding-top: 150.14662756598%;\"><span class=\"ux-hover-wrap-a\"><img loading=\"lazy\" decoding=\"async\" alt=\"Iv\u00e1n Forcadell, PapEllona, 2022\" class=\"single-image-img img1st lazy \" src=\"data:image\/gif;base64,R0lGODlhAQABAIAAAAAAAP\/\/\/yH5BAEAAAAALAAAAAABAAEAAAIBRAA7\" data-src=\"https:\/\/badreljundigallery.com\/wp-content\/uploads\/2023\/09\/Ivan-Forcadell-PapEllona-2022.jpeg\" data-srcset=\"https:\/\/badreljundigallery.com\/wp-content\/uploads\/2023\/09\/Ivan-Forcadell-PapEllona-2022.jpeg 682w, https:\/\/badreljundigallery.com\/wp-content\/uploads\/2023\/09\/Ivan-Forcadell-PapEllona-2022-200x300.jpeg 200w, https:\/\/badreljundigallery.com\/wp-content\/uploads\/2023\/09\/Ivan-Forcadell-PapEllona-2022-350x526.jpeg 350w, https:\/\/badreljundigallery.com\/wp-content\/uploads\/2023\/09\/Ivan-Forcadell-PapEllona-2022-650x976.jpeg 650w\" data-sizes=\"(max-width: 480px) 320px,(max-width: 767px) 500px,(max-width: 682px) 100vw, 682px\" width=\"682\" height=\"1024\" \/><\/span><\/div><figcaption class=\"single-image-caption left-ux\"><div class=\"single-image-caption-cap\" style=\"font-family: ux-font-1692705694965, Times Roman, times, serif; --fontsizeCap: 20px;--fontsizeCapT: 20px;--fontsizeCapM: 18px;--lineHeightCap: 1.25;--letterSpacingCap: normal;--colorCap: #000000;--topSpaceCap: 10px;--topSpaceCapM: 10px;\">Iv\u00e1n Forcadell, PapEllona, 2022<\/div><div class=\"single-image-caption-des\" style=\"--fontsizeCapDes: 14px;--fontsizeCapDesT: 16px;--fontsizeCapDesM: 14px;--lineHeightCapDes: 1.5;--letterSpacingCapDes: normal;--colorCapDes: #000000;--topSpaceCapDes: 10px;\">White clay and slip, glazed\r\n55 x 30 x 23 cm<\/div><\/figcaption><\/figure><\/div><\/div><\/div><\/div><\/div><\/div>","protected":false},"excerpt":{"rendered":"<p>10542November 3rd 2022 \u2013 December 5th 2022Iv\u00e1n Forcadell, Me, 1, &hellip;<\/p>\n","protected":false},"author":1,"featured_media":3232,"comment_status":"closed","ping_status":"closed","template":"","meta":{"inline_featured_image":false},"ux-portfolio-cat":[159,39,190],"ux-portfolio-tag":[],"class_list":["post-4105","ux-portfolio","type-ux-portfolio","status-publish","has-post-thumbnail","hentry","ux-portfolio-cat-2022-en","ux-portfolio-cat-artworks-a-en","ux-portfolio-cat-ivan-forcadell-en"],"yoast_head":"<!-- This site is optimized with the Yoast SEO plugin v26.6 - https:\/\/yoast.com\/wordpress\/plugins\/seo\/ -->\n<title>10542 - Badr El Jundi | art gallery, Madrid, Espa\u00f1a<\/title>\n<meta name=\"robots\" content=\"index, follow, max-snippet:-1, max-image-preview:large, max-video-preview:-1\" \/>\n<link rel=\"canonical\" href=\"https:\/\/badreljundigallery.com\/en\/exposicion\/10542\/\" \/>\n<meta property=\"og:locale\" content=\"en_US\" \/>\n<meta property=\"og:type\" content=\"article\" \/>\n<meta property=\"og:title\" content=\"10542 - Badr El Jundi | art gallery, Madrid, Espa\u00f1a\" \/>\n<meta property=\"og:description\" content=\"10542November 3rd 2022 \u2013 December 5th 2022Iv\u00e1n Forcadell, Me, 1, &hellip;\" \/>\n<meta property=\"og:url\" content=\"https:\/\/badreljundigallery.com\/en\/exposicion\/10542\/\" \/>\n<meta property=\"og:site_name\" content=\"Badr El Jundi | art gallery, Madrid, Espa\u00f1a\" \/>\n<meta property=\"article:modified_time\" content=\"2023-10-19T11:56:30+00:00\" \/>\n<meta property=\"og:image\" content=\"https:\/\/badreljundigallery.com\/wp-content\/uploads\/2023\/09\/expo10542.jpg\" \/>\n\t<meta property=\"og:image:width\" content=\"1456\" \/>\n\t<meta property=\"og:image:height\" content=\"1014\" \/>\n\t<meta property=\"og:image:type\" content=\"image\/jpeg\" \/>\n<meta name=\"twitter:card\" content=\"summary_large_image\" \/>\n<script type=\"application\/ld+json\" class=\"yoast-schema-graph\">{\"@context\":\"https:\/\/schema.org\",\"@graph\":[{\"@type\":\"WebPage\",\"@id\":\"https:\/\/badreljundigallery.com\/en\/exposicion\/10542\/\",\"url\":\"https:\/\/badreljundigallery.com\/en\/exposicion\/10542\/\",\"name\":\"10542 - Badr El Jundi | art gallery, Madrid, Espa\u00f1a\",\"isPartOf\":{\"@id\":\"https:\/\/badreljundigallery.com\/en\/#website\"},\"primaryImageOfPage\":{\"@id\":\"https:\/\/badreljundigallery.com\/en\/exposicion\/10542\/#primaryimage\"},\"image\":{\"@id\":\"https:\/\/badreljundigallery.com\/en\/exposicion\/10542\/#primaryimage\"},\"thumbnailUrl\":\"https:\/\/badreljundigallery.com\/wp-content\/uploads\/2023\/09\/expo10542.jpg\",\"datePublished\":\"2023-10-09T12:38:10+00:00\",\"dateModified\":\"2023-10-19T11:56:30+00:00\",\"breadcrumb\":{\"@id\":\"https:\/\/badreljundigallery.com\/en\/exposicion\/10542\/#breadcrumb\"},\"inLanguage\":\"en-US\",\"potentialAction\":[{\"@type\":\"ReadAction\",\"target\":[\"https:\/\/badreljundigallery.com\/en\/exposicion\/10542\/\"]}]},{\"@type\":\"ImageObject\",\"inLanguage\":\"en-US\",\"@id\":\"https:\/\/badreljundigallery.com\/en\/exposicion\/10542\/#primaryimage\",\"url\":\"https:\/\/badreljundigallery.com\/wp-content\/uploads\/2023\/09\/expo10542.jpg\",\"contentUrl\":\"https:\/\/badreljundigallery.com\/wp-content\/uploads\/2023\/09\/expo10542.jpg\",\"width\":1456,\"height\":1014},{\"@type\":\"BreadcrumbList\",\"@id\":\"https:\/\/badreljundigallery.com\/en\/exposicion\/10542\/#breadcrumb\",\"itemListElement\":[{\"@type\":\"ListItem\",\"position\":1,\"name\":\"Front page\",\"item\":\"https:\/\/badreljundigallery.com\/en\/\"},{\"@type\":\"ListItem\",\"position\":2,\"name\":\"Portfolio\",\"item\":\"https:\/\/badreljundigallery.com\/en\/exposicion\/\"},{\"@type\":\"ListItem\",\"position\":3,\"name\":\"10542\"}]},{\"@type\":\"WebSite\",\"@id\":\"https:\/\/badreljundigallery.com\/en\/#website\",\"url\":\"https:\/\/badreljundigallery.com\/en\/\",\"name\":\"Badr El Jundi | art gallery, Madrid, Espa\u00f1a\",\"description\":\"Badr El Jundi | art gallery, Madrid, Espa\u00f1a\",\"potentialAction\":[{\"@type\":\"SearchAction\",\"target\":{\"@type\":\"EntryPoint\",\"urlTemplate\":\"https:\/\/badreljundigallery.com\/en\/?s={search_term_string}\"},\"query-input\":{\"@type\":\"PropertyValueSpecification\",\"valueRequired\":true,\"valueName\":\"search_term_string\"}}],\"inLanguage\":\"en-US\"}]}<\/script>\n<!-- \/ Yoast SEO plugin. -->","yoast_head_json":{"title":"10542 - Badr El Jundi | art gallery, Madrid, Espa\u00f1a","robots":{"index":"index","follow":"follow","max-snippet":"max-snippet:-1","max-image-preview":"max-image-preview:large","max-video-preview":"max-video-preview:-1"},"canonical":"https:\/\/badreljundigallery.com\/en\/exposicion\/10542\/","og_locale":"en_US","og_type":"article","og_title":"10542 - Badr El Jundi | art gallery, Madrid, Espa\u00f1a","og_description":"10542November 3rd 2022 \u2013 December 5th 2022Iv\u00e1n Forcadell, Me, 1, &hellip;","og_url":"https:\/\/badreljundigallery.com\/en\/exposicion\/10542\/","og_site_name":"Badr El Jundi | art gallery, Madrid, Espa\u00f1a","article_modified_time":"2023-10-19T11:56:30+00:00","og_image":[{"width":1456,"height":1014,"url":"https:\/\/badreljundigallery.com\/wp-content\/uploads\/2023\/09\/expo10542.jpg","type":"image\/jpeg"}],"twitter_card":"summary_large_image","schema":{"@context":"https:\/\/schema.org","@graph":[{"@type":"WebPage","@id":"https:\/\/badreljundigallery.com\/en\/exposicion\/10542\/","url":"https:\/\/badreljundigallery.com\/en\/exposicion\/10542\/","name":"10542 - Badr El Jundi | art gallery, Madrid, Espa\u00f1a","isPartOf":{"@id":"https:\/\/badreljundigallery.com\/en\/#website"},"primaryImageOfPage":{"@id":"https:\/\/badreljundigallery.com\/en\/exposicion\/10542\/#primaryimage"},"image":{"@id":"https:\/\/badreljundigallery.com\/en\/exposicion\/10542\/#primaryimage"},"thumbnailUrl":"https:\/\/badreljundigallery.com\/wp-content\/uploads\/2023\/09\/expo10542.jpg","datePublished":"2023-10-09T12:38:10+00:00","dateModified":"2023-10-19T11:56:30+00:00","breadcrumb":{"@id":"https:\/\/badreljundigallery.com\/en\/exposicion\/10542\/#breadcrumb"},"inLanguage":"en-US","potentialAction":[{"@type":"ReadAction","target":["https:\/\/badreljundigallery.com\/en\/exposicion\/10542\/"]}]},{"@type":"ImageObject","inLanguage":"en-US","@id":"https:\/\/badreljundigallery.com\/en\/exposicion\/10542\/#primaryimage","url":"https:\/\/badreljundigallery.com\/wp-content\/uploads\/2023\/09\/expo10542.jpg","contentUrl":"https:\/\/badreljundigallery.com\/wp-content\/uploads\/2023\/09\/expo10542.jpg","width":1456,"height":1014},{"@type":"BreadcrumbList","@id":"https:\/\/badreljundigallery.com\/en\/exposicion\/10542\/#breadcrumb","itemListElement":[{"@type":"ListItem","position":1,"name":"Front page","item":"https:\/\/badreljundigallery.com\/en\/"},{"@type":"ListItem","position":2,"name":"Portfolio","item":"https:\/\/badreljundigallery.com\/en\/exposicion\/"},{"@type":"ListItem","position":3,"name":"10542"}]},{"@type":"WebSite","@id":"https:\/\/badreljundigallery.com\/en\/#website","url":"https:\/\/badreljundigallery.com\/en\/","name":"Badr El Jundi | art gallery, Madrid, Espa\u00f1a","description":"Badr El Jundi | art gallery, Madrid, Espa\u00f1a","potentialAction":[{"@type":"SearchAction","target":{"@type":"EntryPoint","urlTemplate":"https:\/\/badreljundigallery.com\/en\/?s={search_term_string}"},"query-input":{"@type":"PropertyValueSpecification","valueRequired":true,"valueName":"search_term_string"}}],"inLanguage":"en-US"}]}},"_links":{"self":[{"href":"https:\/\/badreljundigallery.com\/en\/wp-json\/wp\/v2\/ux-portfolio\/4105","targetHints":{"allow":["GET"]}}],"collection":[{"href":"https:\/\/badreljundigallery.com\/en\/wp-json\/wp\/v2\/ux-portfolio"}],"about":[{"href":"https:\/\/badreljundigallery.com\/en\/wp-json\/wp\/v2\/types\/ux-portfolio"}],"author":[{"embeddable":true,"href":"https:\/\/badreljundigallery.com\/en\/wp-json\/wp\/v2\/users\/1"}],"replies":[{"embeddable":true,"href":"https:\/\/badreljundigallery.com\/en\/wp-json\/wp\/v2\/comments?post=4105"}],"wp:featuredmedia":[{"embeddable":true,"href":"https:\/\/badreljundigallery.com\/en\/wp-json\/wp\/v2\/media\/3232"}],"wp:attachment":[{"href":"https:\/\/badreljundigallery.com\/en\/wp-json\/wp\/v2\/media?parent=4105"}],"wp:term":[{"taxonomy":"ux-portfolio-cat","embeddable":true,"href":"https:\/\/badreljundigallery.com\/en\/wp-json\/wp\/v2\/ux-portfolio-cat?post=4105"},{"taxonomy":"ux-portfolio-tag","embeddable":true,"href":"https:\/\/badreljundigallery.com\/en\/wp-json\/wp\/v2\/ux-portfolio-tag?post=4105"}],"curies":[{"name":"wp","href":"https:\/\/api.w.org\/{rel}","templated":true}]}}