{"id":4312,"date":"2023-10-10T11:44:26","date_gmt":"2023-10-10T09:44:26","guid":{"rendered":"https:\/\/badreljundigallery.com\/?post_type=ux-portfolio&#038;p=4312"},"modified":"2023-10-25T17:22:18","modified_gmt":"2023-10-25T15:22:18","slug":"vision-of-figure","status":"publish","type":"ux-portfolio","link":"https:\/\/badreljundigallery.com\/en\/exposicion\/vision-of-figure\/","title":{"rendered":"Vision of figure"},"content":{"rendered":"<div class=\"bm-builder clearfix \"><div id=\"\" class=\"module col-12 module-id-1696931113899 bm-wrap row-top row-left bm-wrap-height-auto\" data-module-col=\"12\" data-change-color=\"off\" data-backcolor=\"transparent\" data-frontcolor=\"\" data-logocolor=\"\" data-goto-top=\"off\" data-goto-top-spacing=\"0\" data-goto-disable-m=\"off\" data-groupsameheight=\"off\"><div class=\"module-inside group-inside\" style=\"--top-mod: 40px;--bottom-mod: 40px;--top-mod-t: 40px;--bottom-mod-t: 40px;--top-mod-m:20px;--bottom-mod-m:20px;\" ><div id=\"\" class=\"module col-12 module-id-1696931113973\" data-module-col=\"12\"><div class=\"module-inside text-inside\" style=\"--top-mod: 0px;--bottom-mod: 0px;--top-mod-t: 0px;--bottom-mod-t: 0px;--top-mod-m:0px;--bottom-mod-m:0px;\" ><div class=\"text_block_out\"  data-effect=\"standard\" style=\"\"><div class=\"text_block ux-mod-nobg\"><div class=\"text_block_inn\"><div id=\"text-1696931113973\" class=\"text_block_centered text_block_centered_enable_width\"  style=\"\"><h1 style=\"text-align: center;\">Vision of figure<\/h1><\/div><\/div><\/div><\/div><\/div><\/div><div id=\"\" class=\"module col-12 module-id-169693111440 col-offset-0\" data-module-col=\"12\"><div class=\"module-inside text-inside\" style=\"--top-mod: 0px;--bottom-mod: 0px;--top-mod-t: 0px;--bottom-mod-t: 0px;--top-mod-m:0px;--bottom-mod-m:0px;\" ><div class=\"text_block_out\"  data-effect=\"standard\" style=\"\"><div class=\"text_block ux-mod-nobg\"><div class=\"text_block_inn\"><div id=\"text-169693111440\" class=\"text_block_centered text_block_centered_enable_width\"  style=\"\"><p style=\"text-align: center;\">27th January 2021 \u2013 13th March 2021<\/p><\/div><\/div><\/div><\/div><\/div><\/div><\/div><\/div><div id=\"\" class=\"module col-8 module-id-1696931114107 bm-wrap row-top row-left bm-wrap-height-auto col-offset-2\" data-module-col=\"8\" data-change-color=\"off\" data-backcolor=\"transparent\" data-frontcolor=\"\" data-logocolor=\"\" data-goto-top=\"off\" data-goto-top-spacing=\"0\" data-goto-disable-m=\"off\" data-groupsameheight=\"off\"><div class=\"module-inside group-inside\" style=\"--cornerRadius:0px 0px 0px 0px ; --top-mod: 0px;--bottom-mod: 0px;--top-mod-t: 0px;--bottom-mod-t: 0px;--top-mod-m:0px;--bottom-mod-m:0px;\" ><div id=\"\" class=\"module col-12 module-id-16969311139732\" data-module-col=\"12\"><div class=\"module-inside slider-inside post-0-3611\" style=\"--cornerRadius:0px 0px 0px 0px ; --top-mod: 0px;--bottom-mod: 0px;--top-mod-t: 0px;--bottom-mod-t: 0px;--top-mod-m:0px;--bottom-mod-m:0px;\" ><div class=\"slider-mod-wrap slider-style1 slider-height-auto slide-des-bottom-left slide-arrow-show-default \" ><div class=\"owl-carousel \" data-item=\"1\" data-mobileitem=\"1\" data-center=\"false\" data-margin=\"0\" data-marginmobile=\"0\" data-autowidth=\"false\" data-slideby=\"1\" data-showdot=\"true\" data-loop=\"true\" data-autoheight=\"true\" data-nav=\"false\" data-mousedrag=\"false\" data-mousewheel=\"false\" data-transition=\"300\" data-auto=\"false\" data-autoplayTimeout=\"5000\" data-autohide=\"false\" data-lazy=\"true\" data-random=\"false\" ><section class=\"item\" data-logocolor=\"default-logo\" data-menucolor=\"default-menu\" data-id=\"post-0-3611\"><div class=\"slide-item-wrap\"><div class=\"slide-item-des\"><div class=\"slide-item-des-wrap\"><h2 class=\"slide-item-wrap-tit \">vision-of-figure-exhibition-photo_badr-el-jundi-09 (1)<\/h2><\/div><\/div><div class=\"carousel-img-wrap ux-ajax-page-transition-link\" style=\"padding-top: 71.4%;\"><a href=\"#\" class=\"slider-item-link\" title=\"vision-of-figure-exhibition-photo_badr-el-jundi-09 (1)\" rel=\" \"><img decoding=\"async\" src=\"data:image\/gif;base64,R0lGODlhAQABAIAAAAAAAP\/\/\/yH5BAEAAAAALAAAAAABAAEAAAIBRAA7\" data-src=\"https:\/\/badreljundigallery.com\/wp-content\/uploads\/2023\/09\/vision-of-figure-exhibition-photo_badr-el-jundi-09-1.jpg\" alt=\"\" data-srcset=\"https:\/\/badreljundigallery.com\/wp-content\/uploads\/2023\/09\/vision-of-figure-exhibition-photo_badr-el-jundi-09-1.jpg 1000w, https:\/\/badreljundigallery.com\/wp-content\/uploads\/2023\/09\/vision-of-figure-exhibition-photo_badr-el-jundi-09-1-300x214.jpg 300w, https:\/\/badreljundigallery.com\/wp-content\/uploads\/2023\/09\/vision-of-figure-exhibition-photo_badr-el-jundi-09-1-768x548.jpg 768w, https:\/\/badreljundigallery.com\/wp-content\/uploads\/2023\/09\/vision-of-figure-exhibition-photo_badr-el-jundi-09-1-350x250.jpg 350w, https:\/\/badreljundigallery.com\/wp-content\/uploads\/2023\/09\/vision-of-figure-exhibition-photo_badr-el-jundi-09-1-650x464.jpg 650w\" data-sizes=\"(max-width: 480px) 320px,(max-width: 767px) 500px,(max-width: 1000px) 100vw, 1000px\" class=\"grid-item-img owl-lazy lazy\" ><\/a><\/div><\/div><\/section><section class=\"item\" data-logocolor=\"default-logo\" data-menucolor=\"default-menu\" data-id=\"post-1-3610\"><div class=\"slide-item-wrap\"><div class=\"slide-item-des\"><div class=\"slide-item-des-wrap\"><h2 class=\"slide-item-wrap-tit \">vision-of-figure-exhibition-photo_badr-el-jundi-06 (1)<\/h2><\/div><\/div><div class=\"carousel-img-wrap ux-ajax-page-transition-link\" style=\"padding-top: 66.6%;\"><a href=\"#\" class=\"slider-item-link\" title=\"vision-of-figure-exhibition-photo_badr-el-jundi-06 (1)\" rel=\" \"><img decoding=\"async\" src=\"data:image\/gif;base64,R0lGODlhAQABAIAAAAAAAP\/\/\/yH5BAEAAAAALAAAAAABAAEAAAIBRAA7\" data-src=\"https:\/\/badreljundigallery.com\/wp-content\/uploads\/2023\/09\/vision-of-figure-exhibition-photo_badr-el-jundi-06-1.jpg\" alt=\"\" data-srcset=\"https:\/\/badreljundigallery.com\/wp-content\/uploads\/2023\/09\/vision-of-figure-exhibition-photo_badr-el-jundi-06-1.jpg 1000w, https:\/\/badreljundigallery.com\/wp-content\/uploads\/2023\/09\/vision-of-figure-exhibition-photo_badr-el-jundi-06-1-300x200.jpg 300w, https:\/\/badreljundigallery.com\/wp-content\/uploads\/2023\/09\/vision-of-figure-exhibition-photo_badr-el-jundi-06-1-768x511.jpg 768w, https:\/\/badreljundigallery.com\/wp-content\/uploads\/2023\/09\/vision-of-figure-exhibition-photo_badr-el-jundi-06-1-350x233.jpg 350w, https:\/\/badreljundigallery.com\/wp-content\/uploads\/2023\/09\/vision-of-figure-exhibition-photo_badr-el-jundi-06-1-650x433.jpg 650w\" data-sizes=\"(max-width: 480px) 320px,(max-width: 767px) 500px,(max-width: 1000px) 100vw, 1000px\" class=\"grid-item-img owl-lazy lazy\" ><\/a><\/div><\/div><\/section><section class=\"item\" data-logocolor=\"default-logo\" data-menucolor=\"default-menu\" data-id=\"post-2-3336\"><div class=\"slide-item-wrap\"><div class=\"slide-item-des\"><div class=\"slide-item-des-wrap\"><h2 class=\"slide-item-wrap-tit \">vision-of-figure-exhibition-photo_badr-el-jundi-01<\/h2><\/div><\/div><div class=\"carousel-img-wrap ux-ajax-page-transition-link\" style=\"padding-top: 78.9%;\"><a href=\"#\" class=\"slider-item-link\" title=\"vision-of-figure-exhibition-photo_badr-el-jundi-01\" rel=\" \"><img decoding=\"async\" src=\"data:image\/gif;base64,R0lGODlhAQABAIAAAAAAAP\/\/\/yH5BAEAAAAALAAAAAABAAEAAAIBRAA7\" data-src=\"https:\/\/badreljundigallery.com\/wp-content\/uploads\/2023\/09\/vision-of-figure-exhibition-photo_badr-el-jundi-01.jpg\" alt=\"\" data-srcset=\"https:\/\/badreljundigallery.com\/wp-content\/uploads\/2023\/09\/vision-of-figure-exhibition-photo_badr-el-jundi-01.jpg 1000w, https:\/\/badreljundigallery.com\/wp-content\/uploads\/2023\/09\/vision-of-figure-exhibition-photo_badr-el-jundi-01-300x237.jpg 300w, https:\/\/badreljundigallery.com\/wp-content\/uploads\/2023\/09\/vision-of-figure-exhibition-photo_badr-el-jundi-01-768x606.jpg 768w, https:\/\/badreljundigallery.com\/wp-content\/uploads\/2023\/09\/vision-of-figure-exhibition-photo_badr-el-jundi-01-350x276.jpg 350w, https:\/\/badreljundigallery.com\/wp-content\/uploads\/2023\/09\/vision-of-figure-exhibition-photo_badr-el-jundi-01-650x513.jpg 650w, https:\/\/badreljundigallery.com\/wp-content\/uploads\/2023\/09\/vision-of-figure-exhibition-photo_badr-el-jundi-01-600x473.jpg 600w\" data-sizes=\"(max-width: 480px) 320px,(max-width: 767px) 500px,(max-width: 1000px) 100vw, 1000px\" class=\"grid-item-img owl-lazy lazy\" ><\/a><\/div><\/div><\/section><section class=\"item\" data-logocolor=\"default-logo\" data-menucolor=\"default-menu\" data-id=\"post-3-3334\"><div class=\"slide-item-wrap\"><div class=\"slide-item-des\"><div class=\"slide-item-des-wrap\"><h2 class=\"slide-item-wrap-tit \">vision-of-figure-exhibition-photo_badr-el-jundi-07<\/h2><\/div><\/div><div class=\"carousel-img-wrap ux-ajax-page-transition-link\" style=\"padding-top: 71%;\"><a href=\"#\" class=\"slider-item-link\" title=\"vision-of-figure-exhibition-photo_badr-el-jundi-07\" rel=\" \"><img decoding=\"async\" src=\"data:image\/gif;base64,R0lGODlhAQABAIAAAAAAAP\/\/\/yH5BAEAAAAALAAAAAABAAEAAAIBRAA7\" data-src=\"https:\/\/badreljundigallery.com\/wp-content\/uploads\/2023\/09\/vision-of-figure-exhibition-photo_badr-el-jundi-07.jpg\" alt=\"\" data-srcset=\"https:\/\/badreljundigallery.com\/wp-content\/uploads\/2023\/09\/vision-of-figure-exhibition-photo_badr-el-jundi-07.jpg 1000w, https:\/\/badreljundigallery.com\/wp-content\/uploads\/2023\/09\/vision-of-figure-exhibition-photo_badr-el-jundi-07-300x213.jpg 300w, https:\/\/badreljundigallery.com\/wp-content\/uploads\/2023\/09\/vision-of-figure-exhibition-photo_badr-el-jundi-07-768x545.jpg 768w, https:\/\/badreljundigallery.com\/wp-content\/uploads\/2023\/09\/vision-of-figure-exhibition-photo_badr-el-jundi-07-350x249.jpg 350w, https:\/\/badreljundigallery.com\/wp-content\/uploads\/2023\/09\/vision-of-figure-exhibition-photo_badr-el-jundi-07-650x462.jpg 650w, https:\/\/badreljundigallery.com\/wp-content\/uploads\/2023\/09\/vision-of-figure-exhibition-photo_badr-el-jundi-07-600x426.jpg 600w\" data-sizes=\"(max-width: 480px) 320px,(max-width: 767px) 500px,(max-width: 1000px) 100vw, 1000px\" class=\"grid-item-img owl-lazy lazy\" ><\/a><\/div><\/div><\/section><\/div><!--End owl --><\/div><\/div><\/div><\/div><\/div><div id=\"\" class=\"module col-6 module-id-1696931114384 bm-wrap row-top row-left bm-wrap-height-auto col-offset-3\" data-module-col=\"6\" data-change-color=\"off\" data-backcolor=\"transparent\" data-frontcolor=\"\" data-logocolor=\"\" data-goto-top=\"off\" data-goto-top-spacing=\"0\" data-goto-disable-m=\"off\" data-groupsameheight=\"off\"><div class=\"module-inside group-inside\" style=\"--top-mod: 0px;--bottom-mod: 0px;--top-mod-t: 0px;--bottom-mod-t: 0px;--top-mod-m:0px;--bottom-mod-m:0px;\" ><div id=\"\" class=\"module col-6 module-id-1696931114444\" data-module-col=\"6\"><div class=\"module-inside text-inside\" style=\"--top-mod: 0px;--bottom-mod: 40px;--top-mod-t: 0px;--bottom-mod-t: 40px;--top-mod-m:0px;--bottom-mod-m:20px;\" ><div class=\"text_block_out\"  data-effect=\"standard\" style=\"\"><div class=\"text_block ux-mod-nobg\"><div class=\"text_block_inn\"><div id=\"text-1696931114444\" class=\"text_block_centered text_block_centered_enable_width\"  style=\"\"><p>Badr El Jundi presents the group exhibition <em>Vision of Figure<\/em> featuring the artists: Ella Bril, Juliet Casella, Margaux Henry-Thieullent, Tosin Kalejaye, and Anna Nero. A project that features five artists who interpret the theme of the figure from different perspectives. Tosin Kalejaye develops portraits with a particular personal approach to color in his paintings. The artist often plays with the contrast of his naturalistic figure over flat backgrounds where the figures look at the viewer while positioned in unusual spaces. In the painting Aduke\u2019s Summer Vibe the composition is clear and captivates the viewer with the bright colors. The lady\u2019s skin is covered with ZigZag textures, which irritates by contrasting with the naturalistic representation of the figure. The artist tends to represent the struggles as human and, most importantly black people, through scaled skins, giving importance to a resilient spirit that shouldn\u2019t be seen as flaws or some sort of setbacks, rather a process for attaining greatness. Her grey bikini, gold necklace, green cap, and white fingernails shine in contrast to the woman\u2019s incarnate. The background consists of two plain layers, the light blue and the purple foreground. Tosin Kalejaye deliberately works with the contrast of the beauty of the bodies he portrays and the abstract, colorful surroundings where we found them. The viewer is fixated by the beauty of the figure, but its surroundings are irritated by colorful abstractions in detail. Tosin Kalejaye (1992) is a self-taught contemporary visual artist from Abuja, Nigeria. He focuses his art on the figure, modern society, and the everyday Black experience.<\/p>\r\n<p>&nbsp;<\/p>\r\n<p>Similar bright colors in the background are taken up by the painter Juliet Casella. Unlike Tosin Kalejaye, links several people in unusual scenes. Coldwater visualizes two figures in a small round pool of water. The two figures are both in the small water area and at the same time seem strongly distanced from each other. A man with a scrawny body is depicted frontally, looking toward the lady in the pool. She is lying on a red air mattress and looks with a cool gaze to the left side. Her face stands out aesthetically in the side profile. Both people are separated and framed by the large orange water slide. Juliet Casella also creates the background with flat colors, but with the depiction of framing architecture. The presumed grey architecture divides the orange slide and flows into the yellow background.<\/p>\r\n<p>&nbsp;<\/p>\r\n<p><em>Mortal Dinner<\/em> is characterized by the combination of three spatial levels like painted collages. In the upper part of the painting three swimmers appear, looking into the water. In the center below them, grey houses are painted, consisting of plain surfaces. The viewer is introduced to the painting by a table with four chairs set for two people. Around this table appears a brown area that looks like mountains. Juliet Casella develops mystical, surreal imagery that conveys an eerie mood. The artist emphasizes this through a lack of shadows and a colorfulness reminiscent of metaphysical painting. Juliet Casella (1993) graduated from the Paris-Cergy National School of Arts in 2017.<\/p><\/div><\/div><\/div><\/div><\/div><\/div><\/div><\/div><div id=\"expo-thumbnails\" class=\"module col-12 module-id-1696931114512 bm-wrap row-top row-left bm-wrap-height-auto col-offset-0\" data-module-col=\"12\" data-change-color=\"off\" data-backcolor=\"transparent\" data-frontcolor=\"\" data-logocolor=\"\" data-goto-top=\"off\" data-goto-top-spacing=\"0\" data-goto-disable-m=\"off\" data-groupsameheight=\"off\"><div class=\"module-inside group-inside\" style=\"--cornerRadius:0px 0px 0px 0px ; --top-mod: 0px;--bottom-mod: 0px;--top-mod-t: 0px;--bottom-mod-t: 0px;--top-mod-m:0px;--bottom-mod-m:0px;\" ><div id=\"\" class=\"module col-3 module-id-1696931114609\" data-module-col=\"3\"><div class=\"module-inside single-image-inside\" style=\"--cornerRadius:0px 0px 0px 0px ; --top-mod: 0px;--bottom-mod: 40px;--top-mod-t: 0px;--bottom-mod-t: 40px;--top-mod-m:0px;--bottom-mod-m:20px;\" ><div class=\"single-image-out  \"  ><figure class=\"single-image   single-image-full   \" no><div class=\"ux-hover-wrap anima-wrap\" style=\"padding-top: 129.03225806452%;\"><span class=\"ux-hover-wrap-a\"><img loading=\"lazy\" decoding=\"async\" alt=\"ELLA BRIL, Crossroads, 2021 _\u00d3leo sobre lienzo_ 90 x 70 cm\" class=\"single-image-img img1st lazy \" src=\"data:image\/gif;base64,R0lGODlhAQABAIAAAAAAAP\/\/\/yH5BAEAAAAALAAAAAABAAEAAAIBRAA7\" data-src=\"https:\/\/badreljundigallery.com\/wp-content\/uploads\/2023\/09\/ELLA-BRIL-Crossroads-2021.jpeg\" data-srcset=\"https:\/\/badreljundigallery.com\/wp-content\/uploads\/2023\/09\/ELLA-BRIL-Crossroads-2021.jpeg 775w, https:\/\/badreljundigallery.com\/wp-content\/uploads\/2023\/09\/ELLA-BRIL-Crossroads-2021-233x300.jpeg 233w, https:\/\/badreljundigallery.com\/wp-content\/uploads\/2023\/09\/ELLA-BRIL-Crossroads-2021-768x991.jpeg 768w, https:\/\/badreljundigallery.com\/wp-content\/uploads\/2023\/09\/ELLA-BRIL-Crossroads-2021-350x452.jpeg 350w, https:\/\/badreljundigallery.com\/wp-content\/uploads\/2023\/09\/ELLA-BRIL-Crossroads-2021-650x839.jpeg 650w, https:\/\/badreljundigallery.com\/wp-content\/uploads\/2023\/09\/ELLA-BRIL-Crossroads-2021-600x774.jpeg 600w\" data-sizes=\"(max-width: 480px) 320px,(max-width: 767px) 500px,(max-width: 775px) 100vw, 775px\" width=\"775\" height=\"1000\" \/><\/span><\/div><figcaption class=\"single-image-caption left-ux\"><div class=\"single-image-caption-cap\" style=\"font-family: ux-font-1692705694965, Times Roman, times, serif; --fontsizeCap: 20px;--fontsizeCapT: 20px;--fontsizeCapM: 18px;--lineHeightCap: 1.25;--letterSpacingCap: normal;--colorCap: #000000;--topSpaceCap: 10px;--topSpaceCapM: 10px;\">ELLA BRIL, Crossroads, 2021<\/div><div class=\"single-image-caption-des\" style=\"--fontsizeCapDes: 14px;--fontsizeCapDesT: 16px;--fontsizeCapDesM: 14px;--lineHeightCapDes: 1.5;--letterSpacingCapDes: normal;--colorCapDes: #000000;--topSpaceCapDes: 10px;\">Oil on canvas\r\n90 x 70 cm<\/div><\/figcaption><\/figure><\/div><\/div><\/div><div id=\"\" class=\"module col-3 module-id-1696931114714\" data-module-col=\"3\"><div class=\"module-inside single-image-inside\" style=\"--cornerRadius:0px 0px 0px 0px ; --top-mod: 0px;--bottom-mod: 40px;--top-mod-t: 0px;--bottom-mod-t: 40px;--top-mod-m:0px;--bottom-mod-m:20px;\" ><div class=\"single-image-out  \"  ><figure class=\"single-image   single-image-full   \" no><div class=\"ux-hover-wrap anima-wrap\" style=\"padding-top: 126.26262626263%;\"><span class=\"ux-hover-wrap-a\"><img loading=\"lazy\" decoding=\"async\" alt=\"JULIET CASELLA, Coldwater, 2021 Acr\u00edlico sobre lienzo 100\u00d780 cm\" class=\"single-image-img img1st lazy \" src=\"data:image\/gif;base64,R0lGODlhAQABAIAAAAAAAP\/\/\/yH5BAEAAAAALAAAAAABAAEAAAIBRAA7\" data-src=\"https:\/\/badreljundigallery.com\/wp-content\/uploads\/2023\/09\/JULIET-CASELLA-Coldwater-2021.jpg\" data-srcset=\"https:\/\/badreljundigallery.com\/wp-content\/uploads\/2023\/09\/JULIET-CASELLA-Coldwater-2021.jpg 792w, https:\/\/badreljundigallery.com\/wp-content\/uploads\/2023\/09\/JULIET-CASELLA-Coldwater-2021-238x300.jpg 238w, https:\/\/badreljundigallery.com\/wp-content\/uploads\/2023\/09\/JULIET-CASELLA-Coldwater-2021-768x970.jpg 768w, https:\/\/badreljundigallery.com\/wp-content\/uploads\/2023\/09\/JULIET-CASELLA-Coldwater-2021-350x442.jpg 350w, https:\/\/badreljundigallery.com\/wp-content\/uploads\/2023\/09\/JULIET-CASELLA-Coldwater-2021-650x821.jpg 650w, https:\/\/badreljundigallery.com\/wp-content\/uploads\/2023\/09\/JULIET-CASELLA-Coldwater-2021-600x758.jpg 600w\" data-sizes=\"(max-width: 480px) 320px,(max-width: 767px) 500px,(max-width: 792px) 100vw, 792px\" width=\"792\" height=\"1000\" \/><\/span><\/div><figcaption class=\"single-image-caption left-ux\"><div class=\"single-image-caption-cap\" style=\"font-family: ux-font-1692705694965, Times Roman, times, serif; --fontsizeCap: 20px;--fontsizeCapT: 20px;--fontsizeCapM: 18px;--lineHeightCap: 1.25;--letterSpacingCap: normal;--colorCap: #000000;--topSpaceCap: 10px;--topSpaceCapM: 10px;\">JULIET CASELLA, Coldwater, 2021<\/div><div class=\"single-image-caption-des\" style=\"--fontsizeCapDes: 14px;--fontsizeCapDesT: 16px;--fontsizeCapDesM: 14px;--lineHeightCapDes: 1.5;--letterSpacingCapDes: normal;--colorCapDes: #000000;--topSpaceCapDes: 10px;\">Acrylic on canvas\r\n100\u00d780 cm<\/div><\/figcaption><\/figure><\/div><\/div><\/div><div id=\"\" class=\"module col-3 module-id-1696931114816\" data-module-col=\"3\"><div class=\"module-inside single-image-inside\" style=\"--cornerRadius:0px 0px 0px 0px ; --top-mod: 0px;--bottom-mod: 40px;--top-mod-t: 0px;--bottom-mod-t: 40px;--top-mod-m:0px;--bottom-mod-m:20px;\" ><div class=\"single-image-out  \"  ><figure class=\"single-image   single-image-full   \" no><div class=\"ux-hover-wrap anima-wrap\" style=\"padding-top: 119.61722488038%;\"><span class=\"ux-hover-wrap-a\"><img loading=\"lazy\" decoding=\"async\" alt=\"TOSIN KALEJAYE, Aduke\u2019s Summer Vibe, 2021 T\u00e9cnica mixta, \u00f3leo y carboncillo sobre lienzo 127\u00d7152,4 cm\" class=\"single-image-img img1st lazy \" src=\"data:image\/gif;base64,R0lGODlhAQABAIAAAAAAAP\/\/\/yH5BAEAAAAALAAAAAABAAEAAAIBRAA7\" data-src=\"https:\/\/badreljundigallery.com\/wp-content\/uploads\/2023\/09\/TOSIN-KALEJAYE-Adukes-Summer-Vibe-2021.jpg\" data-srcset=\"https:\/\/badreljundigallery.com\/wp-content\/uploads\/2023\/09\/TOSIN-KALEJAYE-Adukes-Summer-Vibe-2021.jpg 836w, https:\/\/badreljundigallery.com\/wp-content\/uploads\/2023\/09\/TOSIN-KALEJAYE-Adukes-Summer-Vibe-2021-251x300.jpg 251w, https:\/\/badreljundigallery.com\/wp-content\/uploads\/2023\/09\/TOSIN-KALEJAYE-Adukes-Summer-Vibe-2021-768x919.jpg 768w, https:\/\/badreljundigallery.com\/wp-content\/uploads\/2023\/09\/TOSIN-KALEJAYE-Adukes-Summer-Vibe-2021-350x419.jpg 350w, https:\/\/badreljundigallery.com\/wp-content\/uploads\/2023\/09\/TOSIN-KALEJAYE-Adukes-Summer-Vibe-2021-650x778.jpg 650w, https:\/\/badreljundigallery.com\/wp-content\/uploads\/2023\/09\/TOSIN-KALEJAYE-Adukes-Summer-Vibe-2021-600x718.jpg 600w\" data-sizes=\"(max-width: 480px) 320px,(max-width: 767px) 500px,(max-width: 836px) 100vw, 836px\" width=\"836\" height=\"1000\" \/><\/span><\/div><figcaption class=\"single-image-caption left-ux\"><div class=\"single-image-caption-cap\" style=\"font-family: ux-font-1692705694965, Times Roman, times, serif; --fontsizeCap: 20px;--fontsizeCapT: 20px;--fontsizeCapM: 18px;--lineHeightCap: 1.25;--letterSpacingCap: normal;--colorCap: #000000;--topSpaceCap: 10px;--topSpaceCapM: 10px;\">TOSIN KALEJAYE, Aduke\u2019s Summer Vibe, 2021<\/div><div class=\"single-image-caption-des\" style=\"--fontsizeCapDes: 14px;--fontsizeCapDesT: 16px;--fontsizeCapDesM: 14px;--lineHeightCapDes: 1.5;--letterSpacingCapDes: normal;--colorCapDes: #000000;--topSpaceCapDes: 10px;\">Mixed Media, Oil and Charcoal on Canvas\r\n127\u00d7152,4 cm<\/div><\/figcaption><\/figure><\/div><\/div><\/div><div id=\"\" class=\"module col-3 module-id-1696931114918\" data-module-col=\"3\"><div class=\"module-inside single-image-inside\" style=\"--cornerRadius:0px 0px 0px 0px ; --top-mod: 0px;--bottom-mod: 40px;--top-mod-t: 0px;--bottom-mod-t: 40px;--top-mod-m:0px;--bottom-mod-m:20px;\" ><div class=\"single-image-out  \"  ><figure class=\"single-image   single-image-full   \" no><div class=\"ux-hover-wrap anima-wrap\" style=\"padding-top: 137.93103448276%;\"><span class=\"ux-hover-wrap-a\"><img loading=\"lazy\" decoding=\"async\" alt=\"ANNA NERO, Reocurring Annoyance, 2021 \u00d3leo y acr\u00edlico sobre lienzo 180\u00d7130 cm\" class=\"single-image-img img1st lazy \" src=\"data:image\/gif;base64,R0lGODlhAQABAIAAAAAAAP\/\/\/yH5BAEAAAAALAAAAAABAAEAAAIBRAA7\" data-src=\"https:\/\/badreljundigallery.com\/wp-content\/uploads\/2023\/09\/ANNA-NERO-Reocurring-Annoyance-2021.jpg\" data-srcset=\"https:\/\/badreljundigallery.com\/wp-content\/uploads\/2023\/09\/ANNA-NERO-Reocurring-Annoyance-2021.jpg 725w, https:\/\/badreljundigallery.com\/wp-content\/uploads\/2023\/09\/ANNA-NERO-Reocurring-Annoyance-2021-218x300.jpg 218w, https:\/\/badreljundigallery.com\/wp-content\/uploads\/2023\/09\/ANNA-NERO-Reocurring-Annoyance-2021-350x483.jpg 350w, https:\/\/badreljundigallery.com\/wp-content\/uploads\/2023\/09\/ANNA-NERO-Reocurring-Annoyance-2021-650x897.jpg 650w, https:\/\/badreljundigallery.com\/wp-content\/uploads\/2023\/09\/ANNA-NERO-Reocurring-Annoyance-2021-600x828.jpg 600w\" data-sizes=\"(max-width: 480px) 320px,(max-width: 767px) 500px,(max-width: 725px) 100vw, 725px\" width=\"725\" height=\"1000\" \/><\/span><\/div><figcaption class=\"single-image-caption left-ux\"><div class=\"single-image-caption-cap\" style=\"font-family: ux-font-1692705694965, Times Roman, times, serif; --fontsizeCap: 20px;--fontsizeCapT: 20px;--fontsizeCapM: 18px;--lineHeightCap: 1.25;--letterSpacingCap: normal;--colorCap: #000000;--topSpaceCap: 10px;--topSpaceCapM: 10px;\">ANNA NERO, Reocurring Annoyance, 2021<\/div><div class=\"single-image-caption-des\" style=\"--fontsizeCapDes: 14px;--fontsizeCapDesT: 16px;--fontsizeCapDesM: 14px;--lineHeightCapDes: 1.5;--letterSpacingCapDes: normal;--colorCapDes: #000000;--topSpaceCapDes: 10px;\">Oil and acrylic on canvas\r\n180\u00d7130 cm<\/div><\/figcaption><\/figure><\/div><\/div><\/div><div id=\"\" class=\"module col-3 module-id-169693111520\" data-module-col=\"3\"><div class=\"module-inside single-image-inside\" style=\"--cornerRadius:0px 0px 0px 0px ; --top-mod: 0px;--bottom-mod: 40px;--top-mod-t: 0px;--bottom-mod-t: 40px;--top-mod-m:0px;--bottom-mod-m:20px;\" ><div class=\"single-image-out  \"  ><figure class=\"single-image   single-image-full   \" no><div class=\"ux-hover-wrap anima-wrap\" style=\"padding-top: 120.33694344164%;\"><span class=\"ux-hover-wrap-a\"><img loading=\"lazy\" decoding=\"async\" alt=\"ELLA BRIL, Feeling surrounded, 2021 \u00d3leo sobre lienzo 120 x 100 cm\" class=\"single-image-img img1st lazy \" src=\"data:image\/gif;base64,R0lGODlhAQABAIAAAAAAAP\/\/\/yH5BAEAAAAALAAAAAABAAEAAAIBRAA7\" data-src=\"https:\/\/badreljundigallery.com\/wp-content\/uploads\/2023\/09\/ELLA-BRIL-Feeling-surrounded-2021.jpeg\" data-srcset=\"https:\/\/badreljundigallery.com\/wp-content\/uploads\/2023\/09\/ELLA-BRIL-Feeling-surrounded-2021.jpeg 831w, https:\/\/badreljundigallery.com\/wp-content\/uploads\/2023\/09\/ELLA-BRIL-Feeling-surrounded-2021-249x300.jpeg 249w, https:\/\/badreljundigallery.com\/wp-content\/uploads\/2023\/09\/ELLA-BRIL-Feeling-surrounded-2021-768x924.jpeg 768w, https:\/\/badreljundigallery.com\/wp-content\/uploads\/2023\/09\/ELLA-BRIL-Feeling-surrounded-2021-350x421.jpeg 350w, https:\/\/badreljundigallery.com\/wp-content\/uploads\/2023\/09\/ELLA-BRIL-Feeling-surrounded-2021-650x782.jpeg 650w, https:\/\/badreljundigallery.com\/wp-content\/uploads\/2023\/09\/ELLA-BRIL-Feeling-surrounded-2021-600x722.jpeg 600w\" data-sizes=\"(max-width: 480px) 320px,(max-width: 767px) 500px,(max-width: 831px) 100vw, 831px\" width=\"831\" height=\"1000\" \/><\/span><\/div><figcaption class=\"single-image-caption left-ux\"><div class=\"single-image-caption-cap\" style=\"font-family: ux-font-1692705694965, Times Roman, times, serif; --fontsizeCap: 20px;--fontsizeCapT: 20px;--fontsizeCapM: 18px;--lineHeightCap: 1.25;--letterSpacingCap: normal;--colorCap: #000000;--topSpaceCap: 10px;--topSpaceCapM: 10px;\">ELLA BRIL, Feeling surrounded, 2021<\/div><div class=\"single-image-caption-des\" style=\"--fontsizeCapDes: 14px;--fontsizeCapDesT: 16px;--fontsizeCapDesM: 14px;--lineHeightCapDes: 1.5;--letterSpacingCapDes: normal;--colorCapDes: #000000;--topSpaceCapDes: 10px;\">Oil on canvas\r\n120 x 100 cm<\/div><\/figcaption><\/figure><\/div><\/div><\/div><div id=\"\" class=\"module col-3 module-id-1696931115122\" data-module-col=\"3\"><div class=\"module-inside single-image-inside\" style=\"--cornerRadius:0px 0px 0px 0px ; --top-mod: 0px;--bottom-mod: 40px;--top-mod-t: 0px;--bottom-mod-t: 40px;--top-mod-m:0px;--bottom-mod-m:20px;\" ><div class=\"single-image-out  \"  ><figure class=\"single-image   single-image-full   \" no><div class=\"ux-hover-wrap anima-wrap\" style=\"padding-top: 132.97872340426%;\"><span class=\"ux-hover-wrap-a\"><img loading=\"lazy\" decoding=\"async\" alt=\"JULIET CASELLA, Mortal Dinner, 2021 Acr\u00edlico sobre lienzo 200\u00d7150 cm\" class=\"single-image-img img1st lazy \" src=\"data:image\/gif;base64,R0lGODlhAQABAIAAAAAAAP\/\/\/yH5BAEAAAAALAAAAAABAAEAAAIBRAA7\" data-src=\"https:\/\/badreljundigallery.com\/wp-content\/uploads\/2023\/09\/JULIET-CASELLA-Mortal-Dinner-2021.jpg\" data-srcset=\"https:\/\/badreljundigallery.com\/wp-content\/uploads\/2023\/09\/JULIET-CASELLA-Mortal-Dinner-2021.jpg 752w, https:\/\/badreljundigallery.com\/wp-content\/uploads\/2023\/09\/JULIET-CASELLA-Mortal-Dinner-2021-226x300.jpg 226w, https:\/\/badreljundigallery.com\/wp-content\/uploads\/2023\/09\/JULIET-CASELLA-Mortal-Dinner-2021-350x465.jpg 350w, https:\/\/badreljundigallery.com\/wp-content\/uploads\/2023\/09\/JULIET-CASELLA-Mortal-Dinner-2021-650x864.jpg 650w, https:\/\/badreljundigallery.com\/wp-content\/uploads\/2023\/09\/JULIET-CASELLA-Mortal-Dinner-2021-600x798.jpg 600w\" data-sizes=\"(max-width: 480px) 320px,(max-width: 767px) 500px,(max-width: 752px) 100vw, 752px\" width=\"752\" height=\"1000\" \/><\/span><\/div><figcaption class=\"single-image-caption left-ux\"><div class=\"single-image-caption-cap\" style=\"font-family: ux-font-1692705694965, Times Roman, times, serif; --fontsizeCap: 20px;--fontsizeCapT: 20px;--fontsizeCapM: 18px;--lineHeightCap: 1.25;--letterSpacingCap: normal;--colorCap: #000000;--topSpaceCap: 10px;--topSpaceCapM: 10px;\">JULIET CASELLA, Mortal Dinner, 2021<\/div><div class=\"single-image-caption-des\" style=\"--fontsizeCapDes: 14px;--fontsizeCapDesT: 16px;--fontsizeCapDesM: 14px;--lineHeightCapDes: 1.5;--letterSpacingCapDes: normal;--colorCapDes: #000000;--topSpaceCapDes: 10px;\">Acrylic on canvas\r\n200\u00d7150 cm<\/div><\/figcaption><\/figure><\/div><\/div><\/div><div id=\"\" class=\"module col-3 module-id-1696931115224\" data-module-col=\"3\"><div class=\"module-inside single-image-inside\" style=\"--cornerRadius:0px 0px 0px 0px ; --top-mod: 0px;--bottom-mod: 40px;--top-mod-t: 0px;--bottom-mod-t: 40px;--top-mod-m:0px;--bottom-mod-m:20px;\" ><div class=\"single-image-out  \"  ><figure class=\"single-image   single-image-full   \" no><div class=\"ux-hover-wrap anima-wrap\" style=\"padding-top: 122.69938650307%;\"><span class=\"ux-hover-wrap-a\"><img loading=\"lazy\" decoding=\"async\" alt=\"MARGAUX HENRY-THIEULLENT, Derri\u2000re la Grille l\u2019eau sainte te lave les pieds, 2020 Pastel, carboncillo, acr\u00edlico sobre lienzo 240 x 196 cm\" class=\"single-image-img img1st lazy \" src=\"data:image\/gif;base64,R0lGODlhAQABAIAAAAAAAP\/\/\/yH5BAEAAAAALAAAAAABAAEAAAIBRAA7\" data-src=\"https:\/\/badreljundigallery.com\/wp-content\/uploads\/2023\/09\/MARGAUX-HENRY-THIEULLENT-Derri\u2002re-la-Grille-leau-sainte-te-lave-les-pieds-2020.jpg\" data-srcset=\"https:\/\/badreljundigallery.com\/wp-content\/uploads\/2023\/09\/MARGAUX-HENRY-THIEULLENT-Derri\u2002re-la-Grille-leau-sainte-te-lave-les-pieds-2020.jpg 815w, https:\/\/badreljundigallery.com\/wp-content\/uploads\/2023\/09\/MARGAUX-HENRY-THIEULLENT-Derri\u2002re-la-Grille-leau-sainte-te-lave-les-pieds-2020-245x300.jpg 245w, https:\/\/badreljundigallery.com\/wp-content\/uploads\/2023\/09\/MARGAUX-HENRY-THIEULLENT-Derri\u2002re-la-Grille-leau-sainte-te-lave-les-pieds-2020-768x942.jpg 768w, https:\/\/badreljundigallery.com\/wp-content\/uploads\/2023\/09\/MARGAUX-HENRY-THIEULLENT-Derri\u2002re-la-Grille-leau-sainte-te-lave-les-pieds-2020-350x429.jpg 350w, https:\/\/badreljundigallery.com\/wp-content\/uploads\/2023\/09\/MARGAUX-HENRY-THIEULLENT-Derri\u2002re-la-Grille-leau-sainte-te-lave-les-pieds-2020-650x798.jpg 650w, https:\/\/badreljundigallery.com\/wp-content\/uploads\/2023\/09\/MARGAUX-HENRY-THIEULLENT-Derri\u2002re-la-Grille-leau-sainte-te-lave-les-pieds-2020-600x736.jpg 600w\" data-sizes=\"(max-width: 480px) 320px,(max-width: 767px) 500px,(max-width: 815px) 100vw, 815px\" width=\"815\" height=\"1000\" \/><\/span><\/div><figcaption class=\"single-image-caption left-ux\"><div class=\"single-image-caption-cap\" style=\"font-family: ux-font-1692705694965, Times Roman, times, serif; --fontsizeCap: 20px;--fontsizeCapT: 20px;--fontsizeCapM: 18px;--lineHeightCap: 1.25;--letterSpacingCap: normal;--colorCap: #000000;--topSpaceCap: 10px;--topSpaceCapM: 10px;\">MARGAUX HENRY-THIEULLENT, Derri\u2000re la Grille l\u2019eau sainte te lave les pieds, 2020<\/div><div class=\"single-image-caption-des\" style=\"--fontsizeCapDes: 14px;--fontsizeCapDesT: 16px;--fontsizeCapDesM: 14px;--lineHeightCapDes: 1.5;--letterSpacingCapDes: normal;--colorCapDes: #000000;--topSpaceCapDes: 10px;\">Pastel, charcoal, acrylic on canvas\r\n240 x 196 cm<\/div><\/figcaption><\/figure><\/div><\/div><\/div><div id=\"\" class=\"module col-3 module-id-1696931115326\" data-module-col=\"3\"><div class=\"module-inside single-image-inside\" style=\"--cornerRadius:0px 0px 0px 0px ; --top-mod: 0px;--bottom-mod: 40px;--top-mod-t: 0px;--bottom-mod-t: 40px;--top-mod-m:0px;--bottom-mod-m:20px;\" ><div class=\"single-image-out  \"  ><figure class=\"single-image   single-image-full   \" no><div class=\"ux-hover-wrap anima-wrap\" style=\"padding-top: 132.10039630119%;\"><span class=\"ux-hover-wrap-a\"><img loading=\"lazy\" decoding=\"async\" alt=\"ANNA NERO, Ripened Fruit, 2022 \u00d3leo y acr\u00edlico sobre lienzo 40 x 30 cm\" class=\"single-image-img img1st lazy \" src=\"data:image\/gif;base64,R0lGODlhAQABAIAAAAAAAP\/\/\/yH5BAEAAAAALAAAAAABAAEAAAIBRAA7\" data-src=\"https:\/\/badreljundigallery.com\/wp-content\/uploads\/2023\/09\/ANNA-NERO-Ripened-Fruit-2022.jpg\" data-srcset=\"https:\/\/badreljundigallery.com\/wp-content\/uploads\/2023\/09\/ANNA-NERO-Ripened-Fruit-2022.jpg 757w, https:\/\/badreljundigallery.com\/wp-content\/uploads\/2023\/09\/ANNA-NERO-Ripened-Fruit-2022-227x300.jpg 227w, https:\/\/badreljundigallery.com\/wp-content\/uploads\/2023\/09\/ANNA-NERO-Ripened-Fruit-2022-350x462.jpg 350w, https:\/\/badreljundigallery.com\/wp-content\/uploads\/2023\/09\/ANNA-NERO-Ripened-Fruit-2022-650x859.jpg 650w, https:\/\/badreljundigallery.com\/wp-content\/uploads\/2023\/09\/ANNA-NERO-Ripened-Fruit-2022-600x793.jpg 600w\" data-sizes=\"(max-width: 480px) 320px,(max-width: 767px) 500px,(max-width: 757px) 100vw, 757px\" width=\"757\" height=\"1000\" \/><\/span><\/div><figcaption class=\"single-image-caption left-ux\"><div class=\"single-image-caption-cap\" style=\"font-family: ux-font-1692705694965, Times Roman, times, serif; --fontsizeCap: 20px;--fontsizeCapT: 20px;--fontsizeCapM: 18px;--lineHeightCap: 1.25;--letterSpacingCap: normal;--colorCap: #000000;--topSpaceCap: 10px;--topSpaceCapM: 10px;\">ANNA NERO, Ripened Fruit, 2022<\/div><div class=\"single-image-caption-des\" style=\"--fontsizeCapDes: 14px;--fontsizeCapDesT: 16px;--fontsizeCapDesM: 14px;--lineHeightCapDes: 1.5;--letterSpacingCapDes: normal;--colorCapDes: #000000;--topSpaceCapDes: 10px;\">Oil and acrylic on canvas\r\n40 x 30 cm<\/div><\/figcaption><\/figure><\/div><\/div><\/div><\/div><\/div><div id=\"\" class=\"module col-6 module-id-1696931115428 bm-wrap row-top row-left bm-wrap-height-auto col-offset-3\" data-module-col=\"6\" data-change-color=\"off\" data-backcolor=\"transparent\" data-frontcolor=\"\" data-logocolor=\"\" data-goto-top=\"off\" data-goto-top-spacing=\"0\" data-goto-disable-m=\"off\" data-groupsameheight=\"off\"><div class=\"module-inside group-inside\" style=\"--top-mod: 0px;--bottom-mod: 0px;--top-mod-t: 0px;--bottom-mod-t: 0px;--top-mod-m:0px;--bottom-mod-m:0px;\" ><div id=\"\" class=\"module col-6 module-id-1696931115486\" data-module-col=\"6\"><div class=\"module-inside text-inside\" style=\"--top-mod: 0px;--bottom-mod: 40px;--top-mod-t: 0px;--bottom-mod-t: 40px;--top-mod-m:0px;--bottom-mod-m:20px;\" ><div class=\"text_block_out\"  data-effect=\"standard\" style=\"\"><div class=\"text_block ux-mod-nobg\"><div class=\"text_block_inn\"><div id=\"text-1696931115486\" class=\"text_block_centered text_block_centered_enable_width\"  style=\"\"><p>Ella Bril\u2019s paintings focus on depictions of large, colorful figures in strange narration and emotionless facial expressions. Crossroads shows two large men in the foreground. The figure on the left looks out of the painting and is anchored within the composition by a particular variety of colors. The bodies are worked out in a shadowy way and captivate much more by the combination of color contrasts. The left figure is walking with a dog, which seeks dialogue with the right figure. This man is painted from the side and seems to walk through the picture without expression. Between the two figures, two other small people appear as black silhouettes in the background.<\/p>\r\n<p>&nbsp;<\/p>\r\n<p><em>Feeling Surrounded<\/em> shows two ladies in the sea surrounded by a group of four sharks. The picture captivates by the different blue tones of the water surface in contrast to the violet incarnate of the two women. They look strikingly, statically out of the picture and seemingly suspect nothing of the looming danger in the background. Ella Bril (1996) is a Dutch contemporary artist who composes figurative scenes with bright color contrasting, reminiscent of the painting palette of the Fauves. The faces of the characters are worked out emotionless and unreal, creating a mystical atmosphere of distance within the composition.<\/p>\r\n<p>&nbsp;<\/p>\r\n<p><em>Derrie\u0300re la Grille l\u2019eau sainte te lave les pieds<\/em> <em>(Behind the grate the holy water washes your feet)<\/em> by artist Margaux Henry-Thieullent visualizes in a similar way to Ella Bril the body within a surface and a hard black contour line. The painting shows a chaotic, living state in the interior. The large nude figure in the center of the painting seems to be squeezed into the small space. Around this figure, hints of other figurations appear. The artist shows in gestural, drawing manner body fragments, which make the image structure difficult to read. Next to the central person in the middle of the picture, a lady is vomiting to the side. The central figure touches with his left penis spitting fire, which is represented in the dialogue of his right hand with fire. Margaux Henry-Thieullent creates wild figure paintings whose narration is not directly legible. Her art is close to the expressionists Max Beckmann, who, similar to her, positioned shadowy figures in oppressive tight spaces. The graphic contouring of the bodies underscores the lively mood in the painting. Margaux Henry-Thieullent is a French multidisciplinary artist. Her hybrid practice is a permanent dialogue between videos, painting, digital drawing and installation.<\/p>\r\n<p>&nbsp;<\/p>\r\n<p>Anna Nero\u2019s paintings are different from the previous positions due to the concentration on small details and abstract composition. The artist does not develop individual portraits of figures in the works <em>Reocurring Annoyance and Ripened Fruit.<\/em> She paints spatially appearing surfaces, which are interrupted by abstract forms. Nero starts her paintings with a geometrical structure in various colors. She breaks the strict composition with gestural lines. Her body seems to be part of this movement and creates an aesthetic contrast to the background. To emphasis the different dynamic layers she is using acrylic, oil, spray cans and markers. Special in her art is the colored plastic elaboration of the elements in the picture. She also thematizes the application of color in her painting. Both works play with the perception of the viewer. With a closer look the artist is offering us spaces that lead us into the work. We can follow the shapes in the structures, without telling us where they are coming from.<\/p>\r\n<p>&nbsp;<\/p>\r\n<p>Anna Nero simulates spatiality through different levels of color within a digital aesthetic, which she visualizes analog. The artist Anna Nero (1988) lives and works in Frankfurt am Main and Leipzig. She studied painting at Art Academy Mainz, and Art Academy Leipzig, where she earned her MFA in 2015.<\/p>\r\n<p>&nbsp;<\/p>\r\n<p>Writing by Wilko Austermann.<\/p><\/div><\/div><\/div><\/div><\/div><\/div><\/div><\/div><div id=\"\" class=\"module col-8 module-id-1696931115553 bm-wrap row-middle row-left bm-wrap-height-auto\" data-module-col=\"8\" data-change-color=\"off\" data-backcolor=\"transparent\" data-frontcolor=\"\" data-logocolor=\"\" data-goto-top=\"off\" data-goto-top-spacing=\"0\" data-goto-disable-m=\"off\" data-groupsameheight=\"off\"><div class=\"module-inside group-inside\" style=\"--top-mod: 40px;--bottom-mod: 60px;--top-mod-t: 40px;--bottom-mod-t: 60px;--top-mod-m:20px;--bottom-mod-m:70px;\" ><div id=\"\" class=\"module col-8 module-id-1696931115632\" data-module-col=\"8\"><div class=\"module-inside text-inside\" style=\"--top-mod: 0px;--bottom-mod: 40px;--top-mod-t: 0px;--bottom-mod-t: 40px;--top-mod-m:0px;--bottom-mod-m:20px;\" ><div class=\"text_block_out\"  data-effect=\"standard\" style=\"\"><div class=\"text_block ux-mod-nobg\"><div class=\"text_block_inn\"><div id=\"text-1696931115632\" class=\"text_block_centered text_block_centered_enable_width\"  style=\"\"><h3><span style=\"font-size: 4vw;\">Subscribe to receive updates on our exhibitions, artists and events.<\/span><\/h3><\/div><\/div><\/div><\/div><\/div><\/div><\/div><\/div><\/div>","protected":false},"excerpt":{"rendered":"<p>Vision of figure27th January 2021 \u2013 13th March 2021vision-of-figure-exhibition-photo_badr-el-jundi-09 (1)vision-of-figure-exhibition-photo_badr-el-jundi-06 &hellip;<\/p>\n","protected":false},"author":1,"featured_media":3333,"comment_status":"closed","ping_status":"closed","template":"","meta":{"inline_featured_image":false},"ux-portfolio-cat":[39,166,186,181,192],"ux-portfolio-tag":[],"class_list":["post-4312","ux-portfolio","type-ux-portfolio","status-publish","has-post-thumbnail","hentry","ux-portfolio-cat-artworks-a-en","ux-portfolio-cat-ella-bril-en","ux-portfolio-cat-juliet-casella-en","ux-portfolio-cat-margaux-henry-thieullent-en","ux-portfolio-cat-tosin-kalejaye-en"],"yoast_head":"<!-- This site is optimized with the Yoast SEO plugin v26.6 - https:\/\/yoast.com\/wordpress\/plugins\/seo\/ -->\n<title>Vision of figure - Badr El Jundi | art gallery, Madrid, Espa\u00f1a<\/title>\n<meta name=\"robots\" content=\"index, follow, max-snippet:-1, max-image-preview:large, max-video-preview:-1\" \/>\n<link rel=\"canonical\" href=\"https:\/\/badreljundigallery.com\/en\/exposicion\/vision-of-figure\/\" \/>\n<meta property=\"og:locale\" content=\"en_US\" \/>\n<meta property=\"og:type\" content=\"article\" \/>\n<meta property=\"og:title\" content=\"Vision of figure - Badr El Jundi | art gallery, Madrid, Espa\u00f1a\" \/>\n<meta property=\"og:description\" content=\"Vision of figure27th January 2021 \u2013 13th March 2021vision-of-figure-exhibition-photo_badr-el-jundi-09 (1)vision-of-figure-exhibition-photo_badr-el-jundi-06 &hellip;\" \/>\n<meta property=\"og:url\" content=\"https:\/\/badreljundigallery.com\/en\/exposicion\/vision-of-figure\/\" \/>\n<meta property=\"og:site_name\" content=\"Badr El Jundi | art gallery, Madrid, Espa\u00f1a\" \/>\n<meta property=\"article:modified_time\" content=\"2023-10-25T15:22:18+00:00\" \/>\n<meta property=\"og:image\" content=\"https:\/\/badreljundigallery.com\/wp-content\/uploads\/2023\/09\/vision-of-figure-expo.jpeg\" \/>\n\t<meta property=\"og:image:width\" content=\"1456\" \/>\n\t<meta property=\"og:image:height\" content=\"1014\" \/>\n\t<meta property=\"og:image:type\" content=\"image\/jpeg\" \/>\n<meta name=\"twitter:card\" content=\"summary_large_image\" \/>\n<script type=\"application\/ld+json\" class=\"yoast-schema-graph\">{\"@context\":\"https:\/\/schema.org\",\"@graph\":[{\"@type\":\"WebPage\",\"@id\":\"https:\/\/badreljundigallery.com\/en\/exposicion\/vision-of-figure\/\",\"url\":\"https:\/\/badreljundigallery.com\/en\/exposicion\/vision-of-figure\/\",\"name\":\"Vision of figure - Badr El Jundi | art gallery, Madrid, Espa\u00f1a\",\"isPartOf\":{\"@id\":\"https:\/\/badreljundigallery.com\/en\/#website\"},\"primaryImageOfPage\":{\"@id\":\"https:\/\/badreljundigallery.com\/en\/exposicion\/vision-of-figure\/#primaryimage\"},\"image\":{\"@id\":\"https:\/\/badreljundigallery.com\/en\/exposicion\/vision-of-figure\/#primaryimage\"},\"thumbnailUrl\":\"https:\/\/badreljundigallery.com\/wp-content\/uploads\/2023\/09\/vision-of-figure-expo.jpeg\",\"datePublished\":\"2023-10-10T09:44:26+00:00\",\"dateModified\":\"2023-10-25T15:22:18+00:00\",\"breadcrumb\":{\"@id\":\"https:\/\/badreljundigallery.com\/en\/exposicion\/vision-of-figure\/#breadcrumb\"},\"inLanguage\":\"en-US\",\"potentialAction\":[{\"@type\":\"ReadAction\",\"target\":[\"https:\/\/badreljundigallery.com\/en\/exposicion\/vision-of-figure\/\"]}]},{\"@type\":\"ImageObject\",\"inLanguage\":\"en-US\",\"@id\":\"https:\/\/badreljundigallery.com\/en\/exposicion\/vision-of-figure\/#primaryimage\",\"url\":\"https:\/\/badreljundigallery.com\/wp-content\/uploads\/2023\/09\/vision-of-figure-expo.jpeg\",\"contentUrl\":\"https:\/\/badreljundigallery.com\/wp-content\/uploads\/2023\/09\/vision-of-figure-expo.jpeg\",\"width\":1456,\"height\":1014},{\"@type\":\"BreadcrumbList\",\"@id\":\"https:\/\/badreljundigallery.com\/en\/exposicion\/vision-of-figure\/#breadcrumb\",\"itemListElement\":[{\"@type\":\"ListItem\",\"position\":1,\"name\":\"Front page\",\"item\":\"https:\/\/badreljundigallery.com\/en\/\"},{\"@type\":\"ListItem\",\"position\":2,\"name\":\"Portfolio\",\"item\":\"https:\/\/badreljundigallery.com\/en\/exposicion\/\"},{\"@type\":\"ListItem\",\"position\":3,\"name\":\"Vision of figure\"}]},{\"@type\":\"WebSite\",\"@id\":\"https:\/\/badreljundigallery.com\/en\/#website\",\"url\":\"https:\/\/badreljundigallery.com\/en\/\",\"name\":\"Badr El Jundi | art gallery, Madrid, Espa\u00f1a\",\"description\":\"Badr El Jundi | art gallery, Madrid, Espa\u00f1a\",\"potentialAction\":[{\"@type\":\"SearchAction\",\"target\":{\"@type\":\"EntryPoint\",\"urlTemplate\":\"https:\/\/badreljundigallery.com\/en\/?s={search_term_string}\"},\"query-input\":{\"@type\":\"PropertyValueSpecification\",\"valueRequired\":true,\"valueName\":\"search_term_string\"}}],\"inLanguage\":\"en-US\"}]}<\/script>\n<!-- \/ Yoast SEO plugin. -->","yoast_head_json":{"title":"Vision of figure - Badr El Jundi | art gallery, Madrid, Espa\u00f1a","robots":{"index":"index","follow":"follow","max-snippet":"max-snippet:-1","max-image-preview":"max-image-preview:large","max-video-preview":"max-video-preview:-1"},"canonical":"https:\/\/badreljundigallery.com\/en\/exposicion\/vision-of-figure\/","og_locale":"en_US","og_type":"article","og_title":"Vision of figure - Badr El Jundi | art gallery, Madrid, Espa\u00f1a","og_description":"Vision of figure27th January 2021 \u2013 13th March 2021vision-of-figure-exhibition-photo_badr-el-jundi-09 (1)vision-of-figure-exhibition-photo_badr-el-jundi-06 &hellip;","og_url":"https:\/\/badreljundigallery.com\/en\/exposicion\/vision-of-figure\/","og_site_name":"Badr El Jundi | art gallery, Madrid, Espa\u00f1a","article_modified_time":"2023-10-25T15:22:18+00:00","og_image":[{"width":1456,"height":1014,"url":"https:\/\/badreljundigallery.com\/wp-content\/uploads\/2023\/09\/vision-of-figure-expo.jpeg","type":"image\/jpeg"}],"twitter_card":"summary_large_image","schema":{"@context":"https:\/\/schema.org","@graph":[{"@type":"WebPage","@id":"https:\/\/badreljundigallery.com\/en\/exposicion\/vision-of-figure\/","url":"https:\/\/badreljundigallery.com\/en\/exposicion\/vision-of-figure\/","name":"Vision of figure - Badr El Jundi | art gallery, Madrid, Espa\u00f1a","isPartOf":{"@id":"https:\/\/badreljundigallery.com\/en\/#website"},"primaryImageOfPage":{"@id":"https:\/\/badreljundigallery.com\/en\/exposicion\/vision-of-figure\/#primaryimage"},"image":{"@id":"https:\/\/badreljundigallery.com\/en\/exposicion\/vision-of-figure\/#primaryimage"},"thumbnailUrl":"https:\/\/badreljundigallery.com\/wp-content\/uploads\/2023\/09\/vision-of-figure-expo.jpeg","datePublished":"2023-10-10T09:44:26+00:00","dateModified":"2023-10-25T15:22:18+00:00","breadcrumb":{"@id":"https:\/\/badreljundigallery.com\/en\/exposicion\/vision-of-figure\/#breadcrumb"},"inLanguage":"en-US","potentialAction":[{"@type":"ReadAction","target":["https:\/\/badreljundigallery.com\/en\/exposicion\/vision-of-figure\/"]}]},{"@type":"ImageObject","inLanguage":"en-US","@id":"https:\/\/badreljundigallery.com\/en\/exposicion\/vision-of-figure\/#primaryimage","url":"https:\/\/badreljundigallery.com\/wp-content\/uploads\/2023\/09\/vision-of-figure-expo.jpeg","contentUrl":"https:\/\/badreljundigallery.com\/wp-content\/uploads\/2023\/09\/vision-of-figure-expo.jpeg","width":1456,"height":1014},{"@type":"BreadcrumbList","@id":"https:\/\/badreljundigallery.com\/en\/exposicion\/vision-of-figure\/#breadcrumb","itemListElement":[{"@type":"ListItem","position":1,"name":"Front page","item":"https:\/\/badreljundigallery.com\/en\/"},{"@type":"ListItem","position":2,"name":"Portfolio","item":"https:\/\/badreljundigallery.com\/en\/exposicion\/"},{"@type":"ListItem","position":3,"name":"Vision of figure"}]},{"@type":"WebSite","@id":"https:\/\/badreljundigallery.com\/en\/#website","url":"https:\/\/badreljundigallery.com\/en\/","name":"Badr El Jundi | art gallery, Madrid, Espa\u00f1a","description":"Badr El Jundi | art gallery, Madrid, Espa\u00f1a","potentialAction":[{"@type":"SearchAction","target":{"@type":"EntryPoint","urlTemplate":"https:\/\/badreljundigallery.com\/en\/?s={search_term_string}"},"query-input":{"@type":"PropertyValueSpecification","valueRequired":true,"valueName":"search_term_string"}}],"inLanguage":"en-US"}]}},"_links":{"self":[{"href":"https:\/\/badreljundigallery.com\/en\/wp-json\/wp\/v2\/ux-portfolio\/4312","targetHints":{"allow":["GET"]}}],"collection":[{"href":"https:\/\/badreljundigallery.com\/en\/wp-json\/wp\/v2\/ux-portfolio"}],"about":[{"href":"https:\/\/badreljundigallery.com\/en\/wp-json\/wp\/v2\/types\/ux-portfolio"}],"author":[{"embeddable":true,"href":"https:\/\/badreljundigallery.com\/en\/wp-json\/wp\/v2\/users\/1"}],"replies":[{"embeddable":true,"href":"https:\/\/badreljundigallery.com\/en\/wp-json\/wp\/v2\/comments?post=4312"}],"wp:featuredmedia":[{"embeddable":true,"href":"https:\/\/badreljundigallery.com\/en\/wp-json\/wp\/v2\/media\/3333"}],"wp:attachment":[{"href":"https:\/\/badreljundigallery.com\/en\/wp-json\/wp\/v2\/media?parent=4312"}],"wp:term":[{"taxonomy":"ux-portfolio-cat","embeddable":true,"href":"https:\/\/badreljundigallery.com\/en\/wp-json\/wp\/v2\/ux-portfolio-cat?post=4312"},{"taxonomy":"ux-portfolio-tag","embeddable":true,"href":"https:\/\/badreljundigallery.com\/en\/wp-json\/wp\/v2\/ux-portfolio-tag?post=4312"}],"curies":[{"name":"wp","href":"https:\/\/api.w.org\/{rel}","templated":true}]}}